{"id":2678,"date":"2016-08-14T08:42:40","date_gmt":"2016-08-14T06:42:40","guid":{"rendered":"http:\/\/in-situ.cat\/es\/formacio\/"},"modified":"2021-04-29T19:13:31","modified_gmt":"2021-04-29T17:13:31","slug":"formacion","status":"publish","type":"page","link":"https:\/\/www.in-situ.cat\/es\/proyectos\/patrimonio\/formacion\/","title":{"rendered":"Formaci\u00f3n"},"content":{"rendered":"<p>[et_pb_section fb_built=\u00bb1&#8243; admin_label=\u00bbsection\u00bb module_class=\u00bbseciosubmenuweb oberta beforeposic5 submenuprojectess\u00bb _builder_version=\u00bb3.22&#8243; background_color=\u00bb#eeeded\u00bb custom_padding=\u00bb0px||0px|\u00bb custom_padding_tablet=\u00bb0px||0px|\u00bb transparent_background=\u00bboff\u00bb padding_mobile=\u00bbon\u00bb make_fullwidth=\u00bboff\u00bb use_custom_width=\u00bboff\u00bb width_unit=\u00bbon\u00bb][et_pb_row use_custom_gutter=\u00bbon\u00bb padding_mobile=\u00bboff\u00bb column_padding_mobile=\u00bbon\u00bb admin_label=\u00bbrow\u00bb module_class=\u00bbsubmenuprojectes2elem\u00bb _builder_version=\u00bb3.25&#8243; background_size=\u00bbinitial\u00bb background_position=\u00bbtop_left\u00bb background_repeat=\u00bbrepeat\u00bb make_fullwidth=\u00bboff\u00bb use_custom_width=\u00bboff\u00bb width_unit=\u00bbon\u00bb global_module=\u00bb5206&#8243; column_structure=\u00bb1_3,2_3&#8243;][et_pb_column type=\u00bb1_3&#8243; _builder_version=\u00bb3.25&#8243; custom_padding=\u00bb|||\u00bb custom_padding__hover=\u00bb|||\u00bb][\/et_pb_column][et_pb_column type=\u00bb2_3&#8243; _builder_version=\u00bb3.25&#8243; custom_padding=\u00bb|||\u00bb custom_padding__hover=\u00bb|||\u00bb][et_pb_code admin_label=\u00bbC\u00f3digo\u00bb module_class=\u00bbcolumnetes-submenu doselements\u00bb]<span class=\"lletrarodona taronjafosc\">P<\/span><span class=\"elemsubmenu taronjafosc\"><a href=\"https:\/\/www.in-situ.cat\/es\/proyectos\/patrimonio\">Patrimonio<\/a><\/span>[\/et_pb_code][et_pb_code admin_label=\u00bbC\u00f3digo\u00bb module_class=\u00bbcolumnetes-submenu doselements\u00bb]<span class=\"lletrarodona grisfosc\">T<\/span><span class=\"elemsubmenu grisfosc\"><a href=\"https:\/\/www.in-situ.cat\/es\/proyectos\/turismo\/\">Turismo<\/a><\/span>[\/et_pb_code][\/et_pb_column][\/et_pb_row][\/et_pb_section][et_pb_section fb_built=\u00bb1&#8243; admin_label=\u00bbSecci\u00f3n\u00bb module_id=\u00bbinsitu\u00bb _builder_version=\u00bb3.22&#8243; background_color=\u00bb#ffffff\u00bb custom_padding=\u00bb20px||25px|\u00bb custom_padding_tablet=\u00bb20px||25px|\u00bb transparent_background=\u00bboff\u00bb padding_mobile=\u00bbon\u00bb make_fullwidth=\u00bboff\u00bb use_custom_width=\u00bboff\u00bb width_unit=\u00bbon\u00bb][et_pb_row use_custom_gutter=\u00bbon\u00bb padding_mobile=\u00bboff\u00bb column_padding_mobile=\u00bbon\u00bb admin_label=\u00bbFila\u00bb _builder_version=\u00bb3.25&#8243; background_size=\u00bbinitial\u00bb background_position=\u00bbtop_left\u00bb background_repeat=\u00bbrepeat\u00bb make_fullwidth=\u00bboff\u00bb use_custom_width=\u00bboff\u00bb width_unit=\u00bbon\u00bb column_structure=\u00bb1_4,1_2,1_4&#8243;][et_pb_column type=\u00bb1_4&#8243; _builder_version=\u00bb3.25&#8243; custom_padding=\u00bb|||\u00bb custom_padding__hover=\u00bb|||\u00bb][et_pb_text admin_label=\u00bbtitol\u00bb module_class=\u00bbtitol-distrb-esq font-avenir-black mida22 taronjafosc\u00bb _builder_version=\u00bb3.27.4&#8243; background_size=\u00bbinitial\u00bb background_position=\u00bbtop_left\u00bb background_repeat=\u00bbrepeat\u00bb use_border_color=\u00bboff\u00bb border_color=\u00bb#ffffff\u00bb border_style=\u00bbsolid\u00bb]<\/p>\n<h1>PROYECTOS<\/h1>\n<p>[\/et_pb_text][et_pb_text admin_label=\u00bbTexto\u00bb module_class=\u00bbelements-distrb-esq font-avenir-reg mida16 \u00bb _builder_version=\u00bb3.0.87&#8243; background_size=\u00bbinitial\u00bb background_position=\u00bbtop_left\u00bb background_repeat=\u00bbrepeat\u00bb use_border_color=\u00bboff\u00bb border_color=\u00bb#ffffff\u00bb border_style=\u00bbsolid\u00bb global_module=\u00bb5210&#8243; saved_tabs=\u00bball\u00bb]<\/p>\n<ul class=\"nosellct\">\n<li><a class=\"selct\" href=\"https:\/\/www.in-situ.cat\/es\/proyectos\/patrimonio\/\">Patrimonio<\/a><\/li>\n<\/ul>\n<ul class=\"nosellct\">\n<li><a href=\"https:\/\/www.in-situ.cat\/es\/proyectos\/turismo\/\">Turismo<\/a><\/li>\n<\/ul>\n<p>[\/et_pb_text][et_pb_divider show_divider=\u00bboff\u00bb disabled_on=\u00bbon|on|off\u00bb admin_label=\u00bbEspai pre-subcategories\u00bb _builder_version=\u00bb3.23.4&#8243; height=\u00bb3px\u00bb hide_on_mobile=\u00bbon\u00bb saved_tabs=\u00bball\u00bb][\/et_pb_divider][et_pb_toggle title=\u00bbPATRIMONIO\u00bb open=\u00bbon\u00bb admin_label=\u00bbsubcategories PATRIMONIo\u00bb module_class=\u00bbtoggle-subcategories\u00bb _builder_version=\u00bb3.0.87&#8243; background_size=\u00bbinitial\u00bb background_position=\u00bbtop_left\u00bb background_repeat=\u00bbrepeat\u00bb use_border_color=\u00bboff\u00bb border_color=\u00bb#ffffff\u00bb border_style=\u00bbsolid\u00bb saved_tabs=\u00bball\u00bb]<\/p>\n<ul class=\"menusub-categor\">\n<li class=\"subcategories proj-plans\"><a href=\"https:\/\/www.in-situ.cat\/es\/proyectos\/patrimonio\/proyectos-planes-estrategicos\/#insitu\">Proyectos y planes estrat\u00e9gicos<\/a><\/li>\n<li class=\"subcategories recerca-invest\"><a href=\"https:\/\/www.in-situ.cat\/es\/proyectos\/patrimonio\/investigacion\/#insitu\">Investigaci\u00f3n<\/a><\/li>\n<li class=\"subcategories protec-restaur\"><a href=\"https:\/\/www.in-situ.cat\/es\/proyectos\/patrimonio\/proteccion-restauracion-conservacion\/#insitu\">Protecci\u00f3n, conservaci\u00f3n y restauraci\u00f3n<\/a><\/li>\n<li class=\"subcategories didact-patri\"><a href=\"https:\/\/www.in-situ.cat\/es\/proyectos\/patrimonio\/didactica-patrimonio\/#insitu\">Did\u00e1ctica del patrimonio<\/a><\/li>\n<li class=\"subcategories espai-interpr\"><a href=\"https:\/\/www.in-situ.cat\/es\/proyectos\/patrimonio\/espacios-interpretacion\/#insitu\">Espacios de interpretaci\u00f3n<\/a><\/li>\n<li class=\"subcategories formation current\"><a href=\"https:\/\/www.in-situ.cat\/es\/proyectos\/patrimonio\/formacion\/#insitu\">Formaci\u00f3n<\/a><\/li>\n<\/ul>\n<p>[\/et_pb_toggle][et_pb_toggle title=\u00bbTURISMO\u00bb admin_label=\u00bbsubcategories TURISME\u00bb module_class=\u00bbtoggle-subcategories\u00bb _builder_version=\u00bb3.0.87&#8243; background_size=\u00bbinitial\u00bb background_position=\u00bbtop_left\u00bb background_repeat=\u00bbrepeat\u00bb use_border_color=\u00bboff\u00bb border_color=\u00bb#ffffff\u00bb border_style=\u00bbsolid\u00bb saved_tabs=\u00bball\u00bb]<\/p>\n<ul class=\"menusub-categor\">\n<li class=\"subcategories plan-turist\"><a href=\"https:\/\/www.in-situ.cat\/es\/proyectos\/turismo\/planificacion-turistica\/#insitu\">Planificaci\u00f3n tur\u00edstica<\/a><\/li>\n<li class=\"subcategories dinam-turist\"><a href=\"https:\/\/www.in-situ.cat\/es\/proyectos\/turismo\/dinamizacion-turistica\/#insitu\">Dinamizaci\u00f3n tur\u00edstica<\/a><\/li>\n<li class=\"subcategories senya-turisti\"><a href=\"https:\/\/www.in-situ.cat\/es\/proyectos\/turismo\/senalizacion-turistica\/#insitu\">Se\u00f1alizaci\u00f3n tur\u00edstica<\/a><\/li>\n<li class=\"subcategories crea-rutes\"><a href=\"https:\/\/www.in-situ.cat\/es\/proyectos\/turismo\/creacion-rutas\/#insitu\">Creaci\u00f3n de rutas<\/a><\/li>\n<li class=\"subcategories prodct-turist\"><a href=\"https:\/\/www.in-situ.cat\/es\/proyectos\/turismo\/productos-turisticos\/#insitu\">Productos tur\u00edsticos<\/a><\/li>\n<li class=\"subcategories appi-web\"><a href=\"https:\/\/www.in-situ.cat\/es\/proyectos\/turismo\/app-web\/#insitu\">App y Web<\/a><\/li>\n<li class=\"subcategories drones-turisme\"><a href=\"https:\/\/www.in-situ.cat\/es\/proyectos\/turismo\/drones-usos-turisticos\/#insitu\">Drones para usos tur\u00edsticos<\/a><\/li>\n<\/ul>\n<p>[\/et_pb_toggle][\/et_pb_column][et_pb_column type=\u00bb1_2&#8243; _builder_version=\u00bb3.25&#8243; custom_padding=\u00bb|||\u00bb custom_padding__hover=\u00bb|||\u00bb][et_pb_text admin_label=\u00bbtitol\u00bb module_class=\u00bbtitol-seccio-central font-avenir-black mida22 grisfosc\u00bb _builder_version=\u00bb3.27.4&#8243; background_size=\u00bbinitial\u00bb background_position=\u00bbtop_left\u00bb background_repeat=\u00bbrepeat\u00bb use_border_color=\u00bboff\u00bb border_color=\u00bb#ffffff\u00bb border_style=\u00bbsolid\u00bb]<\/p>\n<h2>PROYECTOS<\/h2>\n<p>[\/et_pb_text][et_pb_text admin_label=\u00bbTexto\u00bb module_class=\u00bbtext-seccio-central font-avenir-reg mida16 grisfosc\u00bb _builder_version=\u00bb3.0.87&#8243; background_size=\u00bbinitial\u00bb background_position=\u00bbtop_left\u00bb background_repeat=\u00bbrepeat\u00bb text_orientation=\u00bbjustified\u00bb use_border_color=\u00bboff\u00bb border_color=\u00bb#ffffff\u00bb border_style=\u00bbsolid\u00bb global_module=\u00bb2727&#8243; saved_tabs=\u00bball\u00bb]<\/p>\n<p>Galer\u00eda de los proyectos desarrollados en los \u00faltimos a\u00f1os. Podr\u00e1s conocer con todo detalle c\u00f3mo conceptualizamos los proyectos y c\u00f3mo los ejecutamos.<\/p>\n<p>[\/et_pb_text][et_pb_divider show_divider=\u00bboff\u00bb disabled_on=\u00bbon|on|off\u00bb admin_label=\u00bbSeparador\u00bb module_class=\u00bbseparador60&#8243; _builder_version=\u00bb3.23.4&#8243; height=\u00bb3px\u00bb hide_on_mobile=\u00bbon\u00bb][\/et_pb_divider][et_pb_divider color=\u00bb#c88868&#8243; divider_position=\u00bbbottom\u00bb divider_weight=\u00bb2&#8243; admin_label=\u00bbliniea separadora\u00bb _builder_version=\u00bb3.2&#8243; hide_on_mobile=\u00bboff\u00bb][\/et_pb_divider][et_pb_divider show_divider=\u00bboff\u00bb disabled_on=\u00bbon|on|off\u00bb admin_label=\u00bbSeparador\u00bb _builder_version=\u00bb3.23.4&#8243; height=\u00bb120px\u00bb hide_on_mobile=\u00bbon\u00bb][\/et_pb_divider][\/et_pb_column][et_pb_column type=\u00bb1_4&#8243; _builder_version=\u00bb3.25&#8243; custom_padding=\u00bb|||\u00bb custom_padding__hover=\u00bb|||\u00bb][\/et_pb_column][\/et_pb_row][\/et_pb_section][et_pb_section fb_built=\u00bb1&#8243; admin_label=\u00bbSecci\u00f3n\u00bb _builder_version=\u00bb3.22&#8243; background_color=\u00bb#eeeded\u00bb custom_padding=\u00bb5px||5px|\u00bb custom_padding_tablet=\u00bb5px||5px|\u00bb transparent_background=\u00bboff\u00bb padding_mobile=\u00bbon\u00bb make_fullwidth=\u00bboff\u00bb use_custom_width=\u00bboff\u00bb width_unit=\u00bbon\u00bb][et_pb_row padding_mobile=\u00bboff\u00bb column_padding_mobile=\u00bbon\u00bb admin_label=\u00bbFila\u00bb module_class=\u00bbloopdeprojectesencolumn4&#8243; _builder_version=\u00bb3.25&#8243; background_size=\u00bbinitial\u00bb background_position=\u00bbtop_left\u00bb background_repeat=\u00bbrepeat\u00bb make_fullwidth=\u00bboff\u00bb use_custom_width=\u00bboff\u00bb width_unit=\u00bbon\u00bb][et_pb_column type=\u00bb4_4&#8243; _builder_version=\u00bb3.25&#8243; custom_padding=\u00bb|||\u00bb custom_padding__hover=\u00bb|||\u00bb][et_pb_code _builder_version=\u00bb4.9.4&#8243; _module_preset=\u00bbdefault\u00bb hover_enabled=\u00bb0&#8243; sticky_enabled=\u00bb0&#8243;]<!-- [et_pb_line_break_holder] --><!-- [et_pb_line_break_holder] --><\/p>\n<div class=\"et_pb_column et_pb_column_1_4 targeta targetablanca columna-amb-linea-sota taronjafosc\" style=\"cursor: pointer;\"><!-- [et_pb_line_break_holder] --><!-- [et_pb_line_break_holder] --><\/p>\n<div class=\"headerprojtarget\"><!-- [et_pb_line_break_holder] --><\/p>\n<div class=\"et_pb_code et_pb_module lletragran-fixadreta et_pb_code_3\"><span class=\"lletrarodona taronjafosc\">P<\/span><\/div>\n<p><!-- [et_pb_line_break_holder] --><!-- [et_pb_line_break_holder] --><!-- [et_pb_line_break_holder] --><\/p>\n<div class=\"et_pb_text ambpaddin et_pb_module et_pb_bg_layout_light et_pb_text_align_left font-avenir-black mida12 grisfosc nomapartat majuscules et_pb_text_3\">patrimonio<\/div>\n<p><!-- [et_pb_line_break_holder] --><\/p>\n<div class=\"et_pb_text ambpaddin et_pb_module et_pb_bg_layout_light et_pb_text_align_left font-avenir-reg mida12 grisfosc subcatgproj et_pb_text_5\"><span class=\"elfield majuscules\">Formaci\u00f3n<\/span><\/div>\n<p><!-- [et_pb_line_break_holder] --><!-- [et_pb_line_break_holder] --><\/p>\n<div class=\"et_pb_text ambpaddin et_pb_module et_pb_bg_layout_light et_pb_text_align_left font-avenir-black mida14 taronjafosc nomprojecte majuscules et_pb_text_4\">Curso Gu\u00edas<\/div>\n<p><!-- [et_pb_line_break_holder] --><!-- [et_pb_line_break_holder] --><!-- [et_pb_line_break_holder] --><\/div>\n<p><!-- [et_pb_line_break_holder] --><\/p>\n<div class=\"imatgepetitaproj\"><img src=\"https:\/\/www.in-situ.cat\/media\/IMG-20181009-WA0016.jpg\" alt=\"Curso Gu\u00edas\"><\/div>\n<p><!-- [et_pb_line_break_holder] --><\/p>\n<div class=\"et_pb_text ambpaddin et_pb_module et_pb_bg_layout_light et_pb_text_align_left font-avenir-reg mida12 grisfosc descrip-breu-servei et_pb_text_5\"><span class=\"elfield\">El Consell Comarcal de les Garrigues organiz\u00f3 un curso de formaci\u00f3n en la interpretaci\u00f3n del patrimonio, y la guiaje  vinculado al mundo del aceite a las Garrigues Hist\u00f3ricas (Garrigues y Segri\u00e0 Sec).\r\nDesde INSITU, dise\u00f1amos el curso y las sesiones, y en las que tambi\u00e9n participamos con otros profesionales del patrimonio y el turismo.\r\nEl curso se inici\u00f3 el 14 de septiembre, y finaliz\u00f3 el 17 de noviembre con sesiones los viernes por las tardes y los s\u00e1bados por la ma\u00f1ana.\r\n<\/span><\/div>\n<p><!-- [et_pb_line_break_holder] --><\/p>\n<div class=\"et_pb_text ambpaddin et_pb_module et_pb_bg_layout_light et_pb_text_align_left font-avenir-black mida12 grisfosc linkllegeixmes et_pb_text_6\"><a href=\"https:\/\/www.in-situ.cat\/es\/destacado\/curso-guias\/\">LEER M\u00c1S<\/a><\/div>\n<p><!-- [et_pb_line_break_holder] --><\/div>\n<p><!-- [et_pb_line_break_holder] --><!-- [et_pb_line_break_holder] --><!-- [et_pb_line_break_holder] --><\/p>\n<div class=\"et_pb_column et_pb_column_1_4 targeta targetablanca columna-amb-linea-sota taronjafosc\" style=\"cursor: pointer;\"><!-- [et_pb_line_break_holder] --><!-- [et_pb_line_break_holder] --><\/p>\n<div class=\"headerprojtarget\"><!-- [et_pb_line_break_holder] --><\/p>\n<div class=\"et_pb_code et_pb_module lletragran-fixadreta et_pb_code_3\"><span class=\"lletrarodona taronjafosc\">P<\/span><\/div>\n<p><!-- [et_pb_line_break_holder] --><!-- [et_pb_line_break_holder] --><!-- [et_pb_line_break_holder] --><\/p>\n<div class=\"et_pb_text ambpaddin et_pb_module et_pb_bg_layout_light et_pb_text_align_left font-avenir-black mida12 grisfosc nomapartat majuscules et_pb_text_3\">patrimonio<\/div>\n<p><!-- [et_pb_line_break_holder] --><\/p>\n<div class=\"et_pb_text ambpaddin et_pb_module et_pb_bg_layout_light et_pb_text_align_left font-avenir-reg mida12 grisfosc subcatgproj et_pb_text_5\"><span class=\"elfield majuscules\">Formaci\u00f3n<\/span><\/div>\n<p><!-- [et_pb_line_break_holder] --><!-- [et_pb_line_break_holder] --><\/p>\n<div class=\"et_pb_text ambpaddin et_pb_module et_pb_bg_layout_light et_pb_text_align_left font-avenir-black mida14 taronjafosc nomprojecte majuscules et_pb_text_4\">Curso Creaci\u00f3n Empresas Culturales<\/div>\n<p><!-- [et_pb_line_break_holder] --><!-- [et_pb_line_break_holder] --><!-- [et_pb_line_break_holder] --><\/div>\n<p><!-- [et_pb_line_break_holder] --><\/p>\n<div class=\"imatgepetitaproj\"><img src=\"https:\/\/www.in-situ.cat\/media\/patrimoni-curs-creacio-empreses-culturals-targeta.jpg\" alt=\"Curso Creaci\u00f3n Empresas Culturales\"><\/div>\n<p><!-- [et_pb_line_break_holder] --><\/p>\n<div class=\"et_pb_text ambpaddin et_pb_module et_pb_bg_layout_light et_pb_text_align_left font-avenir-reg mida12 grisfosc descrip-breu-servei et_pb_text_5\"><span class=\"elfield\">Seminario sobre creaciones de empresas culturales y tur\u00edsticas impartido a los alumnos del Master en Patrimonio Cultural y Desarrollo Local de la Universidad de Lleida. Sesiones pensadas para que los alumnos puedan conocer de primera mano otras salidas profesionales dentro del \u00e1mbito del patrimonio cultural, y los pasos a seguir para desarrollar una idea de negocio.<\/span><\/div>\n<p><!-- [et_pb_line_break_holder] --><\/p>\n<div class=\"et_pb_text ambpaddin et_pb_module et_pb_bg_layout_light et_pb_text_align_left font-avenir-black mida12 grisfosc linkllegeixmes et_pb_text_6\"><a href=\"https:\/\/www.in-situ.cat\/es\/patrimonio\/curs-creacio-empreses-culturals\/\">LEER M\u00c1S<\/a><\/div>\n<p><!-- [et_pb_line_break_holder] --><\/div>\n<p><!-- [et_pb_line_break_holder] --><!-- [et_pb_line_break_holder] -->[\/et_pb_code][\/et_pb_column][\/et_pb_row][\/et_pb_section]<\/p>\n","protected":false},"excerpt":{"rendered":"<p>[et_pb_section fb_built=\u00bb1&#8243; admin_label=\u00bbsection\u00bb module_class=\u00bbseciosubmenuweb oberta beforeposic5 submenuprojectess\u00bb _builder_version=\u00bb3.22&#8243; background_color=\u00bb#eeeded\u00bb custom_padding=\u00bb0px||0px|\u00bb custom_padding_tablet=\u00bb0px||0px|\u00bb transparent_background=\u00bboff\u00bb padding_mobile=\u00bbon\u00bb make_fullwidth=\u00bboff\u00bb use_custom_width=\u00bboff\u00bb width_unit=\u00bbon\u00bb][et_pb_row use_custom_gutter=\u00bbon\u00bb padding_mobile=\u00bboff\u00bb column_padding_mobile=\u00bbon\u00bb admin_label=\u00bbrow\u00bb [&hellip;]<\/p>\n","protected":false},"author":1,"featured_media":0,"parent":2686,"menu_order":0,"comment_status":"closed","ping_status":"closed","template":"","meta":{"_et_pb_use_builder":"on","_et_pb_old_content":"","_et_gb_content_width":""},"acf":[],"yoast_head":"<!-- This site is optimized with the Yoast SEO plugin v19.13 - https:\/\/yoast.com\/wordpress\/plugins\/seo\/ -->\n<title>Formaci\u00f3n - INSITU - PATRIMONIO Y TURISMO<\/title>\n<meta name=\"description\" content=\"Galer\u00eda de los proyectos desarrollados en los \u00faltimos a\u00f1os. Podr\u00e1s conocer con todo detalle c\u00f3mo conceptualizamos los proyectos y c\u00f3mo los ejecutamos.\" \/>\n<meta name=\"robots\" content=\"index, follow, max-snippet:-1, max-image-preview:large, max-video-preview:-1\" \/>\n<link rel=\"canonical\" href=\"https:\/\/www.in-situ.cat\/es\/proyectos\/patrimonio\/formacion\/\" \/>\n<meta property=\"og:locale\" content=\"es_ES\" \/>\n<meta property=\"og:type\" content=\"article\" \/>\n<meta property=\"og:title\" content=\"Formaci\u00f3n - INSITU - PATRIMONIO Y TURISMO\" \/>\n<meta property=\"og:description\" content=\"Galer\u00eda de los proyectos desarrollados en los \u00faltimos a\u00f1os. Podr\u00e1s conocer con todo detalle c\u00f3mo conceptualizamos los proyectos y c\u00f3mo los ejecutamos.\" \/>\n<meta property=\"og:url\" content=\"https:\/\/www.in-situ.cat\/es\/proyectos\/patrimonio\/formacion\/\" \/>\n<meta property=\"og:site_name\" content=\"INSITU\" \/>\n<meta property=\"article:publisher\" content=\"https:\/\/www.facebook.com\/INSITU.Cultura.Patrimoni.Turisme\/\" \/>\n<meta property=\"article:modified_time\" content=\"2021-04-29T17:13:31+00:00\" \/>\n<meta property=\"og:image\" content=\"http:\/\/[acf%20field='imatge_petita_targeta']\" \/>\n<meta name=\"twitter:card\" content=\"summary_large_image\" \/>\n<meta name=\"twitter:site\" content=\"@insitupatrimoni\" \/>\n<meta name=\"twitter:label1\" content=\"Tiempo de lectura\" \/>\n\t<meta name=\"twitter:data1\" content=\"4 minutos\" \/>\n<script type=\"application\/ld+json\" class=\"yoast-schema-graph\">{\"@context\":\"https:\/\/schema.org\",\"@graph\":[{\"@type\":\"WebPage\",\"@id\":\"https:\/\/www.in-situ.cat\/es\/proyectos\/patrimonio\/formacion\/\",\"url\":\"https:\/\/www.in-situ.cat\/es\/proyectos\/patrimonio\/formacion\/\",\"name\":\"Formaci\u00f3n - INSITU - PATRIMONIO Y TURISMO\",\"isPartOf\":{\"@id\":\"https:\/\/www.in-situ.cat\/#website\"},\"datePublished\":\"2016-08-14T06:42:40+00:00\",\"dateModified\":\"2021-04-29T17:13:31+00:00\",\"description\":\"Galer\u00eda de los proyectos desarrollados en los \u00faltimos a\u00f1os. Podr\u00e1s conocer con todo detalle c\u00f3mo conceptualizamos los proyectos y c\u00f3mo los ejecutamos.\",\"breadcrumb\":{\"@id\":\"https:\/\/www.in-situ.cat\/es\/proyectos\/patrimonio\/formacion\/#breadcrumb\"},\"inLanguage\":\"es\",\"potentialAction\":[{\"@type\":\"ReadAction\",\"target\":[\"https:\/\/www.in-situ.cat\/es\/proyectos\/patrimonio\/formacion\/\"]}]},{\"@type\":\"BreadcrumbList\",\"@id\":\"https:\/\/www.in-situ.cat\/es\/proyectos\/patrimonio\/formacion\/#breadcrumb\",\"itemListElement\":[{\"@type\":\"ListItem\",\"position\":1,\"name\":\"Inici\",\"item\":\"https:\/\/www.in-situ.cat\/es\/\"},{\"@type\":\"ListItem\",\"position\":2,\"name\":\"Proyectos\",\"item\":\"https:\/\/www.in-situ.cat\/es\/proyectos\/\"},{\"@type\":\"ListItem\",\"position\":3,\"name\":\"Patrimonio\",\"item\":\"https:\/\/www.in-situ.cat\/es\/proyectos\/patrimonio\/\"},{\"@type\":\"ListItem\",\"position\":4,\"name\":\"Formaci\u00f3n\"}]},{\"@type\":\"WebSite\",\"@id\":\"https:\/\/www.in-situ.cat\/#website\",\"url\":\"https:\/\/www.in-situ.cat\/\",\"name\":\"INSITU\",\"description\":\"PATRIMONIO Y TURISMO\",\"potentialAction\":[{\"@type\":\"SearchAction\",\"target\":{\"@type\":\"EntryPoint\",\"urlTemplate\":\"https:\/\/www.in-situ.cat\/?s={search_term_string}\"},\"query-input\":\"required name=search_term_string\"}],\"inLanguage\":\"es\"}]}<\/script>\n<!-- \/ Yoast SEO plugin. -->","yoast_head_json":{"title":"Formaci\u00f3n - INSITU - PATRIMONIO Y TURISMO","description":"Galer\u00eda de los proyectos desarrollados en los \u00faltimos a\u00f1os. Podr\u00e1s conocer con todo detalle c\u00f3mo conceptualizamos los proyectos y c\u00f3mo los ejecutamos.","robots":{"index":"index","follow":"follow","max-snippet":"max-snippet:-1","max-image-preview":"max-image-preview:large","max-video-preview":"max-video-preview:-1"},"canonical":"https:\/\/www.in-situ.cat\/es\/proyectos\/patrimonio\/formacion\/","og_locale":"es_ES","og_type":"article","og_title":"Formaci\u00f3n - INSITU - PATRIMONIO Y TURISMO","og_description":"Galer\u00eda de los proyectos desarrollados en los \u00faltimos a\u00f1os. Podr\u00e1s conocer con todo detalle c\u00f3mo conceptualizamos los proyectos y c\u00f3mo los ejecutamos.","og_url":"https:\/\/www.in-situ.cat\/es\/proyectos\/patrimonio\/formacion\/","og_site_name":"INSITU","article_publisher":"https:\/\/www.facebook.com\/INSITU.Cultura.Patrimoni.Turisme\/","article_modified_time":"2021-04-29T17:13:31+00:00","og_image":[{"url":"[acf field='imatge_petita_targeta']"}],"twitter_card":"summary_large_image","twitter_site":"@insitupatrimoni","twitter_misc":{"Tiempo de lectura":"4 minutos"},"schema":{"@context":"https:\/\/schema.org","@graph":[{"@type":"WebPage","@id":"https:\/\/www.in-situ.cat\/es\/proyectos\/patrimonio\/formacion\/","url":"https:\/\/www.in-situ.cat\/es\/proyectos\/patrimonio\/formacion\/","name":"Formaci\u00f3n - INSITU - PATRIMONIO Y TURISMO","isPartOf":{"@id":"https:\/\/www.in-situ.cat\/#website"},"datePublished":"2016-08-14T06:42:40+00:00","dateModified":"2021-04-29T17:13:31+00:00","description":"Galer\u00eda de los proyectos desarrollados en los \u00faltimos a\u00f1os. Podr\u00e1s conocer con todo detalle c\u00f3mo conceptualizamos los proyectos y c\u00f3mo los ejecutamos.","breadcrumb":{"@id":"https:\/\/www.in-situ.cat\/es\/proyectos\/patrimonio\/formacion\/#breadcrumb"},"inLanguage":"es","potentialAction":[{"@type":"ReadAction","target":["https:\/\/www.in-situ.cat\/es\/proyectos\/patrimonio\/formacion\/"]}]},{"@type":"BreadcrumbList","@id":"https:\/\/www.in-situ.cat\/es\/proyectos\/patrimonio\/formacion\/#breadcrumb","itemListElement":[{"@type":"ListItem","position":1,"name":"Inici","item":"https:\/\/www.in-situ.cat\/es\/"},{"@type":"ListItem","position":2,"name":"Proyectos","item":"https:\/\/www.in-situ.cat\/es\/proyectos\/"},{"@type":"ListItem","position":3,"name":"Patrimonio","item":"https:\/\/www.in-situ.cat\/es\/proyectos\/patrimonio\/"},{"@type":"ListItem","position":4,"name":"Formaci\u00f3n"}]},{"@type":"WebSite","@id":"https:\/\/www.in-situ.cat\/#website","url":"https:\/\/www.in-situ.cat\/","name":"INSITU","description":"PATRIMONIO Y TURISMO","potentialAction":[{"@type":"SearchAction","target":{"@type":"EntryPoint","urlTemplate":"https:\/\/www.in-situ.cat\/?s={search_term_string}"},"query-input":"required name=search_term_string"}],"inLanguage":"es"}]}},"publishpress_future_action":{"enabled":false,"date":"2026-05-09 15:30:10","action":"draft","terms":[],"taxonomy":""},"_links":{"self":[{"href":"https:\/\/www.in-situ.cat\/es\/wp-json\/wp\/v2\/pages\/2678"}],"collection":[{"href":"https:\/\/www.in-situ.cat\/es\/wp-json\/wp\/v2\/pages"}],"about":[{"href":"https:\/\/www.in-situ.cat\/es\/wp-json\/wp\/v2\/types\/page"}],"author":[{"embeddable":true,"href":"https:\/\/www.in-situ.cat\/es\/wp-json\/wp\/v2\/users\/1"}],"replies":[{"embeddable":true,"href":"https:\/\/www.in-situ.cat\/es\/wp-json\/wp\/v2\/comments?post=2678"}],"version-history":[{"count":1,"href":"https:\/\/www.in-situ.cat\/es\/wp-json\/wp\/v2\/pages\/2678\/revisions"}],"predecessor-version":[{"id":9303,"href":"https:\/\/www.in-situ.cat\/es\/wp-json\/wp\/v2\/pages\/2678\/revisions\/9303"}],"up":[{"embeddable":true,"href":"https:\/\/www.in-situ.cat\/es\/wp-json\/wp\/v2\/pages\/2686"}],"wp:attachment":[{"href":"https:\/\/www.in-situ.cat\/es\/wp-json\/wp\/v2\/media?parent=2678"}],"curies":[{"name":"wp","href":"https:\/\/api.w.org\/{rel}","templated":true}]}}