{"id":2693,"date":"2016-07-14T07:28:49","date_gmt":"2016-07-14T05:28:49","guid":{"rendered":"http:\/\/in-situ.cat\/es\/patrimoni\/"},"modified":"2016-09-03T12:03:13","modified_gmt":"2016-09-03T10:03:13","slug":"patrimonio","status":"publish","type":"page","link":"https:\/\/www.in-situ.cat\/es\/patrimonio\/","title":{"rendered":"Patrimonio"},"content":{"rendered":"<p>[et_pb_section admin_label=\u00bbsection\u00bb transparent_background=\u00bboff\u00bb background_color=\u00bb#eeeded\u00bb allow_player_pause=\u00bboff\u00bb inner_shadow=\u00bboff\u00bb parallax=\u00bboff\u00bb parallax_method=\u00bboff\u00bb custom_padding=\u00bb0px||0px|\u00bb padding_mobile=\u00bbon\u00bb make_fullwidth=\u00bboff\u00bb use_custom_width=\u00bboff\u00bb width_unit=\u00bbon\u00bb make_equal=\u00bboff\u00bb use_custom_gutter=\u00bboff\u00bb module_class=\u00bbseciosubmenuweb oberta beforeposic3&#8243;][et_pb_row admin_label=\u00bbrow\u00bb make_fullwidth=\u00bboff\u00bb use_custom_width=\u00bboff\u00bb width_unit=\u00bbon\u00bb use_custom_gutter=\u00bbon\u00bb padding_mobile=\u00bboff\u00bb allow_player_pause=\u00bboff\u00bb parallax=\u00bboff\u00bb parallax_method=\u00bboff\u00bb make_equal=\u00bboff\u00bb parallax_1=\u00bboff\u00bb parallax_method_1=\u00bboff\u00bb parallax_2=\u00bboff\u00bb parallax_method_2=\u00bboff\u00bb parallax_3=\u00bboff\u00bb parallax_method_3=\u00bboff\u00bb column_padding_mobile=\u00bbon\u00bb module_class=\u00bbsubmenu submenu6elements\u00bb][et_pb_column type=\u00bb4_4&#8243;][et_pb_code admin_label=\u00bbProjectes i plans estrat\u00e8gics\u00bb module_class=\u00bbcolumnetes-submenu doselements\u00bb]&lt;span class=\u00bblletrarodona grisfosc\u00bb&gt;P&lt;\/span&gt;&lt;span class=\u00bbelemsubmenu grisfosc\u00bb&gt;&lt;a href=\u00bb#projectes\u00bb&gt;Proyectos y planes estrat\u00e9gicos&lt;\/a&gt;&lt;\/span&gt;[\/et_pb_code][et_pb_code admin_label=\u00bbRecerca i investigaci\u00f3\u00bb module_class=\u00bbcolumnetes-submenu doselements\u00bb]&lt;span class=\u00bblletrarodona grisfosc\u00bb&gt;R&lt;\/span&gt;&lt;span class=\u00bbelemsubmenu grisfosc\u00bb&gt;&lt;a href=\u00bb#recerca\u00bb&gt;Investigaci\u00f3n&lt;\/a&gt;&lt;\/span&gt;[\/et_pb_code][et_pb_code admin_label=\u00bbProtecci\u00f3, restauraci\u00f3 i conservaci\u00f3\u00bb module_class=\u00bbcolumnetes-submenu doselements\u00bb]&lt;span class=\u00bblletrarodona grisfosc\u00bb&gt;P&lt;\/span&gt;&lt;span class=\u00bbelemsubmenu grisfosc\u00bb&gt;&lt;a href=\u00bb#proteccio\u00bb&gt;Protecci\u00f3n, conservaci\u00f3n y restauraci\u00f3n&lt;\/a&gt;&lt;\/span&gt;[\/et_pb_code][et_pb_code admin_label=\u00bbDid\u00e0ctica del patrimoni\u00bb module_class=\u00bbcolumnetes-submenu doselements\u00bb]&lt;span class=\u00bblletrarodona grisfosc\u00bb&gt;D&lt;\/span&gt;&lt;span class=\u00bbelemsubmenu grisfosc\u00bb&gt;&lt;a href=\u00bb#didactica\u00bb&gt;Did\u00e1ctica del patrimonio&lt;\/a&gt;&lt;\/span&gt;[\/et_pb_code][et_pb_code admin_label=\u00bbEspais d&#8217;interpretaci\u00f3\u00bb module_class=\u00bbcolumnetes-submenu doselements\u00bb]&lt;span class=\u00bblletrarodona grisfosc\u00bb&gt;E&lt;\/span&gt;&lt;span class=\u00bbelemsubmenu grisfosc\u00bb&gt;&lt;a href=\u00bb#espais\u00bb&gt;Espacios de interpretaci\u00f3n&lt;\/a&gt;&lt;\/span&gt;[\/et_pb_code][et_pb_code admin_label=\u00bbFormaci\u00f3n\u00bb module_class=\u00bbcolumnetes-submenu doselements\u00bb]&lt;span class=\u00bblletrarodona grisfosc\u00bb&gt;F&lt;\/span&gt;&lt;span class=\u00bbelemsubmenu grisfosc\u00bb&gt;&lt;a href=\u00bb#formacio\u00bb&gt;Formaci\u00f3n&lt;\/a&gt;&lt;\/span&gt;[\/et_pb_code][\/et_pb_column][\/et_pb_row][\/et_pb_section][et_pb_section admin_label=\u00bbSecci\u00f3n\u00bb fullwidth=\u00bboff\u00bb specialty=\u00bboff\u00bb transparent_background=\u00bboff\u00bb background_color=\u00bb#ffffff\u00bb allow_player_pause=\u00bboff\u00bb inner_shadow=\u00bboff\u00bb parallax=\u00bboff\u00bb parallax_method=\u00bboff\u00bb padding_mobile=\u00bbon\u00bb make_fullwidth=\u00bboff\u00bb use_custom_width=\u00bboff\u00bb width_unit=\u00bbon\u00bb make_equal=\u00bboff\u00bb use_custom_gutter=\u00bboff\u00bb module_id=\u00bbinsitu\u00bb custom_padding=\u00bb20px||25px|\u00bb][et_pb_row admin_label=\u00bbFila\u00bb make_fullwidth=\u00bboff\u00bb use_custom_width=\u00bboff\u00bb width_unit=\u00bbon\u00bb use_custom_gutter=\u00bbon\u00bb padding_mobile=\u00bbon\u00bb allow_player_pause=\u00bboff\u00bb parallax=\u00bboff\u00bb parallax_method=\u00bboff\u00bb make_equal=\u00bboff\u00bb parallax_1=\u00bboff\u00bb parallax_method_1=\u00bboff\u00bb parallax_2=\u00bboff\u00bb parallax_method_2=\u00bboff\u00bb parallax_3=\u00bboff\u00bb parallax_method_3=\u00bboff\u00bb column_padding_mobile=\u00bbon\u00bb custom_padding_last_edited=\u00bbon|desktop\u00bb disabled=\u00bboff\u00bb disabled_on=\u00bbon|on|\u00bb][et_pb_column type=\u00bb1_4&#8243;][et_pb_text admin_label=\u00bbtitol\u00bb background_layout=\u00bblight\u00bb text_orientation=\u00bbleft\u00bb use_border_color=\u00bboff\u00bb border_color=\u00bb#ffffff\u00bb border_style=\u00bbsolid\u00bb module_class=\u00bbtitol-distrb-esq font-avenir-black mida22 taronjafosc\u00bb]<\/p>\n<h1>PATRIMONIO<\/h1>\n<p>[\/et_pb_text][et_pb_text admin_label=\u00bbLlista-submenu-subcategories\u00bb background_layout=\u00bblight\u00bb text_orientation=\u00bbleft\u00bb use_border_color=\u00bboff\u00bb border_color=\u00bb#ffffff\u00bb border_style=\u00bbsolid\u00bb module_class=\u00bbelements-distrb-esq font-avenir-reg mida16 \u00ab]<\/p>\n<ul class=\"nosellct\">\n<li><a href=\"#projectes\">Proyectos y planes estrat\u00e9gicos<\/a><\/li>\n<li><a href=\"#recerca\">Investigaci\u00f3n<\/a><\/li>\n<li><a href=\"#proteccio\">Protecci\u00f3n, conservaci\u00f3n y restauraci\u00f3n<\/a><\/li>\n<li><a href=\"#didactica\">Did\u00e1ctica del patrimonio<\/a><\/li>\n<li><a href=\"#espais\">Espacios de interpretaci\u00f3n<\/a><\/li>\n<li><a href=\"#formacio\">Formaci\u00f3n<\/a><\/li>\n<\/ul>\n<p>[\/et_pb_text][\/et_pb_column][et_pb_column type=\u00bb1_2&#8243;][et_pb_image admin_label=\u00bbImagen\u00bb src=\u00bbhttps:\/\/www.in-situ.cat\/media\/Patrimoni-1.jpg\u00bb alt=\u00bbPatrimoni &#8211; Insitu\u00bb title_text=\u00bbPatrimoni &#8211; Insitu\u00bb show_in_lightbox=\u00bboff\u00bb url_new_window=\u00bboff\u00bb use_overlay=\u00bboff\u00bb animation=\u00bboff\u00bb sticky=\u00bboff\u00bb align=\u00bbcenter\u00bb force_fullwidth=\u00bboff\u00bb always_center_on_mobile=\u00bbon\u00bb use_border_color=\u00bboff\u00bb border_color=\u00bb#ffffff\u00bb border_style=\u00bbsolid\u00bb module_class=\u00bbfotoseccio\u00bb]<br \/>\n[\/et_pb_image][et_pb_text admin_label=\u00bbtitol\u00bb background_layout=\u00bblight\u00bb text_orientation=\u00bbleft\u00bb use_border_color=\u00bboff\u00bb border_color=\u00bb#ffffff\u00bb border_style=\u00bbsolid\u00bb module_class=\u00bbtitol-seccio-central font-avenir-black mida22 grisfosc\u00bb]<\/p>\n<h2>PATRIMONIO<\/h2>\n<p>[\/et_pb_text][et_pb_text admin_label=\u00bbTexto\u00bb background_layout=\u00bblight\u00bb text_orientation=\u00bbjustified\u00bb use_border_color=\u00bboff\u00bb border_color=\u00bb#ffffff\u00bb border_style=\u00bbsolid\u00bb module_class=\u00bbtext-seccio-central font-avenir-reg mida16 grisfosc\u00bb]<\/p>\n<p>Desarrollamos proyectos en torno al patrimonio cultural para su conservaci\u00f3n, protecci\u00f3n, investigaci\u00f3n, recuperaci\u00f3n y puesta en valor, a fin de que se convierta en uno de los motores del desarrollo econ\u00f3mico del territorio.<\/p>\n<p>[\/et_pb_text][et_pb_divider admin_label=\u00bbSeparador\u00bb color=\u00bb#ffffff\u00bb show_divider=\u00bboff\u00bb divider_style=\u00bbsolid\u00bb divider_position=\u00bbtop\u00bb hide_on_mobile=\u00bbon\u00bb height=\u00bb3&#8243;]<br \/>\n[\/et_pb_divider][et_pb_divider admin_label=\u00bbliniea separadora\u00bb color=\u00bb#c88868&#8243; show_divider=\u00bbon\u00bb divider_style=\u00bbsolid\u00bb divider_position=\u00bbbottom\u00bb divider_weight=\u00bb2&#8243; hide_on_mobile=\u00bboff\u00bb]<br \/>\n[\/et_pb_divider][et_pb_divider admin_label=\u00bbSeparador\u00bb color=\u00bb#ffffff\u00bb show_divider=\u00bboff\u00bb divider_style=\u00bbsolid\u00bb divider_position=\u00bbtop\u00bb hide_on_mobile=\u00bbon\u00bb height=\u00bb3&#8243; module_class=\u00bbseparador60&#8243;]<br \/>\n[\/et_pb_divider][\/et_pb_column][et_pb_column type=\u00bb1_4&#8243;][\/et_pb_column][\/et_pb_row][et_pb_row admin_label=\u00bbFila\/solo mobil\u00bb make_fullwidth=\u00bboff\u00bb use_custom_width=\u00bboff\u00bb width_unit=\u00bbon\u00bb use_custom_gutter=\u00bbon\u00bb padding_mobile=\u00bbon\u00bb allow_player_pause=\u00bboff\u00bb parallax=\u00bboff\u00bb parallax_method=\u00bboff\u00bb make_equal=\u00bboff\u00bb parallax_1=\u00bboff\u00bb parallax_method_1=\u00bboff\u00bb parallax_2=\u00bboff\u00bb parallax_method_2=\u00bboff\u00bb parallax_3=\u00bboff\u00bb parallax_method_3=\u00bboff\u00bb column_padding_mobile=\u00bbon\u00bb custom_padding_last_edited=\u00bbon|desktop\u00bb disabled=\u00bboff\u00bb disabled_on=\u00bboff|off|on\u00bb custom_padding=\u00bb||0px|\u00bb collapsed=\u00bbon\u00bb][et_pb_column type=\u00bb4_4&#8243;][et_pb_text admin_label=\u00bbtitol\u00bb background_layout=\u00bblight\u00bb text_orientation=\u00bbleft\u00bb use_border_color=\u00bboff\u00bb border_color=\u00bb#ffffff\u00bb border_style=\u00bbsolid\u00bb module_class=\u00bbtitol-distrb-esq font-avenir-black mida22 taronjafosc\u00bb]<\/p>\n<h1>PATRIMONIO<\/h1>\n<p>[\/et_pb_text][et_pb_text admin_label=\u00bbLlista-submenu-subcategories\u00bb background_layout=\u00bblight\u00bb text_orientation=\u00bbleft\u00bb use_border_color=\u00bboff\u00bb border_color=\u00bb#ffffff\u00bb border_style=\u00bbsolid\u00bb module_class=\u00bbelements-distrb-esq font-avenir-reg mida16 \u00ab]<\/p>\n<ul class=\"nosellct\">\n<li><a href=\"#projectes\">Proyectos y planes estrat\u00e9gicos<\/a><\/li>\n<li><a href=\"#recerca\">Investigaci\u00f3n<\/a><\/li>\n<li><a href=\"#proteccio\">Protecci\u00f3n, conservaci\u00f3n y restauraci\u00f3n<\/a><\/li>\n<li><a href=\"#didactica\">Did\u00e1ctica del patrimonio<\/a><\/li>\n<li><a href=\"#espais\">Espacios de interpretaci\u00f3n<\/a><\/li>\n<li><a href=\"#formacio\">Formaci\u00f3n<\/a><\/li>\n<\/ul>\n<p>[\/et_pb_text][\/et_pb_column][\/et_pb_row][et_pb_row admin_label=\u00bbFila\/solo mobil\u00bb make_fullwidth=\u00bboff\u00bb use_custom_width=\u00bboff\u00bb width_unit=\u00bbon\u00bb use_custom_gutter=\u00bbon\u00bb padding_mobile=\u00bbon\u00bb allow_player_pause=\u00bboff\u00bb parallax=\u00bboff\u00bb parallax_method=\u00bboff\u00bb make_equal=\u00bboff\u00bb parallax_1=\u00bboff\u00bb parallax_method_1=\u00bboff\u00bb parallax_2=\u00bboff\u00bb parallax_method_2=\u00bboff\u00bb parallax_3=\u00bboff\u00bb parallax_method_3=\u00bboff\u00bb column_padding_mobile=\u00bbon\u00bb custom_padding_last_edited=\u00bbon|phone\u00bb disabled=\u00bboff\u00bb disabled_on=\u00bboff|off|on\u00bb module_class=\u00bbfilafullample\u00bb custom_padding=\u00bb0px||0px|\u00bb collapsed=\u00bbon\u00bb][et_pb_column type=\u00bb4_4&#8243;][et_pb_image admin_label=\u00bbImagen\u00bb src=\u00bbhttps:\/\/www.in-situ.cat\/media\/Patrimoni-1.jpg\u00bb alt=\u00bbPatrimoni &#8211; Insitu\u00bb title_text=\u00bbPatrimoni &#8211; Insitu\u00bb show_in_lightbox=\u00bboff\u00bb url_new_window=\u00bboff\u00bb use_overlay=\u00bboff\u00bb animation=\u00bboff\u00bb sticky=\u00bboff\u00bb align=\u00bbcenter\u00bb force_fullwidth=\u00bbon\u00bb always_center_on_mobile=\u00bboff\u00bb use_border_color=\u00bboff\u00bb border_color=\u00bb#ffffff\u00bb border_style=\u00bbsolid\u00bb module_class=\u00bbfotoseccio\u00bb custom_margin=\u00bb||0px|\u00bb]<br \/>\n[\/et_pb_image][\/et_pb_column][\/et_pb_row][et_pb_row admin_label=\u00bbFila\/solo mobil\u00bb make_fullwidth=\u00bboff\u00bb use_custom_width=\u00bboff\u00bb width_unit=\u00bbon\u00bb use_custom_gutter=\u00bbon\u00bb padding_mobile=\u00bbon\u00bb allow_player_pause=\u00bboff\u00bb parallax=\u00bboff\u00bb parallax_method=\u00bboff\u00bb make_equal=\u00bboff\u00bb parallax_1=\u00bboff\u00bb parallax_method_1=\u00bboff\u00bb parallax_2=\u00bboff\u00bb parallax_method_2=\u00bboff\u00bb parallax_3=\u00bboff\u00bb parallax_method_3=\u00bboff\u00bb column_padding_mobile=\u00bbon\u00bb custom_padding_last_edited=\u00bbon|desktop\u00bb disabled=\u00bboff\u00bb disabled_on=\u00bboff|off|on\u00bb custom_padding=\u00bb0px|||\u00bb collapsed=\u00bbon\u00bb][et_pb_column type=\u00bb4_4&#8243;][et_pb_text admin_label=\u00bbtitol\u00bb background_layout=\u00bblight\u00bb text_orientation=\u00bbleft\u00bb use_border_color=\u00bboff\u00bb border_color=\u00bb#ffffff\u00bb border_style=\u00bbsolid\u00bb module_class=\u00bbtitol-seccio-central font-avenir-black mida22 grisfosc\u00bb]<\/p>\n<h2>PATRIMONIO<\/h2>\n<p>[\/et_pb_text][et_pb_text admin_label=\u00bbTexto\u00bb background_layout=\u00bblight\u00bb text_orientation=\u00bbjustified\u00bb use_border_color=\u00bboff\u00bb border_color=\u00bb#ffffff\u00bb border_style=\u00bbsolid\u00bb module_class=\u00bbtext-seccio-central font-avenir-reg mida16 grisfosc\u00bb]<\/p>\n<p>Desarrollamos proyectos en torno al patrimonio cultural para su conservaci\u00f3n, protecci\u00f3n, investigaci\u00f3n, recuperaci\u00f3n y puesta en valor, a fin de que se convierta en uno de los motores del desarrollo econ\u00f3mico del territorio.<\/p>\n<p>[\/et_pb_text][et_pb_divider admin_label=\u00bbSeparador\u00bb color=\u00bb#ffffff\u00bb show_divider=\u00bboff\u00bb divider_style=\u00bbsolid\u00bb divider_position=\u00bbtop\u00bb hide_on_mobile=\u00bbon\u00bb height=\u00bb3&#8243;]<br \/>\n[\/et_pb_divider][et_pb_divider admin_label=\u00bbliniea separadora\u00bb color=\u00bb#c88868&#8243; show_divider=\u00bbon\u00bb divider_style=\u00bbsolid\u00bb divider_position=\u00bbbottom\u00bb divider_weight=\u00bb2&#8243; hide_on_mobile=\u00bboff\u00bb]<br \/>\n[\/et_pb_divider][et_pb_divider admin_label=\u00bbSeparador\u00bb color=\u00bb#ffffff\u00bb show_divider=\u00bboff\u00bb divider_style=\u00bbsolid\u00bb divider_position=\u00bbtop\u00bb hide_on_mobile=\u00bbon\u00bb height=\u00bb3&#8243; module_class=\u00bbseparador60&#8243;]<br \/>\n[\/et_pb_divider][\/et_pb_column][\/et_pb_row][\/et_pb_section][et_pb_section admin_label=\u00bbSection\/solo-mobil\u00bb fullwidth=\u00bboff\u00bb specialty=\u00bboff\u00bb disabled_on=\u00bb|off|off\u00bb disabled=\u00bboff\u00bb transparent_background=\u00bboff\u00bb background_color=\u00bb#ffffff\u00bb allow_player_pause=\u00bboff\u00bb inner_shadow=\u00bboff\u00bb parallax=\u00bboff\u00bb parallax_method=\u00bboff\u00bb custom_padding=\u00bb0px||0px|\u00bb padding_mobile=\u00bbon\u00bb make_fullwidth=\u00bboff\u00bb use_custom_width=\u00bboff\u00bb width_unit=\u00bbon\u00bb make_equal=\u00bboff\u00bb use_custom_gutter=\u00bboff\u00bb module_class=\u00bbseccio-nomes-mobil\u00bb][et_pb_row admin_label=\u00bbRow\u00bb make_fullwidth=\u00bboff\u00bb use_custom_width=\u00bboff\u00bb width_unit=\u00bbon\u00bb use_custom_gutter=\u00bboff\u00bb padding_mobile=\u00bboff\u00bb background_color=\u00bb#564946&#8243; allow_player_pause=\u00bboff\u00bb parallax=\u00bboff\u00bb parallax_method=\u00bboff\u00bb make_equal=\u00bboff\u00bb parallax_1=\u00bboff\u00bb parallax_method_1=\u00bboff\u00bb column_padding_mobile=\u00bbon\u00bb module_class=\u00bbfilafullample targeta-fosca-solo-mobil\u00bb][et_pb_column type=\u00bb4_4&#8243;][et_pb_divider admin_label=\u00bbSeparador\u00bb global_parent=\u00bb151&#8243; color=\u00bb#ffffff\u00bb show_divider=\u00bboff\u00bb divider_style=\u00bbsolid\u00bb divider_position=\u00bbtop\u00bb hide_on_mobile=\u00bbon\u00bb module_class=\u00bbseparacioabanslletratargdestacada\u00bb]<\/p>\n<p>&nbsp;<\/p>\n<p>[\/et_pb_divider][et_pb_code admin_label=\u00bbP &#8211; Patrimoni\u00bb global_parent=\u00bb151&#8243; module_class=\u00bbbloc-destacat-targetes\u00bb]&lt;center&gt;&lt;span class=\u00bblletrarodona taronja\u00bb&gt;P&lt;\/span&gt; &lt;span class=\u00bbelemsubmenu font-avenir-black mida22 taronja\u00bb&gt;PATRIMONIO&lt;\/span&gt; &lt;\/center&gt;[\/et_pb_code][\/et_pb_column][\/et_pb_row][\/et_pb_section][et_pb_section admin_label=\u00bbSecci\u00f3n\u00bb fullwidth=\u00bboff\u00bb specialty=\u00bboff\u00bb transparent_background=\u00bboff\u00bb background_color=\u00bb#eeeded\u00bb allow_player_pause=\u00bboff\u00bb inner_shadow=\u00bboff\u00bb parallax=\u00bboff\u00bb parallax_method=\u00bboff\u00bb padding_mobile=\u00bbon\u00bb make_fullwidth=\u00bboff\u00bb use_custom_width=\u00bboff\u00bb width_unit=\u00bbon\u00bb make_equal=\u00bboff\u00bb use_custom_gutter=\u00bboff\u00bb custom_padding_phone=\u00bb18px||0px|\u00bb custom_padding_last_edited=\u00bbon|phone\u00bb][et_pb_row admin_label=\u00bbFila\u00bb global_module=\u00bb2598&#8243; make_fullwidth=\u00bboff\u00bb use_custom_width=\u00bboff\u00bb width_unit=\u00bbon\u00bb use_custom_gutter=\u00bboff\u00bb padding_mobile=\u00bbon\u00bb allow_player_pause=\u00bboff\u00bb parallax=\u00bboff\u00bb parallax_method=\u00bboff\u00bb make_equal=\u00bbon\u00bb parallax_1=\u00bboff\u00bb parallax_method_1=\u00bboff\u00bb background_color_1=\u00bb#564946&#8243; parallax_2=\u00bboff\u00bb parallax_method_2=\u00bboff\u00bb background_color_2=\u00bb#ffffff\u00bb parallax_3=\u00bboff\u00bb parallax_method_3=\u00bboff\u00bb background_color_3=\u00bb#ffffff\u00bb parallax_4=\u00bboff\u00bb parallax_method_4=\u00bboff\u00bb background_color_4=\u00bb#ffffff\u00bb column_padding_mobile=\u00bbon\u00bb module_class=\u00bbfila-targetes relac-pratrimoni fila4column\u00bb module_class_1=\u00bbtargeta targetagrisfosc no-en-mobil\u00bb module_class_2=\u00bbtargeta targetablanca columna-amb-linea-sota\u00bb module_class_3=\u00bbtargeta targetablanca columna-amb-linea-sota tarja-no-mobil\u00bb module_class_4=\u00bbtargeta targetablanca columna-amb-linea-sota tarja-no-mobil\u00bb custom_padding=\u00bb0px||25px|\u00bb custom_padding_tablet=\u00bb0px||0px|\u00bb custom_padding_last_edited=\u00bbon|desktop\u00bb][et_pb_column type=\u00bb1_4&#8243;][et_pb_divider global_parent=\u00bb2598&#8243; admin_label=\u00bbSeparador\u00bb color=\u00bb#ffffff\u00bb show_divider=\u00bboff\u00bb divider_style=\u00bbsolid\u00bb divider_position=\u00bbtop\u00bb hide_on_mobile=\u00bbon\u00bb module_class=\u00bbseparacioabanslletratargdestacada\u00bb] [\/et_pb_divider][et_pb_code global_parent=\u00bb2598&#8243; admin_label=\u00bbP &#8211; Patrimoni\u00bb module_class=\u00bbbloc-destacat-targetes\u00bb]&lt;center&gt;&lt;span class=\u00bblletrarodona taronja\u00bb&gt;P&lt;\/span&gt;&lt;br \/&gt; &lt;span class=\u00bbelemsubmenu font-avenir-black mida22 taronja\u00bb&gt;PATRIMONIO&lt;\/span&gt;&lt;br \/&gt; &lt;\/center&gt;[\/et_pb_code][\/et_pb_column][et_pb_column type=\u00bb1_4&#8243;][et_pb_code global_parent=\u00bb2598&#8243; admin_label=\u00bbLletraP\u00bb module_class=\u00bblletragran-fixadreta\u00bb]&lt;span class=\u00bblletrarodona taronja\u00bb&gt;P&lt;\/span&gt;[\/et_pb_code][et_pb_text global_parent=\u00bb2598&#8243; admin_label=\u00bbPatrimoni\u00bb background_layout=\u00bblight\u00bb text_orientation=\u00bbleft\u00bb use_border_color=\u00bboff\u00bb border_color=\u00bb#ffffff\u00bb border_style=\u00bbsolid\u00bb module_class=\u00bbfont-avenir-black mida12 grisfosc nomapartat\u00bb] PATRIMONIO [\/et_pb_text][et_pb_text global_parent=\u00bb2598&#8243; admin_label=\u00bbNom-servei\u00bb background_layout=\u00bblight\u00bb text_orientation=\u00bbleft\u00bb use_border_color=\u00bboff\u00bb border_color=\u00bb#ffffff\u00bb border_style=\u00bbsolid\u00bb module_class=\u00bbfont-avenir-black mida14 taronja nomservei\u00bb] <a href=\"\/insitu?page_id=41#projectes\">PROYECTOS Y PLANES ESTRAT\u00c9GICOS<\/a> [\/et_pb_text][et_pb_text global_parent=\u00bb2598&#8243; admin_label=\u00bbTexto\u00bb background_layout=\u00bblight\u00bb text_orientation=\u00bbleft\u00bb use_border_color=\u00bboff\u00bb border_color=\u00bb#ffffff\u00bb border_style=\u00bbsolid\u00bb module_class=\u00bbfont-avenir-reg mida12 grisfosc descrip-breu-servei\u00bb]<\/p>\n<p>PROYECTOS DE \u00c1MBITO LOCAL<br \/>\nAnalizamos el patrimonio cultural y natural de cada municipio.<\/p>\n<p>PROYECTOS DE \u00c1MBITO COMARCAL<br \/>\nVinculados a la protecci\u00f3n, conservaci\u00f3n, recuperaci\u00f3n y puesta en valor.<\/p>\n<p>PROYECTOS TEM\u00c1TICOS<br \/>\nVinculados a tem\u00e1ticas concretas relacionadas con el territorio.<\/p>\n<p>[\/et_pb_text][et_pb_text global_parent=\u00bb2598&#8243; admin_label=\u00bbllegeix+\u00bb background_layout=\u00bblight\u00bb text_orientation=\u00bbleft\u00bb use_border_color=\u00bboff\u00bb border_color=\u00bb#ffffff\u00bb border_style=\u00bbsolid\u00bb module_class=\u00bbfont-avenir-black mida12 grisfosc linkllegeixmes\u00bb] <a href=\"\/insitu?page_id=41#projectes\">LEER M\u00c1S<\/a> [\/et_pb_text][et_pb_text global_parent=\u00bb2598&#8243; admin_label=\u00bbenlla\u00e7-targeta\u00bb background_layout=\u00bblight\u00bb text_orientation=\u00bbleft\u00bb use_border_color=\u00bboff\u00bb border_color=\u00bb#ffffff\u00bb border_style=\u00bbsolid\u00bb module_class=\u00bblinkcubretargeta\u00bb] <a href=\"\/insitu?page_id=41#projectes\">\u00a0<\/a><\/p>\n<div class=\"capetapersobre\"><\/div>\n<p>[\/et_pb_text][\/et_pb_column][et_pb_column type=\u00bb1_4&#8243;][et_pb_code global_parent=\u00bb2598&#8243; admin_label=\u00bbLletraP\u00bb module_class=\u00bblletragran-fixadreta\u00bb]&lt;span class=\u00bblletrarodona taronja\u00bb&gt;P&lt;\/span&gt;[\/et_pb_code][et_pb_text global_parent=\u00bb2598&#8243; admin_label=\u00bbPatrimoni\u00bb background_layout=\u00bblight\u00bb text_orientation=\u00bbleft\u00bb use_border_color=\u00bboff\u00bb border_color=\u00bb#ffffff\u00bb border_style=\u00bbsolid\u00bb module_class=\u00bbfont-avenir-black mida12 grisfosc nomapartat\u00bb] PATRIMONIO [\/et_pb_text][et_pb_text global_parent=\u00bb2598&#8243; admin_label=\u00bbNom-servei\u00bb background_layout=\u00bblight\u00bb text_orientation=\u00bbleft\u00bb use_border_color=\u00bboff\u00bb border_color=\u00bb#ffffff\u00bb border_style=\u00bbsolid\u00bb module_class=\u00bbfont-avenir-black mida14 taronja nomservei\u00bb] <a href=\"\/insitu?page_id=41#recerca\">INVESTIGACI\u00d3N<\/a> [\/et_pb_text][et_pb_text global_parent=\u00bb2598&#8243; admin_label=\u00bbTexto\u00bb background_layout=\u00bblight\u00bb text_orientation=\u00bbleft\u00bb use_border_color=\u00bboff\u00bb border_color=\u00bb#ffffff\u00bb border_style=\u00bbsolid\u00bb module_class=\u00bbfont-avenir-reg mida12 grisfosc descrip-breu-servei\u00bb]<\/p>\n<p>INVENTARIOS DEL PATRIMONIO CULTURAL<br \/>\nB\u00fasqueda de todos los elementos de inter\u00e9s patrimonial.<\/p>\n<p>INVESTIGACI\u00d3N HIST\u00d3RICA Y PATRIMONIAL PARA PUBLICACIONES<br \/>\nSobre poblaciones, municipios o elementos patrimoniales.<\/p>\n<p>INVESTIGACI\u00d3N HIST\u00d3RICA PARA PROYECTOS TRANSVERSALES<br \/>\nResolvemos problem\u00e1ticas vinculadas al patrimonio cultural.<\/p>\n<p>[\/et_pb_text][et_pb_text global_parent=\u00bb2598&#8243; admin_label=\u00bbllegeix+\u00bb background_layout=\u00bblight\u00bb text_orientation=\u00bbleft\u00bb use_border_color=\u00bboff\u00bb border_color=\u00bb#ffffff\u00bb border_style=\u00bbsolid\u00bb module_class=\u00bbfont-avenir-black mida12 grisfosc linkllegeixmes\u00bb] <a href=\"\/insitu?page_id=41#recerca\">LEER M\u00c1S<\/a> [\/et_pb_text][et_pb_text global_parent=\u00bb2598&#8243; admin_label=\u00bbenlla\u00e7-targeta\u00bb background_layout=\u00bblight\u00bb text_orientation=\u00bbleft\u00bb use_border_color=\u00bboff\u00bb border_color=\u00bb#ffffff\u00bb border_style=\u00bbsolid\u00bb module_class=\u00bblinkcubretargeta\u00bb] <a href=\"\/insitu?page_id=41#recerca\">\u00a0<\/a><\/p>\n<div class=\"capetapersobre\"><\/div>\n<p>[\/et_pb_text][\/et_pb_column][et_pb_column type=\u00bb1_4&#8243;][et_pb_code global_parent=\u00bb2598&#8243; admin_label=\u00bbLletraP\u00bb module_class=\u00bblletragran-fixadreta\u00bb]&lt;span class=\u00bblletrarodona taronja\u00bb&gt;P&lt;\/span&gt;[\/et_pb_code][et_pb_text global_parent=\u00bb2598&#8243; admin_label=\u00bbPatrimoni\u00bb background_layout=\u00bblight\u00bb text_orientation=\u00bbleft\u00bb use_border_color=\u00bboff\u00bb border_color=\u00bb#ffffff\u00bb border_style=\u00bbsolid\u00bb module_class=\u00bbfont-avenir-black mida12 grisfosc nomapartat\u00bb] PATRIMONIO [\/et_pb_text][et_pb_text global_parent=\u00bb2598&#8243; admin_label=\u00bbNom-servei\u00bb background_layout=\u00bblight\u00bb text_orientation=\u00bbleft\u00bb use_border_color=\u00bboff\u00bb border_color=\u00bb#ffffff\u00bb border_style=\u00bbsolid\u00bb module_class=\u00bbfont-avenir-black mida14 taronja nomservei\u00bb] <a href=\"\/insitu?page_id=41#proteccio\">PROTECCI\u00d3N, CONSERVACI\u00d3N Y RESTAURACI\u00d3N<\/a> [\/et_pb_text][et_pb_text global_parent=\u00bb2598&#8243; admin_label=\u00bbTexto\u00bb background_layout=\u00bblight\u00bb text_orientation=\u00bbleft\u00bb use_border_color=\u00bboff\u00bb border_color=\u00bb#ffffff\u00bb border_style=\u00bbsolid\u00bb module_class=\u00bbfont-avenir-reg mida12 grisfosc descrip-breu-servei\u00bb]<\/p>\n<p>CAT\u00c1LOGOS DE BIENES A PROTEGER<br \/>\nRedacci\u00f3n de cat\u00e1logos para la protecci\u00f3n del patrimonio.<\/p>\n<p>DECLARACI\u00d3N DE BCIL Y BCIN<br \/>\nRedacci\u00f3n de informes y seguimiento para su declaraci\u00f3n.<\/p>\n<p>CONSERVACI\u00d3N DEL PATRIMONIO<br \/>\nPautas para la conservaci\u00f3n preventiva.<\/p>\n<p>RESTAURACI\u00d3N DEL PATRIMONIO<br \/>\nIntervenciones para la recuperaci\u00f3n de los bienes patrimoniales.<\/p>\n<p>[\/et_pb_text][et_pb_text global_parent=\u00bb2598&#8243; admin_label=\u00bbllegeix+\u00bb background_layout=\u00bblight\u00bb text_orientation=\u00bbleft\u00bb use_border_color=\u00bboff\u00bb border_color=\u00bb#ffffff\u00bb border_style=\u00bbsolid\u00bb module_class=\u00bbfont-avenir-black mida12 grisfosc linkllegeixmes\u00bb] <a href=\"\/insitu?page_id=41#proteccio\">LEER M\u00c1S<\/a> [\/et_pb_text][et_pb_text global_parent=\u00bb2598&#8243; admin_label=\u00bbenlla\u00e7-targeta\u00bb background_layout=\u00bblight\u00bb text_orientation=\u00bbleft\u00bb use_border_color=\u00bboff\u00bb border_color=\u00bb#ffffff\u00bb border_style=\u00bbsolid\u00bb module_class=\u00bblinkcubretargeta\u00bb] <a href=\"\/insitu?page_id=41#proteccio\">\u00a0<\/a><\/p>\n<div class=\"capetapersobre\"><\/div>\n<p>[\/et_pb_text][\/et_pb_column][\/et_pb_row][et_pb_row admin_label=\u00bbFila\u00bb global_module=\u00bb2599&#8243; make_fullwidth=\u00bboff\u00bb use_custom_width=\u00bboff\u00bb width_unit=\u00bbon\u00bb use_custom_gutter=\u00bboff\u00bb padding_mobile=\u00bbon\u00bb allow_player_pause=\u00bboff\u00bb parallax=\u00bboff\u00bb parallax_method=\u00bboff\u00bb make_equal=\u00bbon\u00bb parallax_1=\u00bboff\u00bb parallax_method_1=\u00bboff\u00bb background_color_1=\u00bb#ffffff\u00bb parallax_2=\u00bboff\u00bb parallax_method_2=\u00bboff\u00bb background_color_2=\u00bb#ffffff\u00bb parallax_3=\u00bboff\u00bb parallax_method_3=\u00bboff\u00bb background_color_3=\u00bb#ffffff\u00bb parallax_4=\u00bboff\u00bb parallax_method_4=\u00bboff\u00bb column_padding_mobile=\u00bbon\u00bb module_class=\u00bbfila-targetes relac-pratrimoni fila4column\u00bb module_class_1=\u00bbtargeta targetablanca columna-amb-linea-sota tarja-no-mobil\u00bb module_class_2=\u00bbtargeta targetablanca columna-amb-linea-sota tarja-no-mobil\u00bb module_class_3=\u00bbtargeta targetablanca columna-amb-linea-sota tarja-no-mobil\u00bb custom_padding=\u00bb0px||0px|\u00bb][et_pb_column type=\u00bb1_4&#8243;][et_pb_code global_parent=\u00bb2599&#8243; admin_label=\u00bbLletraP\u00bb module_class=\u00bblletragran-fixadreta\u00bb]&lt;span class=\u00bblletrarodona taronja\u00bb&gt;P&lt;\/span&gt;[\/et_pb_code][et_pb_text global_parent=\u00bb2599&#8243; admin_label=\u00bbPatrimoni\u00bb background_layout=\u00bblight\u00bb text_orientation=\u00bbleft\u00bb use_border_color=\u00bboff\u00bb border_color=\u00bb#ffffff\u00bb border_style=\u00bbsolid\u00bb module_class=\u00bbfont-avenir-black mida12 grisfosc nomapartat\u00bb]<\/p>\n<p>PATRIMONIO<\/p>\n<p>[\/et_pb_text][et_pb_text global_parent=\u00bb2599&#8243; admin_label=\u00bbNom-servei\u00bb background_layout=\u00bblight\u00bb text_orientation=\u00bbleft\u00bb use_border_color=\u00bboff\u00bb border_color=\u00bb#ffffff\u00bb border_style=\u00bbsolid\u00bb module_class=\u00bbfont-avenir-black mida14 taronja nomservei\u00bb]<\/p>\n<p><a href=\"\/insitu?page_id=41#didactica\">DID\u00c1CTICA DEL PATRIMONIO<\/a><\/p>\n<p>[\/et_pb_text][et_pb_text global_parent=\u00bb2599&#8243; admin_label=\u00bbTexto\u00bb background_layout=\u00bblight\u00bb text_orientation=\u00bbleft\u00bb use_border_color=\u00bboff\u00bb border_color=\u00bb#ffffff\u00bb border_style=\u00bbsolid\u00bb module_class=\u00bbfont-avenir-reg mida12 grisfosc descrip-breu-servei\u00bb]<\/p>\n<p>PROYECTOS EDUCATIVOS<br \/>\nCreaci\u00f3n de proyectos did\u00e1cticos para espacios muse\u00edsticos y ayuntamientos.<\/p>\n<p>[\/et_pb_text][et_pb_text global_parent=\u00bb2599&#8243; admin_label=\u00bbllegeix+\u00bb background_layout=\u00bblight\u00bb text_orientation=\u00bbleft\u00bb use_border_color=\u00bboff\u00bb border_color=\u00bb#ffffff\u00bb border_style=\u00bbsolid\u00bb module_class=\u00bbfont-avenir-black mida12 grisfosc linkllegeixmes\u00bb]<\/p>\n<p><a href=\"\/insitu?page_id=41#didactica\">LEER M\u00c1S<\/a><\/p>\n<p>[\/et_pb_text][et_pb_text global_parent=\u00bb2599&#8243; admin_label=\u00bbenlla\u00e7-targeta\u00bb background_layout=\u00bblight\u00bb text_orientation=\u00bbleft\u00bb use_border_color=\u00bboff\u00bb border_color=\u00bb#ffffff\u00bb border_style=\u00bbsolid\u00bb module_class=\u00bblinkcubretargeta\u00bb]<\/p>\n<div><\/div>\n<p>[\/et_pb_text][\/et_pb_column][et_pb_column type=\u00bb1_4&#8243;][et_pb_code global_parent=\u00bb2599&#8243; admin_label=\u00bbLletraP\u00bb module_class=\u00bblletragran-fixadreta\u00bb]&lt;span class=\u00bblletrarodona taronja\u00bb&gt;P&lt;\/span&gt;[\/et_pb_code][et_pb_text global_parent=\u00bb2599&#8243; admin_label=\u00bbPatrimoni\u00bb background_layout=\u00bblight\u00bb text_orientation=\u00bbleft\u00bb use_border_color=\u00bboff\u00bb border_color=\u00bb#ffffff\u00bb border_style=\u00bbsolid\u00bb module_class=\u00bbfont-avenir-black mida12 grisfosc nomapartat\u00bb]<\/p>\n<p>PATRIMONIO<\/p>\n<p>[\/et_pb_text][et_pb_text global_parent=\u00bb2599&#8243; admin_label=\u00bbNom-servei\u00bb background_layout=\u00bblight\u00bb text_orientation=\u00bbleft\u00bb use_border_color=\u00bboff\u00bb border_color=\u00bb#ffffff\u00bb border_style=\u00bbsolid\u00bb module_class=\u00bbfont-avenir-black mida14 taronja nomservei\u00bb]<\/p>\n<p><a href=\"\/insitu?page_id=41#espais\">ESPACIOS DE INTERPRETACI\u00d3N<\/a><\/p>\n<p>[\/et_pb_text][et_pb_text global_parent=\u00bb2599&#8243; admin_label=\u00bbTexto\u00bb background_layout=\u00bblight\u00bb text_orientation=\u00bbleft\u00bb use_border_color=\u00bboff\u00bb border_color=\u00bb#ffffff\u00bb border_style=\u00bbsolid\u00bb module_class=\u00bbfont-avenir-reg mida12 grisfosc descrip-breu-servei\u00bb]<\/p>\n<p>DISE\u00d1O DE EXPOSICIONES<br \/>\nCreamos su exposici\u00f3n, respondiendo a sus necesidades.<\/p>\n<p>MUSEOS<br \/>\nTrabajamos en la creaci\u00f3n y evoluci\u00f3n de equipamientos muse\u00edsticos.<\/p>\n<p>TERRITORIOS EXPOSITIVOS<br \/>\nFacilitamos las herramientas para el descubrimiento patrimonial del territorio.<\/p>\n<p>[\/et_pb_text][et_pb_text global_parent=\u00bb2599&#8243; admin_label=\u00bbllegeix+\u00bb background_layout=\u00bblight\u00bb text_orientation=\u00bbleft\u00bb use_border_color=\u00bboff\u00bb border_color=\u00bb#ffffff\u00bb border_style=\u00bbsolid\u00bb module_class=\u00bbfont-avenir-black mida12 grisfosc linkllegeixmes\u00bb]<\/p>\n<p><a href=\"\/insitu?page_id=41#espais\">LEER M\u00c1S<\/a><\/p>\n<p>[\/et_pb_text][et_pb_text global_parent=\u00bb2599&#8243; admin_label=\u00bbenlla\u00e7-targeta\u00bb background_layout=\u00bblight\u00bb text_orientation=\u00bbleft\u00bb use_border_color=\u00bboff\u00bb border_color=\u00bb#ffffff\u00bb border_style=\u00bbsolid\u00bb module_class=\u00bblinkcubretargeta\u00bb]<\/p>\n<div><\/div>\n<p>[\/et_pb_text][\/et_pb_column][et_pb_column type=\u00bb1_4&#8243;][et_pb_code global_parent=\u00bb2599&#8243; admin_label=\u00bbLletraP\u00bb module_class=\u00bblletragran-fixadreta\u00bb]&lt;span class=\u00bblletrarodona taronja\u00bb&gt;P&lt;\/span&gt;[\/et_pb_code][et_pb_text global_parent=\u00bb2599&#8243; admin_label=\u00bbPatrimoni\u00bb background_layout=\u00bblight\u00bb text_orientation=\u00bbleft\u00bb use_border_color=\u00bboff\u00bb border_color=\u00bb#ffffff\u00bb border_style=\u00bbsolid\u00bb module_class=\u00bbfont-avenir-black mida12 grisfosc nomapartat\u00bb]<\/p>\n<p>PATRIMONIO<\/p>\n<p>[\/et_pb_text][et_pb_text global_parent=\u00bb2599&#8243; admin_label=\u00bbNom-servei\u00bb background_layout=\u00bblight\u00bb text_orientation=\u00bbleft\u00bb use_border_color=\u00bboff\u00bb border_color=\u00bb#ffffff\u00bb border_style=\u00bbsolid\u00bb module_class=\u00bbfont-avenir-black mida14 taronja nomservei\u00bb]<\/p>\n<p><a href=\"\/insitu?page_id=41#formacio\">FORMACI\u00d3N<\/a><\/p>\n<p>[\/et_pb_text][et_pb_text global_parent=\u00bb2599&#8243; admin_label=\u00bbTexto\u00bb background_layout=\u00bblight\u00bb text_orientation=\u00bbleft\u00bb use_border_color=\u00bboff\u00bb border_color=\u00bb#ffffff\u00bb border_style=\u00bbsolid\u00bb module_class=\u00bbfont-avenir-reg mida12 grisfosc descrip-breu-servei\u00bb]<\/p>\n<p>CURSOS SOBRE GESTI\u00d3N DEL PATRIMONIO CULTURAL<br \/>\nCursos dirigidos a programas de m\u00e1steres, postgrados o grados.<\/p>\n<p>CHARLAS EN TORNO AL PATRIMONIO CULTURAL<br \/>\nDirigidas a ayuntamientos, Consells Comarcals, entidades culturales o museos.<\/p>\n<p>[\/et_pb_text][et_pb_text global_parent=\u00bb2599&#8243; admin_label=\u00bbllegeix+\u00bb background_layout=\u00bblight\u00bb text_orientation=\u00bbleft\u00bb use_border_color=\u00bboff\u00bb border_color=\u00bb#ffffff\u00bb border_style=\u00bbsolid\u00bb module_class=\u00bbfont-avenir-black mida12 grisfosc linkllegeixmes\u00bb]<\/p>\n<p><a href=\"\/insitu?page_id=41#formacio\">LEER M\u00c1S<\/a><\/p>\n<p>[\/et_pb_text][et_pb_text global_parent=\u00bb2599&#8243; admin_label=\u00bbenlla\u00e7-targeta\u00bb background_layout=\u00bblight\u00bb text_orientation=\u00bbleft\u00bb use_border_color=\u00bboff\u00bb border_color=\u00bb#ffffff\u00bb border_style=\u00bbsolid\u00bb module_class=\u00bblinkcubretargeta\u00bb]<\/p>\n<div><\/div>\n<p>[\/et_pb_text][\/et_pb_column][et_pb_column type=\u00bb1_4&#8243;][\/et_pb_column][\/et_pb_row][et_pb_row admin_label=\u00bbRow\u00bb][\/et_pb_row][\/et_pb_section][et_pb_section admin_label=\u00bbSecci\u00f3n\u00bb fullwidth=\u00bboff\u00bb specialty=\u00bboff\u00bb transparent_background=\u00bboff\u00bb background_color=\u00bb#ffffff\u00bb allow_player_pause=\u00bboff\u00bb inner_shadow=\u00bboff\u00bb parallax=\u00bboff\u00bb parallax_method=\u00bboff\u00bb custom_padding=\u00bb5px||5px|\u00bb padding_mobile=\u00bbon\u00bb make_fullwidth=\u00bboff\u00bb use_custom_width=\u00bboff\u00bb width_unit=\u00bbon\u00bb make_equal=\u00bboff\u00bb use_custom_gutter=\u00bboff\u00bb module_id=\u00bbprojectes\u00bb custom_padding_tablet=\u00bb35px||5px|\u00bb custom_padding_last_edited=\u00bbon|tablet\u00bb][et_pb_row admin_label=\u00bbFila\u00bb make_fullwidth=\u00bboff\u00bb use_custom_width=\u00bboff\u00bb width_unit=\u00bbon\u00bb use_custom_gutter=\u00bbon\u00bb custom_padding=\u00bb0px||0px|\u00bb padding_mobile=\u00bbon\u00bb allow_player_pause=\u00bboff\u00bb parallax=\u00bboff\u00bb parallax_method=\u00bboff\u00bb make_equal=\u00bboff\u00bb parallax_1=\u00bboff\u00bb parallax_method_1=\u00bboff\u00bb parallax_2=\u00bboff\u00bb parallax_method_2=\u00bboff\u00bb background_color_2=\u00bb#ffffff\u00bb parallax_3=\u00bboff\u00bb parallax_method_3=\u00bboff\u00bb column_padding_mobile=\u00bbon\u00bb module_class_2=\u00bbcolumna-amb-linea-sota\u00bb][et_pb_column type=\u00bb1_4&#8243;][\/et_pb_column][et_pb_column type=\u00bb1_2&#8243;][et_pb_divider admin_label=\u00bbSeparador\u00bb color=\u00bb#ffffff\u00bb show_divider=\u00bboff\u00bb height=\u00bb2&#8243; divider_style=\u00bbsolid\u00bb divider_position=\u00bbtop\u00bb hide_on_mobile=\u00bbon\u00bb module_class=\u00bbseparador90&#8243;]<br \/>\n[\/et_pb_divider][et_pb_text admin_label=\u00bbPROYECTOS Y PLANES ESTRAT\u00c9GICOS\u00bb background_layout=\u00bblight\u00bb text_orientation=\u00bbleft\u00bb use_border_color=\u00bboff\u00bb border_color=\u00bb#ffffff\u00bb border_style=\u00bbsolid\u00bb module_class=\u00bbnom-soci font-avenir-black mida22 taronjafosc\u00bb]<\/p>\n<h3>PROYECTOS Y PLANES ESTRAT\u00c9GICOS<\/h3>\n<p>[\/et_pb_text][et_pb_text admin_label=\u00bbTexto\u00bb background_layout=\u00bblight\u00bb text_orientation=\u00bbjustified\u00bb use_border_color=\u00bboff\u00bb border_color=\u00bb#ffffff\u00bb border_style=\u00bbsolid\u00bb module_class=\u00bbtext-seccio-central font-avenir-variable mida16 grisfosc\u00bb]<\/p>\n<p class=\"p1\"><span class=\"s1\"><b>PROYECTOS DE \u00c1MBITO LOCAL<\/b><\/span><span class=\"s1\"><br \/>\nAnalizamos el patrimonio cultural y natural de cada municipio y presentamos propuestas vinculadas a su protecci\u00f3n, conservaci\u00f3n, recuperaci\u00f3n y puesta en valor. Herramienta importante para iniciar o diversificar en la gesti\u00f3n del patrimonio de un municipio. Estos proyectos pueden englobar diferentes intervenciones o centrarse solo en una.<\/span><\/p>\n<p class=\"p1\"><span class=\"s1\"><b>PROYECTOS DE \u00c1MBITO COMARCAL<br \/>\n<\/b><\/span><span class=\"s1\">Actualmente es importante trabajar en \u00e1mbitos que engloben diferentes municipios que tengan una continuidad paisaj\u00edstica, ya que estos comparten un mismo territorio y patrimonio, y en muchas ocasiones tambi\u00e9n las mismas necesidades. De este modo se pone en valor el patrimonio de amplias zonas y se crean recursos potentes en el territorio. Esta metodolog\u00eda de trabajo implementa formas de gesti\u00f3n m\u00e1s eficientes y con mayor impacto en los municipios. <\/span><\/p>\n<p class=\"p1\"><span class=\"s1\"><b>PROYECTOS TEM\u00c1TICOS<br \/>\n<\/b><\/span><span class=\"s1\">Proyectos vinculados a tem\u00e1ticas concretas relacionadas con el territorio. Pueden englobar municipios de una misma comarca o de diferentes comarcas y que tengan en com\u00fan elementos patrimoniales, paisaje o episodios hist\u00f3ricos relevantes: municipios en torno a un r\u00edo, municipios con elementos arquitect\u00f3nicos como la arquitectura popular, castillos, iglesias, etc. en los que se pueda trabajar conjuntamente para crear un potente recurso tur\u00edstico.<\/span><\/p>\n<p>[\/et_pb_text][et_pb_divider admin_label=\u00bbSeparador\u00bb color=\u00bb#ffffff\u00bb show_divider=\u00bboff\u00bb divider_style=\u00bbsolid\u00bb divider_position=\u00bbtop\u00bb hide_on_mobile=\u00bbon\u00bb module_class=\u00bbseparador50&#8243;]<br \/>\n[\/et_pb_divider][\/et_pb_column][et_pb_column type=\u00bb1_4&#8243;][\/et_pb_column][\/et_pb_row][\/et_pb_section][et_pb_section admin_label=\u00bbSecci\u00f3n\u00bb fullwidth=\u00bboff\u00bb specialty=\u00bboff\u00bb transparent_background=\u00bboff\u00bb background_color=\u00bb#ffffff\u00bb allow_player_pause=\u00bboff\u00bb inner_shadow=\u00bboff\u00bb parallax=\u00bboff\u00bb parallax_method=\u00bboff\u00bb custom_padding=\u00bb5px||5px|\u00bb padding_mobile=\u00bbon\u00bb make_fullwidth=\u00bboff\u00bb use_custom_width=\u00bboff\u00bb width_unit=\u00bbon\u00bb make_equal=\u00bboff\u00bb use_custom_gutter=\u00bboff\u00bb module_id=\u00bbrecerca\u00bb custom_padding_phone=\u00bb35px||5px|\u00bb custom_padding_last_edited=\u00bbon|phone\u00bb][et_pb_row admin_label=\u00bbFila\u00bb make_fullwidth=\u00bboff\u00bb use_custom_width=\u00bboff\u00bb width_unit=\u00bbon\u00bb use_custom_gutter=\u00bbon\u00bb custom_padding=\u00bb0px||0px|\u00bb padding_mobile=\u00bbon\u00bb allow_player_pause=\u00bboff\u00bb parallax=\u00bboff\u00bb parallax_method=\u00bboff\u00bb make_equal=\u00bboff\u00bb parallax_1=\u00bboff\u00bb parallax_method_1=\u00bboff\u00bb parallax_2=\u00bboff\u00bb parallax_method_2=\u00bboff\u00bb background_color_2=\u00bb#ffffff\u00bb parallax_3=\u00bboff\u00bb parallax_method_3=\u00bboff\u00bb column_padding_mobile=\u00bbon\u00bb module_class_2=\u00bbcolumna-amb-linea-sota\u00bb][et_pb_column type=\u00bb1_4&#8243;][\/et_pb_column][et_pb_column type=\u00bb1_2&#8243;][et_pb_divider admin_label=\u00bbSeparador\u00bb color=\u00bb#ffffff\u00bb show_divider=\u00bboff\u00bb height=\u00bb2&#8243; divider_style=\u00bbsolid\u00bb divider_position=\u00bbtop\u00bb hide_on_mobile=\u00bbon\u00bb module_class=\u00bbseparador50&#8243;]<br \/>\n[\/et_pb_divider][et_pb_text admin_label=\u00bbINVESTIGACI\u00d3N\u00bb background_layout=\u00bblight\u00bb text_orientation=\u00bbleft\u00bb use_border_color=\u00bboff\u00bb border_color=\u00bb#ffffff\u00bb border_style=\u00bbsolid\u00bb module_class=\u00bbnom-soci font-avenir-black mida22 taronjafosc\u00bb]<\/p>\n<h3>INVESTIGACI\u00d3N<\/h3>\n<p>[\/et_pb_text][et_pb_text admin_label=\u00bbTexto\u00bb background_layout=\u00bblight\u00bb text_orientation=\u00bbjustified\u00bb use_border_color=\u00bboff\u00bb border_color=\u00bb#ffffff\u00bb border_style=\u00bbsolid\u00bb module_class=\u00bbtext-seccio-central font-avenir-variable mida16 grisfosc\u00bb]<\/p>\n<p class=\"p1\"><span class=\"s1\"><b>INVENTARIOS DEL PATRIMONIO CULTURAL<br \/>\n<\/b><\/span><span class=\"s1\">Para el desarrollo de proyectos vinculados al patrimonio cultural y el turismo es imprescindible, en primer lugar, conocer el patrimonio cultural que tiene cada municipio. Realizamos inventarios de patrimonio cultural que incluyen el patrimonio inmueble, mueble, documental, inmaterial y natural.<\/span><\/p>\n<p class=\"p1\"><span class=\"s1\"><b>INVESTIGACI\u00d3N HIST\u00d3RICA Y PATRIMONIAL PARA PUBLICACIONES<br \/>\n<\/b><\/span><span class=\"s1\">Realizamos todo tipo de estudios vinculados a la historia de un municipio o de alg\u00fan elemento en concreto del patrimonio cultural, ya sea para la publicaci\u00f3n de libros, art\u00edculos o informaci\u00f3n tur\u00edstica.<\/span><\/p>\n<p class=\"p1\"><span class=\"s1\"><b>INVESTIGACI\u00d3N HIST\u00d3RICA PARA PROYECTOS TRANSVERSALES<br \/>\n<\/b><\/span><span class=\"s1\">El patrimonio cultural es una disciplina muy transversal y que puede entrar en diferentes \u00e1mbitos profesionales. Ofrecemos un servicio de investigaci\u00f3n hist\u00f3rica o patrimonial para empresas privadas o instituciones p\u00fablicas, de sectores no vinculados al patrimonio cultural.<\/span><\/p>\n<p>[\/et_pb_text][et_pb_divider admin_label=\u00bbSeparador\u00bb color=\u00bb#ffffff\u00bb show_divider=\u00bboff\u00bb divider_style=\u00bbsolid\u00bb divider_position=\u00bbtop\u00bb hide_on_mobile=\u00bbon\u00bb module_class=\u00bbseparador50&#8243;]<br \/>\n[\/et_pb_divider][\/et_pb_column][et_pb_column type=\u00bb1_4&#8243;][\/et_pb_column][\/et_pb_row][\/et_pb_section][et_pb_section admin_label=\u00bbSecci\u00f3n\u00bb fullwidth=\u00bboff\u00bb specialty=\u00bboff\u00bb transparent_background=\u00bboff\u00bb background_color=\u00bb#ffffff\u00bb allow_player_pause=\u00bboff\u00bb inner_shadow=\u00bboff\u00bb parallax=\u00bboff\u00bb parallax_method=\u00bboff\u00bb custom_padding=\u00bb5px||5px|\u00bb padding_mobile=\u00bbon\u00bb make_fullwidth=\u00bboff\u00bb use_custom_width=\u00bboff\u00bb width_unit=\u00bbon\u00bb make_equal=\u00bboff\u00bb use_custom_gutter=\u00bboff\u00bb module_id=\u00bbproteccio\u00bb custom_padding_phone=\u00bb35px||5px|\u00bb custom_padding_last_edited=\u00bbon|phone\u00bb][et_pb_row admin_label=\u00bbFila\u00bb make_fullwidth=\u00bboff\u00bb use_custom_width=\u00bboff\u00bb width_unit=\u00bbon\u00bb use_custom_gutter=\u00bbon\u00bb custom_padding=\u00bb0px||0px|\u00bb padding_mobile=\u00bbon\u00bb allow_player_pause=\u00bboff\u00bb parallax=\u00bboff\u00bb parallax_method=\u00bboff\u00bb make_equal=\u00bboff\u00bb parallax_1=\u00bboff\u00bb parallax_method_1=\u00bboff\u00bb parallax_2=\u00bboff\u00bb parallax_method_2=\u00bboff\u00bb background_color_2=\u00bb#ffffff\u00bb parallax_3=\u00bboff\u00bb parallax_method_3=\u00bboff\u00bb column_padding_mobile=\u00bbon\u00bb module_class_2=\u00bbcolumna-amb-linea-sota\u00bb][et_pb_column type=\u00bb1_4&#8243;][\/et_pb_column][et_pb_column type=\u00bb1_2&#8243;][et_pb_divider admin_label=\u00bbSeparador\u00bb color=\u00bb#ffffff\u00bb show_divider=\u00bboff\u00bb height=\u00bb2&#8243; divider_style=\u00bbsolid\u00bb divider_position=\u00bbtop\u00bb hide_on_mobile=\u00bbon\u00bb module_class=\u00bbseparador50&#8243;]<br \/>\n[\/et_pb_divider][et_pb_text admin_label=\u00bbPROTECCI\u00d3, CONSERVACI\u00d3 I RESTAURACI\u00d3\u00bb background_layout=\u00bblight\u00bb text_orientation=\u00bbleft\u00bb use_border_color=\u00bboff\u00bb border_color=\u00bb#ffffff\u00bb border_style=\u00bbsolid\u00bb module_class=\u00bbnom-soci font-avenir-black mida22 taronjafosc\u00bb]<\/p>\n<h3>PROTECCI\u00d3N, CONSERVACI\u00d3N Y RESTAURACI\u00d3N<\/h3>\n<p>[\/et_pb_text][et_pb_text admin_label=\u00bbTexto\u00bb background_layout=\u00bblight\u00bb text_orientation=\u00bbjustified\u00bb use_border_color=\u00bboff\u00bb border_color=\u00bb#ffffff\u00bb border_style=\u00bbsolid\u00bb module_class=\u00bbtext-seccio-central font-avenir-variable mida16 grisfosc\u00bb]<\/p>\n<p class=\"p1\"><span class=\"s1\"><b>CAT\u00c1LOGOS DE BIENES A PROTEGER<br \/>\n<\/b><\/span><span class=\"s1\">Ofrecemos la redacci\u00f3n de estos cat\u00e1logos, que son el primer paso para la conservaci\u00f3n del patrimonio del municipio. Trabajamos con arquitectos, ambient\u00f3logos, ge\u00f3grafos, arque\u00f3logos y restauradores para que estos cat\u00e1logos hagan una radiograf\u00eda del estado actual del patrimonio e incluyan las medidas necesarias para velar por su conservaci\u00f3n.<\/span><\/p>\n<p class=\"p1\"><span class=\"s1\"><b>DECLARACI\u00d3N DE BCIL Y BCIN<br \/>\n<\/b><\/span><span class=\"s1\">Realizamos los informes necesarios para la declaraci\u00f3n de Bienes Culturales de Inter\u00e9s Local para los municipios, que son los que tienen las competencias para iniciar el proceso de declaraci\u00f3n. En el caso de los Bienes Culturales de Inter\u00e9s Nacional, iniciamos los tr\u00e1mites para que los t\u00e9cnicos del Departamento de Cultura de la Generalitat inicien el expediente para su declaraci\u00f3n. Tambi\u00e9n revisamos la correcta aplicaci\u00f3n de los grados de protecci\u00f3n legal de los elementos locales.<\/span><\/p>\n<p class=\"p1\"><span class=\"s1\"><b>CONSERVACI\u00d3N DEL PATRIMONIO<br \/>\n<\/b><\/span><span class=\"s1\">Con la colaboraci\u00f3n de profesionales de los campos de la restauraci\u00f3n y la conservaci\u00f3n del patrimonio, marcamos las pautas a seguir, sobre todo por lo que se refiere a las vinculadas a la conservaci\u00f3n preventiva, para evitar la degradaci\u00f3n del bien patrimonial. Estudiamos cuidadosamente cada caso y ofrecemos la mejor soluci\u00f3n posible para su conservaci\u00f3n.<\/span><\/p>\n<p class=\"p1\"><span class=\"s1\"><b>RESTAURACI\u00d3N DEL PATRIMONIO<br \/>\n<\/b><\/span><span class=\"s1\">Desgraciadamente, en muchas ocasiones se debe intervenir en un bien patrimonial para recuperar aquellos valores que lo caracterizaban. Contamos con restauradores especialistas en diferentes disciplinas, como escultura, arqueolog\u00eda, pintura, madera, papel o fotograf\u00eda, y tambi\u00e9n con arquitectos especializados en restauraci\u00f3n de monumentos.<\/span><\/p>\n<p>[\/et_pb_text][et_pb_divider admin_label=\u00bbSeparador\u00bb color=\u00bb#ffffff\u00bb show_divider=\u00bboff\u00bb divider_style=\u00bbsolid\u00bb divider_position=\u00bbtop\u00bb hide_on_mobile=\u00bbon\u00bb module_class=\u00bbseparador50&#8243;]<br \/>\n[\/et_pb_divider][\/et_pb_column][et_pb_column type=\u00bb1_4&#8243;][\/et_pb_column][\/et_pb_row][\/et_pb_section][et_pb_section admin_label=\u00bbSecci\u00f3n\u00bb fullwidth=\u00bboff\u00bb specialty=\u00bboff\u00bb transparent_background=\u00bboff\u00bb background_color=\u00bb#ffffff\u00bb allow_player_pause=\u00bboff\u00bb inner_shadow=\u00bboff\u00bb parallax=\u00bboff\u00bb parallax_method=\u00bboff\u00bb custom_padding=\u00bb5px||5px|\u00bb padding_mobile=\u00bbon\u00bb make_fullwidth=\u00bboff\u00bb use_custom_width=\u00bboff\u00bb width_unit=\u00bbon\u00bb make_equal=\u00bboff\u00bb use_custom_gutter=\u00bboff\u00bb module_id=\u00bbdidactica\u00bb custom_padding_phone=\u00bb35px||5px|\u00bb custom_padding_last_edited=\u00bbon|phone\u00bb][et_pb_row admin_label=\u00bbFila\u00bb make_fullwidth=\u00bboff\u00bb use_custom_width=\u00bboff\u00bb width_unit=\u00bbon\u00bb use_custom_gutter=\u00bbon\u00bb custom_padding=\u00bb0px||0px|\u00bb padding_mobile=\u00bbon\u00bb allow_player_pause=\u00bboff\u00bb parallax=\u00bboff\u00bb parallax_method=\u00bboff\u00bb make_equal=\u00bboff\u00bb parallax_1=\u00bboff\u00bb parallax_method_1=\u00bboff\u00bb parallax_2=\u00bboff\u00bb parallax_method_2=\u00bboff\u00bb background_color_2=\u00bb#ffffff\u00bb parallax_3=\u00bboff\u00bb parallax_method_3=\u00bboff\u00bb column_padding_mobile=\u00bbon\u00bb module_class_2=\u00bbcolumna-amb-linea-sota\u00bb][et_pb_column type=\u00bb1_4&#8243;][\/et_pb_column][et_pb_column type=\u00bb1_2&#8243;][et_pb_divider admin_label=\u00bbSeparador\u00bb color=\u00bb#ffffff\u00bb show_divider=\u00bboff\u00bb height=\u00bb2&#8243; divider_style=\u00bbsolid\u00bb divider_position=\u00bbtop\u00bb hide_on_mobile=\u00bbon\u00bb module_class=\u00bbseparador50&#8243;]<br \/>\n[\/et_pb_divider][et_pb_text admin_label=\u00bb DID\u00c0CTICA DEL PATRIMONI\u00bb background_layout=\u00bblight\u00bb text_orientation=\u00bbleft\u00bb use_border_color=\u00bboff\u00bb border_color=\u00bb#ffffff\u00bb border_style=\u00bbsolid\u00bb module_class=\u00bbnom-soci font-avenir-black mida22 taronjafosc\u00bb]<\/p>\n<h3>DID\u00c1CTICA DEL PATRIMONIO<\/h3>\n<p>[\/et_pb_text][et_pb_text admin_label=\u00bbTexto\u00bb background_layout=\u00bblight\u00bb text_orientation=\u00bbjustified\u00bb use_border_color=\u00bboff\u00bb border_color=\u00bb#ffffff\u00bb border_style=\u00bbsolid\u00bb module_class=\u00bbtext-seccio-central font-avenir-variable mida16 grisfosc\u00bb]<\/p>\n<p class=\"p1\"><span class=\"s1\"><b>PROYECTOS EDUCATIVOS<br \/>\n<\/b><\/span><span class=\"s1\">Ofrecemos un servicio para equipamientos muse\u00edsticos y concejal\u00edas de Cultura para que puedan implementar programas educativos adaptados a las necesidades de cada etapa educativa y de acuerdo con las competencias marcadas por los curr\u00edculos aprobados por el Departamento de Ense\u00f1anza de la Generalitat de Catalunya. Dise\u00f1o de materiales s\u00f3lidos y de calidad, maximizando el ahorro y la eficiencia en el uso de los recursos, y asegurando su perdurabilidad.<\/span><\/p>\n<p>[\/et_pb_text][et_pb_divider admin_label=\u00bbSeparador\u00bb color=\u00bb#ffffff\u00bb show_divider=\u00bboff\u00bb divider_style=\u00bbsolid\u00bb divider_position=\u00bbtop\u00bb hide_on_mobile=\u00bbon\u00bb module_class=\u00bbseparador50&#8243;]<br \/>\n[\/et_pb_divider][\/et_pb_column][et_pb_column type=\u00bb1_4&#8243;][\/et_pb_column][\/et_pb_row][\/et_pb_section][et_pb_section admin_label=\u00bbSecci\u00f3n\u00bb fullwidth=\u00bboff\u00bb specialty=\u00bboff\u00bb transparent_background=\u00bboff\u00bb background_color=\u00bb#ffffff\u00bb allow_player_pause=\u00bboff\u00bb inner_shadow=\u00bboff\u00bb parallax=\u00bboff\u00bb parallax_method=\u00bboff\u00bb custom_padding=\u00bb5px||5px|\u00bb padding_mobile=\u00bbon\u00bb make_fullwidth=\u00bboff\u00bb use_custom_width=\u00bboff\u00bb width_unit=\u00bbon\u00bb make_equal=\u00bboff\u00bb use_custom_gutter=\u00bboff\u00bb module_id=\u00bbespais\u00bb custom_padding_phone=\u00bb35px||5px|\u00bb custom_padding_last_edited=\u00bbon|phone\u00bb][et_pb_row admin_label=\u00bbFila\u00bb make_fullwidth=\u00bboff\u00bb use_custom_width=\u00bboff\u00bb width_unit=\u00bbon\u00bb use_custom_gutter=\u00bbon\u00bb custom_padding=\u00bb0px||0px|\u00bb padding_mobile=\u00bbon\u00bb allow_player_pause=\u00bboff\u00bb parallax=\u00bboff\u00bb parallax_method=\u00bboff\u00bb make_equal=\u00bboff\u00bb parallax_1=\u00bboff\u00bb parallax_method_1=\u00bboff\u00bb parallax_2=\u00bboff\u00bb parallax_method_2=\u00bboff\u00bb background_color_2=\u00bb#ffffff\u00bb parallax_3=\u00bboff\u00bb parallax_method_3=\u00bboff\u00bb column_padding_mobile=\u00bbon\u00bb module_class_2=\u00bbcolumna-amb-linea-sota\u00bb][et_pb_column type=\u00bb1_4&#8243;][\/et_pb_column][et_pb_column type=\u00bb1_2&#8243;][et_pb_divider admin_label=\u00bbSeparador\u00bb color=\u00bb#ffffff\u00bb show_divider=\u00bboff\u00bb height=\u00bb2&#8243; divider_style=\u00bbsolid\u00bb divider_position=\u00bbtop\u00bb hide_on_mobile=\u00bbon\u00bb module_class=\u00bbseparador50&#8243;]<br \/>\n[\/et_pb_divider][et_pb_text admin_label=\u00bbESPAIS D\u2019INTERPRETACI\u00d3\u00bb background_layout=\u00bblight\u00bb text_orientation=\u00bbleft\u00bb use_border_color=\u00bboff\u00bb border_color=\u00bb#ffffff\u00bb border_style=\u00bbsolid\u00bb module_class=\u00bbnom-soci font-avenir-black mida22 taronjafosc\u00bb]<\/p>\n<h3>ESPACIOS DE INTERPRETACI\u00d3N<\/h3>\n<p>[\/et_pb_text][et_pb_text admin_label=\u00bbTexto\u00bb background_layout=\u00bblight\u00bb text_orientation=\u00bbjustified\u00bb use_border_color=\u00bboff\u00bb border_color=\u00bb#ffffff\u00bb border_style=\u00bbsolid\u00bb module_class=\u00bbtext-seccio-central font-avenir-variable mida16 grisfosc\u00bb]<\/p>\n<p class=\"p1\"><span class=\"s1\"><b>DISE\u00d1O DE EXPOSICIONES<br \/>\n<\/b><\/span><span class=\"s1\">Ofrecemos un servicio de conceptualizaci\u00f3n y dise\u00f1o museogr\u00e1fico para museos, equipamientos culturales y municipios que quieran dar a conocer la herencia cultural y patrimonial recibida, con propuestas din\u00e1micas, detallistas, adecuadas a las posibilidades de nuestro cliente y que quieran emocionar a los visitantes y difundir las singularidades del entorno. El amplio y diverso equipo de colaboradores nos garantiza la calidad y personalizaci\u00f3n del proyecto adaptado a los objetivos y entornos necesarios.<\/span><\/p>\n<p class=\"p1\"><span class=\"s1\"><b>MUSEOS<br \/>\n<\/b><\/span><span class=\"s1\">Conceptualizaci\u00f3n, dise\u00f1o y producci\u00f3n de actualizaciones e intervenciones museogr\u00e1ficas para actualizar espacios interpretativos, salas de exposiciones permanentes y de exposiciones temporales.<\/span><\/p>\n<p class=\"p1\"><span class=\"s1\"><b>TERRITORIOS EXPOSITIVOS<br \/>\n<\/b><\/span><span class=\"s1\">Huyendo de la versi\u00f3n tradicional de museo, el territorio representa un aut\u00e9ntico espacio para conocer e interpretar el patrimonio. Ponemos las herramientas al alcance de los municipios para convertir el territorio en un aut\u00e9ntico espacio de interpretaci\u00f3n al aire libre, donde los visitantes y lugare\u00f1os puedan conocerlo de primera mano.<\/span><\/p>\n<p>[\/et_pb_text][et_pb_divider admin_label=\u00bbSeparador\u00bb color=\u00bb#ffffff\u00bb show_divider=\u00bboff\u00bb divider_style=\u00bbsolid\u00bb divider_position=\u00bbtop\u00bb hide_on_mobile=\u00bbon\u00bb module_class=\u00bbseparador50&#8243;]<br \/>\n[\/et_pb_divider][\/et_pb_column][et_pb_column type=\u00bb1_4&#8243;][\/et_pb_column][\/et_pb_row][\/et_pb_section][et_pb_section admin_label=\u00bbSecci\u00f3n\u00bb fullwidth=\u00bboff\u00bb specialty=\u00bboff\u00bb transparent_background=\u00bboff\u00bb background_color=\u00bb#ffffff\u00bb allow_player_pause=\u00bboff\u00bb inner_shadow=\u00bboff\u00bb parallax=\u00bboff\u00bb parallax_method=\u00bboff\u00bb custom_padding=\u00bb5px||5px|\u00bb padding_mobile=\u00bbon\u00bb make_fullwidth=\u00bboff\u00bb use_custom_width=\u00bboff\u00bb width_unit=\u00bbon\u00bb make_equal=\u00bboff\u00bb use_custom_gutter=\u00bboff\u00bb module_id=\u00bbformacio\u00bb custom_padding_phone=\u00bb35px||5px|\u00bb custom_padding_last_edited=\u00bbon|phone\u00bb][et_pb_row admin_label=\u00bbFila\u00bb make_fullwidth=\u00bboff\u00bb use_custom_width=\u00bboff\u00bb width_unit=\u00bbon\u00bb use_custom_gutter=\u00bbon\u00bb custom_padding=\u00bb0px||0px|\u00bb padding_mobile=\u00bbon\u00bb allow_player_pause=\u00bboff\u00bb parallax=\u00bboff\u00bb parallax_method=\u00bboff\u00bb make_equal=\u00bboff\u00bb parallax_1=\u00bboff\u00bb parallax_method_1=\u00bboff\u00bb parallax_2=\u00bboff\u00bb parallax_method_2=\u00bboff\u00bb background_color_2=\u00bb#ffffff\u00bb parallax_3=\u00bboff\u00bb parallax_method_3=\u00bboff\u00bb column_padding_mobile=\u00bbon\u00bb module_class_2=\u00bbcolumna-amb-linea-sota\u00bb][et_pb_column type=\u00bb1_4&#8243;][\/et_pb_column][et_pb_column type=\u00bb1_2&#8243;][et_pb_divider admin_label=\u00bbSeparador\u00bb color=\u00bb#ffffff\u00bb show_divider=\u00bboff\u00bb height=\u00bb2&#8243; divider_style=\u00bbsolid\u00bb divider_position=\u00bbtop\u00bb hide_on_mobile=\u00bbon\u00bb module_class=\u00bbseparador50&#8243;]<br \/>\n[\/et_pb_divider][et_pb_text admin_label=\u00bbFormaci\u00f3\u00bb background_layout=\u00bblight\u00bb text_orientation=\u00bbleft\u00bb use_border_color=\u00bboff\u00bb border_color=\u00bb#ffffff\u00bb border_style=\u00bbsolid\u00bb module_class=\u00bbnom-soci font-avenir-black mida22 taronjafosc\u00bb]<\/p>\n<h3>FORMACI\u00d3N<\/h3>\n<p>[\/et_pb_text][et_pb_text admin_label=\u00bbTexto\u00bb background_layout=\u00bblight\u00bb text_orientation=\u00bbjustified\u00bb use_border_color=\u00bboff\u00bb border_color=\u00bb#ffffff\u00bb border_style=\u00bbsolid\u00bb module_class=\u00bbtext-seccio-central font-avenir-variable mida16 grisfosc\u00bb]<\/p>\n<p class=\"p1\"><span class=\"s1\"><b>CURSOS SOBRE GESTI\u00d3N DEL PATRIMONIO CULTURAL<br \/>\n<\/b><\/span><span class=\"s1\">Nuestra experiencia en la realizaci\u00f3n de proyectos en torno al patrimonio cultural en el \u00e1mbito local nos permite dar un enfoque diferente a la gesti\u00f3n del patrimonio cultural. Nuestros cursos est\u00e1n dirigidos a programas de m\u00e1steres, postgrados o grados que dediquen asignaturas a la gesti\u00f3n del patrimonio cultural.<\/span><\/p>\n<p class=\"p1\"><span class=\"s1\"><b>CHARLAS EN TORNO AL PATRIMONIO CULTURAL<br \/>\n<\/b><\/span>Realizamos charlas a medida en torno el patrimonio cultural de un municipio, o un territorio m\u00e1s amplio, ya sea para Ayuntamientos, Consejos Comarcales, Entidades Culturales o Museos.<\/p>\n<p>[\/et_pb_text][et_pb_divider admin_label=\u00bbSeparador\u00bb color=\u00bb#ffffff\u00bb show_divider=\u00bboff\u00bb divider_style=\u00bbsolid\u00bb divider_position=\u00bbtop\u00bb hide_on_mobile=\u00bbon\u00bb module_class=\u00bbseparador50&#8243;]<br \/>\n[\/et_pb_divider][\/et_pb_column][et_pb_column type=\u00bb1_4&#8243;][\/et_pb_column][\/et_pb_row][et_pb_row admin_label=\u00bbRow\u00bb][et_pb_column type=\u00bb4_4&#8243;][\/et_pb_column][\/et_pb_row][\/et_pb_section]<\/p>\n","protected":false},"excerpt":{"rendered":"<p>[et_pb_section admin_label=\u00bbsection\u00bb transparent_background=\u00bboff\u00bb background_color=\u00bb#eeeded\u00bb allow_player_pause=\u00bboff\u00bb inner_shadow=\u00bboff\u00bb parallax=\u00bboff\u00bb parallax_method=\u00bboff\u00bb custom_padding=\u00bb0px||0px|\u00bb padding_mobile=\u00bbon\u00bb make_fullwidth=\u00bboff\u00bb use_custom_width=\u00bboff\u00bb width_unit=\u00bbon\u00bb make_equal=\u00bboff\u00bb use_custom_gutter=\u00bboff\u00bb module_class=\u00bbseciosubmenuweb oberta beforeposic3&#8243;][et_pb_row admin_label=\u00bbrow\u00bb make_fullwidth=\u00bboff\u00bb [&hellip;]<\/p>\n","protected":false},"author":1,"featured_media":0,"parent":0,"menu_order":0,"comment_status":"closed","ping_status":"closed","template":"","meta":{"_et_pb_use_builder":"on","_et_pb_old_content":"","_et_gb_content_width":""},"acf":[],"yoast_head":"<!-- This site is optimized with the Yoast SEO plugin v19.13 - https:\/\/yoast.com\/wordpress\/plugins\/seo\/ -->\n<title>Patrimonio - INSITU - PATRIMONIO Y TURISMO<\/title>\n<meta name=\"description\" content=\"Desarrollamos proyectos en torno al patrimonio cultural para su conservaci\u00f3n, protecci\u00f3n, investigaci\u00f3n, recuperaci\u00f3n y puesta en valor, a fin de que se convierta en uno de los motores del desarrollo econ\u00f3mico del territorio.\" \/>\n<meta name=\"robots\" content=\"index, follow, max-snippet:-1, max-image-preview:large, max-video-preview:-1\" \/>\n<link rel=\"canonical\" href=\"https:\/\/www.in-situ.cat\/es\/patrimonio\/\" \/>\n<meta property=\"og:locale\" content=\"es_ES\" \/>\n<meta property=\"og:type\" content=\"article\" \/>\n<meta property=\"og:title\" content=\"Patrimonio - INSITU - PATRIMONIO Y TURISMO\" \/>\n<meta property=\"og:description\" content=\"Desarrollamos proyectos en torno al patrimonio cultural para su conservaci\u00f3n, protecci\u00f3n, investigaci\u00f3n, recuperaci\u00f3n y puesta en valor, a fin de que se convierta en uno de los motores del desarrollo econ\u00f3mico del territorio.\" \/>\n<meta property=\"og:url\" content=\"https:\/\/www.in-situ.cat\/es\/patrimonio\/\" \/>\n<meta property=\"og:site_name\" content=\"INSITU\" \/>\n<meta property=\"article:publisher\" content=\"https:\/\/www.facebook.com\/INSITU.Cultura.Patrimoni.Turisme\/\" \/>\n<meta property=\"article:modified_time\" content=\"2016-09-03T10:03:13+00:00\" \/>\n<meta property=\"og:image\" content=\"https:\/\/www.in-situ.cat\/media\/insitu-pantalla.png\" \/>\n\t<meta property=\"og:image:width\" content=\"1250\" \/>\n\t<meta property=\"og:image:height\" content=\"774\" \/>\n\t<meta property=\"og:image:type\" content=\"image\/png\" \/>\n<meta name=\"twitter:card\" content=\"summary_large_image\" \/>\n<meta name=\"twitter:site\" content=\"@insitupatrimoni\" \/>\n<meta name=\"twitter:label1\" content=\"Tiempo de lectura\" \/>\n\t<meta name=\"twitter:data1\" content=\"31 minutos\" \/>\n<script type=\"application\/ld+json\" class=\"yoast-schema-graph\">{\"@context\":\"https:\/\/schema.org\",\"@graph\":[{\"@type\":\"WebPage\",\"@id\":\"https:\/\/www.in-situ.cat\/es\/patrimonio\/\",\"url\":\"https:\/\/www.in-situ.cat\/es\/patrimonio\/\",\"name\":\"Patrimonio - INSITU - PATRIMONIO Y TURISMO\",\"isPartOf\":{\"@id\":\"https:\/\/www.in-situ.cat\/#website\"},\"datePublished\":\"2016-07-14T05:28:49+00:00\",\"dateModified\":\"2016-09-03T10:03:13+00:00\",\"description\":\"Desarrollamos proyectos en torno al patrimonio cultural para su conservaci\u00f3n, protecci\u00f3n, investigaci\u00f3n, recuperaci\u00f3n y puesta en valor, a fin de que se convierta en uno de los motores del desarrollo econ\u00f3mico del territorio.\",\"breadcrumb\":{\"@id\":\"https:\/\/www.in-situ.cat\/es\/patrimonio\/#breadcrumb\"},\"inLanguage\":\"es\",\"potentialAction\":[{\"@type\":\"ReadAction\",\"target\":[\"https:\/\/www.in-situ.cat\/es\/patrimonio\/\"]}]},{\"@type\":\"BreadcrumbList\",\"@id\":\"https:\/\/www.in-situ.cat\/es\/patrimonio\/#breadcrumb\",\"itemListElement\":[{\"@type\":\"ListItem\",\"position\":1,\"name\":\"Inici\",\"item\":\"https:\/\/www.in-situ.cat\/es\/\"},{\"@type\":\"ListItem\",\"position\":2,\"name\":\"Patrimonio\"}]},{\"@type\":\"WebSite\",\"@id\":\"https:\/\/www.in-situ.cat\/#website\",\"url\":\"https:\/\/www.in-situ.cat\/\",\"name\":\"INSITU\",\"description\":\"PATRIMONIO Y TURISMO\",\"potentialAction\":[{\"@type\":\"SearchAction\",\"target\":{\"@type\":\"EntryPoint\",\"urlTemplate\":\"https:\/\/www.in-situ.cat\/?s={search_term_string}\"},\"query-input\":\"required name=search_term_string\"}],\"inLanguage\":\"es\"}]}<\/script>\n<!-- \/ Yoast SEO plugin. -->","yoast_head_json":{"title":"Patrimonio - INSITU - PATRIMONIO Y TURISMO","description":"Desarrollamos proyectos en torno al patrimonio cultural para su conservaci\u00f3n, protecci\u00f3n, investigaci\u00f3n, recuperaci\u00f3n y puesta en valor, a fin de que se convierta en uno de los motores del desarrollo econ\u00f3mico del territorio.","robots":{"index":"index","follow":"follow","max-snippet":"max-snippet:-1","max-image-preview":"max-image-preview:large","max-video-preview":"max-video-preview:-1"},"canonical":"https:\/\/www.in-situ.cat\/es\/patrimonio\/","og_locale":"es_ES","og_type":"article","og_title":"Patrimonio - INSITU - PATRIMONIO Y TURISMO","og_description":"Desarrollamos proyectos en torno al patrimonio cultural para su conservaci\u00f3n, protecci\u00f3n, investigaci\u00f3n, recuperaci\u00f3n y puesta en valor, a fin de que se convierta en uno de los motores del desarrollo econ\u00f3mico del territorio.","og_url":"https:\/\/www.in-situ.cat\/es\/patrimonio\/","og_site_name":"INSITU","article_publisher":"https:\/\/www.facebook.com\/INSITU.Cultura.Patrimoni.Turisme\/","article_modified_time":"2016-09-03T10:03:13+00:00","og_image":[{"width":1250,"height":774,"url":"https:\/\/www.in-situ.cat\/media\/insitu-pantalla.png","type":"image\/png"}],"twitter_card":"summary_large_image","twitter_site":"@insitupatrimoni","twitter_misc":{"Tiempo de lectura":"31 minutos"},"schema":{"@context":"https:\/\/schema.org","@graph":[{"@type":"WebPage","@id":"https:\/\/www.in-situ.cat\/es\/patrimonio\/","url":"https:\/\/www.in-situ.cat\/es\/patrimonio\/","name":"Patrimonio - INSITU - PATRIMONIO Y TURISMO","isPartOf":{"@id":"https:\/\/www.in-situ.cat\/#website"},"datePublished":"2016-07-14T05:28:49+00:00","dateModified":"2016-09-03T10:03:13+00:00","description":"Desarrollamos proyectos en torno al patrimonio cultural para su conservaci\u00f3n, protecci\u00f3n, investigaci\u00f3n, recuperaci\u00f3n y puesta en valor, a fin de que se convierta en uno de los motores del desarrollo econ\u00f3mico del territorio.","breadcrumb":{"@id":"https:\/\/www.in-situ.cat\/es\/patrimonio\/#breadcrumb"},"inLanguage":"es","potentialAction":[{"@type":"ReadAction","target":["https:\/\/www.in-situ.cat\/es\/patrimonio\/"]}]},{"@type":"BreadcrumbList","@id":"https:\/\/www.in-situ.cat\/es\/patrimonio\/#breadcrumb","itemListElement":[{"@type":"ListItem","position":1,"name":"Inici","item":"https:\/\/www.in-situ.cat\/es\/"},{"@type":"ListItem","position":2,"name":"Patrimonio"}]},{"@type":"WebSite","@id":"https:\/\/www.in-situ.cat\/#website","url":"https:\/\/www.in-situ.cat\/","name":"INSITU","description":"PATRIMONIO Y TURISMO","potentialAction":[{"@type":"SearchAction","target":{"@type":"EntryPoint","urlTemplate":"https:\/\/www.in-situ.cat\/?s={search_term_string}"},"query-input":"required name=search_term_string"}],"inLanguage":"es"}]}},"publishpress_future_action":{"enabled":false,"date":"2026-05-10 15:37:07","action":"draft","terms":[],"taxonomy":""},"_links":{"self":[{"href":"https:\/\/www.in-situ.cat\/es\/wp-json\/wp\/v2\/pages\/2693"}],"collection":[{"href":"https:\/\/www.in-situ.cat\/es\/wp-json\/wp\/v2\/pages"}],"about":[{"href":"https:\/\/www.in-situ.cat\/es\/wp-json\/wp\/v2\/types\/page"}],"author":[{"embeddable":true,"href":"https:\/\/www.in-situ.cat\/es\/wp-json\/wp\/v2\/users\/1"}],"replies":[{"embeddable":true,"href":"https:\/\/www.in-situ.cat\/es\/wp-json\/wp\/v2\/comments?post=2693"}],"version-history":[{"count":0,"href":"https:\/\/www.in-situ.cat\/es\/wp-json\/wp\/v2\/pages\/2693\/revisions"}],"wp:attachment":[{"href":"https:\/\/www.in-situ.cat\/es\/wp-json\/wp\/v2\/media?parent=2693"}],"curies":[{"name":"wp","href":"https:\/\/api.w.org\/{rel}","templated":true}]}}