{"id":9438,"date":"2021-05-01T08:43:05","date_gmt":"2021-05-01T06:43:05","guid":{"rendered":"https:\/\/www.in-situ.cat\/tours-360\/"},"modified":"2021-05-13T12:22:00","modified_gmt":"2021-05-13T10:22:00","slug":"tours-360","status":"publish","type":"page","link":"https:\/\/www.in-situ.cat\/es\/tours-360\/","title":{"rendered":"TOURS 360"},"content":{"rendered":"<p>[et_pb_section fb_built=\u00bb1&#8243; admin_label=\u00bbsubmenu-tancat\u00bb module_class=\u00bbseciosubmenuweb tancada\u00bb _builder_version=\u00bb3.22&#8243; background_color=\u00bb#eeeded\u00bb custom_padding=\u00bb0px||0px|\u00bb custom_padding_tablet=\u00bb0px||0px|\u00bb transparent_background=\u00bboff\u00bb padding_mobile=\u00bbon\u00bb make_fullwidth=\u00bboff\u00bb use_custom_width=\u00bboff\u00bb width_unit=\u00bbon\u00bb locked=\u00bboff\u00bb collapsed=\u00bboff\u00bb][et_pb_row use_custom_gutter=\u00bbon\u00bb padding_mobile=\u00bbon\u00bb column_padding_mobile=\u00bbon\u00bb admin_label=\u00bbrow\u00bb _builder_version=\u00bb3.25&#8243; background_size=\u00bbinitial\u00bb background_position=\u00bbtop_left\u00bb background_repeat=\u00bbrepeat\u00bb custom_padding=\u00bb26px||0px|\u00bb make_fullwidth=\u00bboff\u00bb use_custom_width=\u00bboff\u00bb width_unit=\u00bbon\u00bb][et_pb_column type=\u00bb4_4&#8243; _builder_version=\u00bb3.25&#8243; custom_padding=\u00bb|||\u00bb custom_padding__hover=\u00bb|||\u00bb][\/et_pb_column][\/et_pb_row][\/et_pb_section][et_pb_section fb_built=\u00bb1&#8243; custom_padding_last_edited=\u00bbon|phone\u00bb admin_label=\u00bbSecci\u00f3n\u00bb module_id=\u00bbinsitu\u00bb _builder_version=\u00bb3.22&#8243; background_color=\u00bb#ffffff\u00bb custom_padding=\u00bb20px||25px|\u00bb custom_padding_tablet=\u00bb20px||15px|\u00bb custom_padding_phone=\u00bb20px||0px|\u00bb transparent_background=\u00bboff\u00bb padding_mobile=\u00bbon\u00bb make_fullwidth=\u00bboff\u00bb use_custom_width=\u00bboff\u00bb width_unit=\u00bbon\u00bb][et_pb_row column_structure=\u00bb1_4,1_2,1_4&#8243; use_custom_gutter=\u00bbon\u00bb padding_mobile=\u00bbon\u00bb column_padding_mobile=\u00bbon\u00bb custom_padding_last_edited=\u00bbon|phone\u00bb admin_label=\u00bbFila\u00bb _builder_version=\u00bb3.25&#8243; background_size=\u00bbinitial\u00bb background_position=\u00bbtop_left\u00bb background_repeat=\u00bbrepeat\u00bb custom_padding_tablet=\u00bb||0px|\u00bb custom_padding_phone=\u00bb\u00bb make_fullwidth=\u00bboff\u00bb use_custom_width=\u00bboff\u00bb width_unit=\u00bbon\u00bb][et_pb_column type=\u00bb1_4&#8243; _builder_version=\u00bb3.25&#8243; custom_padding=\u00bb|||\u00bb custom_padding__hover=\u00bb|||\u00bb][et_pb_divider show_divider=\u00bboff\u00bb disabled_on=\u00bbon|on|off\u00bb admin_label=\u00bbEspai pre-subcategories\u00bb _builder_version=\u00bb3.23.4&#8243; height=\u00bb3px\u00bb hide_on_mobile=\u00bbon\u00bb saved_tabs=\u00bball\u00bb][\/et_pb_divider][et_pb_toggle open=\u00bbon\u00bb admin_label=\u00bbsubcategories TOURS\u00bb module_class=\u00bbtoggle-subcategories togle_de_visitesvirtuals\u00bb _builder_version=\u00bb4.9.4&#8243; background_size=\u00bbinitial\u00bb background_position=\u00bbtop_left\u00bb background_repeat=\u00bbrepeat\u00bb hover_enabled=\u00bb0&#8243; use_border_color=\u00bboff\u00bb border_color=\u00bb#ffffff\u00bb border_style=\u00bbsolid\u00bb saved_tabs=\u00bball\u00bb sticky_enabled=\u00bb0&#8243;]<\/p>\n<ul class=\"menusub-categor submenutoursecat\">\n<li class=\"subcategories tour-patrimoni\"><a href=\"https:\/\/www.in-situ.cat\/es\/tours-360\/patrimonio\/\">Patrimonio<\/a><\/li>\n<li class=\"subcategories tour-museus\"><a href=\"https:\/\/www.in-situ.cat\/es\/tours-360\/museos\/\">Museos<\/a><\/li>\n<li class=\"subcategories tour-espnturals\"><a href=\"https:\/\/www.in-situ.cat\/es\/tours-360\/espacios-naturales\/\">Espacios Naturales<\/a><\/li>\n<li class=\"subcategories tour-urbans\"><a href=\"https:\/\/www.in-situ.cat\/es\/tours-360\/conjuntos-urbanos\/\">Conjuntos urbanos<\/a><\/li>\n<\/ul>\n<p>[\/et_pb_toggle][\/et_pb_column][et_pb_column type=\u00bb1_2&#8243; _builder_version=\u00bb3.25&#8243; custom_padding=\u00bb|||\u00bb custom_padding__hover=\u00bb|||\u00bb][et_pb_text admin_label=\u00bbtitol\u00bb module_class=\u00bbtitol-seccio-central font-avenir-black mida22 grisfosc\u00bb _builder_version=\u00bb4.9.4&#8243; background_size=\u00bbinitial\u00bb background_position=\u00bbtop_left\u00bb background_repeat=\u00bbrepeat\u00bb use_border_color=\u00bboff\u00bb border_color=\u00bb#ffffff\u00bb border_style=\u00bbsolid\u00bb]<\/p>\n<h1>VISITAS VIRTUALES 360\u00ba AL PATRIMONIO<\/h1>\n<p>[\/et_pb_text][et_pb_text admin_label=\u00bbTexto\u00bb module_class=\u00bbtext-seccio-central font-avenir-reg mida16 grisfosc\u00bb _builder_version=\u00bb4.9.4&#8243; background_size=\u00bbinitial\u00bb background_position=\u00bbtop_left\u00bb background_repeat=\u00bbrepeat\u00bb text_orientation=\u00bbjustified\u00bb use_border_color=\u00bboff\u00bb border_color=\u00bb#ffffff\u00bb border_style=\u00bbsolid\u00bb]<\/p>\n<p>La situaci\u00f3n derivada por la Covid-19 ha provocado repensar las relaciones que ten\u00edan las instituciones culturales y tur\u00edsticas con los visitantes. Tambi\u00e9n la percepci\u00f3n que se ten\u00eda del territorio m\u00e1s cercano como un entorno poco propicio para la visita, vi\u00e9ndolo actualmente como un espacio para descubrir. En este sentido, las visitas virtuales al patrimonio cultural y natural permiten conectar de una manera m\u00e1s real el patrimonio y los visitantes, ayudando a la toma de decisiones para visitar un lugar u otro. Por lo tanto, es una herramienta \u00fatil para la promoci\u00f3n del territorio. Pero tambi\u00e9n para conocerlo, ya que incorporamos recursos interpretativos como textos, im\u00e1genes, v\u00eddeos, audios, etc., que ayuden a comprender lo que se est\u00e1 viendo.<\/p>\n<p>Es una herramienta que aporta prestigio y calidad al destino, accesible a todos, y f\u00e1cilmente ampliable con tiempo y los contenidos.<\/p>\n<p>A trav\u00e9s de fotograf\u00edas 360\u00ba de alta calidad, acercamos cada rinc\u00f3n del territorio a los visitantes.<br \/><a href=\"https:\/\/www.in-situ.cat\/es\/contacta\/\">Ponte en contacto con nosotros,<\/a> y te explicaremos con m\u00e1s detalle c\u00f3mo las llevamos a cabo.<\/p>\n<p>[\/et_pb_text][et_pb_divider show_divider=\u00bboff\u00bb disabled_on=\u00bbon|on|off\u00bb admin_label=\u00bbSeparador\u00bb _builder_version=\u00bb3.23.4&#8243; height=\u00bb3px\u00bb hide_on_mobile=\u00bbon\u00bb][\/et_pb_divider][et_pb_divider color=\u00bb#c88868&#8243; divider_position=\u00bbbottom\u00bb divider_weight=\u00bb2&#8243; admin_label=\u00bbliniea separadora\u00bb _builder_version=\u00bb3.2&#8243; hide_on_mobile=\u00bboff\u00bb][\/et_pb_divider][et_pb_divider show_divider=\u00bboff\u00bb disabled_on=\u00bbon|on|off\u00bb admin_label=\u00bbSeparador\u00bb _builder_version=\u00bb4.9.4&#8243; height=\u00bb60px\u00bb hide_on_mobile=\u00bbon\u00bb][\/et_pb_divider][\/et_pb_column][et_pb_column type=\u00bb1_4&#8243; _builder_version=\u00bb3.25&#8243; custom_padding=\u00bb|||\u00bb custom_padding__hover=\u00bb|||\u00bb][\/et_pb_column][\/et_pb_row][\/et_pb_section][et_pb_section fb_built=\u00bb1&#8243; custom_padding_last_edited=\u00bbon|phone\u00bb admin_label=\u00bbSecci\u00f3n\u00bb module_id=\u00bbequip\u00bb _builder_version=\u00bb3.22&#8243; background_color=\u00bb#eeeded\u00bb custom_padding=\u00bb5px||5px|\u00bb custom_padding_tablet=\u00bb0px||0px|\u00bb custom_padding_phone=\u00bb\u00bb transparent_background=\u00bboff\u00bb padding_mobile=\u00bbon\u00bb make_fullwidth=\u00bboff\u00bb use_custom_width=\u00bboff\u00bb width_unit=\u00bbon\u00bb][et_pb_row padding_mobile=\u00bbon\u00bb column_padding_mobile=\u00bbon\u00bb custom_padding_last_edited=\u00bbon|phone\u00bb admin_label=\u00bbFila\u00bb module_class=\u00bbloopdeprojectesencolumn4 et_pb_equal_columns\u00bb _builder_version=\u00bb3.25&#8243; background_size=\u00bbinitial\u00bb background_position=\u00bbtop_left\u00bb background_repeat=\u00bbrepeat\u00bb custom_padding_tablet=\u00bb\u00bb custom_padding_phone=\u00bb17px||0px|\u00bb make_fullwidth=\u00bboff\u00bb use_custom_width=\u00bboff\u00bb width_unit=\u00bbon\u00bb][et_pb_column type=\u00bb4_4&#8243; _builder_version=\u00bb3.25&#8243; custom_padding=\u00bb|||\u00bb custom_padding__hover=\u00bb|||\u00bb][et_pb_code _builder_version=\u00bb4.9.4&#8243; _module_preset=\u00bbdefault\u00bb]<!-- [et_pb_line_break_holder] --><\/p>\n<div class=\"et_pb_column et_pb_column_1_4 targeta targetablanca columna-amb-linea-sota taronjafosc elstours\" onclick=\"location.href='https:\/\/www.in-situ.cat\/es\/tour\/mes-romanic-de-lalta-ribagorca\/';\" style=\"cursor: pointer;\"><!-- [et_pb_line_break_holder] --><\/p>\n<div class=\"headerprojtarget\"><!-- [et_pb_line_break_holder] --><\/p>\n<div class=\"et_pb_text ambpaddin et_pb_module et_pb_bg_layout_light et_pb_text_align_left font-avenir-black mida12 grisfosc nomapartat majuscules et_pb_text_3\">TOURS 360<\/div>\n<p><!-- [et_pb_line_break_holder] --><\/p>\n<div class=\"et_pb_text ambpaddin et_pb_module et_pb_bg_layout_light et_pb_text_align_left font-avenir-reg mida12 grisfosc subcatgproj et_pb_text_5\"><span class=\"elfield majuscules\">VISITA VIRTUAL<\/span><\/div>\n<p><!-- [et_pb_line_break_holder] --><\/p>\n<div class=\"et_pb_text ambpaddin et_pb_module et_pb_bg_layout_light et_pb_text_align_left font-avenir-black mida14 taronjasuperffosc nomprojecte majuscules et_pb_text_4\"><a href=\"https:\/\/www.in-situ.cat\/es\/tour\/mes-romanic-de-lalta-ribagorca\/\">M\u00c9S ROM\u00c0NIC DE L'ALTA RIBAGOR\u00c7A<\/a><\/div>\n<\/div>\n<p><!-- [et_pb_line_break_holder] --><\/p>\n<div class=\"imatgepetitaproj\"><a href=\"https:\/\/www.in-situ.cat\/es\/tour\/mes-romanic-de-lalta-ribagorca\/\"><img src=\"https:\/\/www.in-situ.cat\/media\/mesromanic-1-scaled.jpg\" alt=\"M\u00c9S ROM\u00c0NIC DE L'ALTA RIBAGOR\u00c7A\"><\/a><\/div>\n<p><!-- [et_pb_line_break_holder] --><\/p>\n<div class=\"et_pb_text ambpaddin et_pb_module et_pb_bg_layout_light et_pb_text_align_left font-avenir-reg mida12 grisfosc descrip-breu-servei et_pb_text_5\"><span class=\"elfield\">Proyecto que tiene como objetivo mostrar a trav\u00e9s de Visitas Virtuales en 360\u00ba que en la Alta Ribagor\u00e7a, m\u00e1s all\u00e1 del rom\u00e1nico del Valle de Bo\u00ed, existe un rico patrimonio rom\u00e1nico de iglesias, ermitas y puentes que es importante conocer.<\/span><\/div>\n<p><!-- [et_pb_line_break_holder] --><\/p>\n<div class=\"et_pb_text ambpaddin et_pb_module et_pb_bg_layout_light et_pb_text_align_left font-avenir-black mida12 grisfosc linkllegeixmes et_pb_text_6\"><a href=\"https:\/\/www.in-situ.cat\/es\/tour\/mes-romanic-de-lalta-ribagorca\/\">VISITA<\/a><\/div>\n<p><!-- [et_pb_line_break_holder] --><\/div>\n<p><!-- [et_pb_line_break_holder] --><\/p>\n<div class=\"et_pb_column et_pb_column_1_4 targeta targetablanca columna-amb-linea-sota taronjafosc elstours\" onclick=\"location.href='https:\/\/www.in-situ.cat\/es\/tour\/memorial-de-lexercit-popular-de-pujalt\/';\" style=\"cursor: pointer;\"><!-- [et_pb_line_break_holder] --><\/p>\n<div class=\"headerprojtarget\"><!-- [et_pb_line_break_holder] --><\/p>\n<div class=\"et_pb_text ambpaddin et_pb_module et_pb_bg_layout_light et_pb_text_align_left font-avenir-black mida12 grisfosc nomapartat majuscules et_pb_text_3\">TOURS 360<\/div>\n<p><!-- [et_pb_line_break_holder] --><\/p>\n<div class=\"et_pb_text ambpaddin et_pb_module et_pb_bg_layout_light et_pb_text_align_left font-avenir-reg mida12 grisfosc subcatgproj et_pb_text_5\"><span class=\"elfield majuscules\">VISITA VIRTUAL<\/span><\/div>\n<p><!-- [et_pb_line_break_holder] --><\/p>\n<div class=\"et_pb_text ambpaddin et_pb_module et_pb_bg_layout_light et_pb_text_align_left font-avenir-black mida14 taronjasuperffosc nomprojecte majuscules et_pb_text_4\"><a href=\"https:\/\/www.in-situ.cat\/es\/tour\/memorial-de-lexercit-popular-de-pujalt\/\">MEMORIAL DE L'EX\u00c8RCIT POPULAR DE PUJALT<\/a><\/div>\n<\/div>\n<p><!-- [et_pb_line_break_holder] --><\/p>\n<div class=\"imatgepetitaproj\"><a href=\"https:\/\/www.in-situ.cat\/es\/tour\/memorial-de-lexercit-popular-de-pujalt\/\"><img src=\"https:\/\/www.in-situ.cat\/media\/pujalt2-scaled.jpg\" alt=\"MEMORIAL DE L'EX\u00c8RCIT POPULAR DE PUJALT\"><\/a><\/div>\n<p><!-- [et_pb_line_break_holder] --><\/p>\n<div class=\"et_pb_text ambpaddin et_pb_module et_pb_bg_layout_light et_pb_text_align_left font-avenir-reg mida12 grisfosc descrip-breu-servei et_pb_text_5\"><span class=\"elfield\">En esta Visita Virtual 360\u00ba podr\u00e9is conocer de primera mano los diferentes espacios que conforman el conjunto patrimonial del Memorial del Ej\u00e9rcito Popular de Pujalt.<\/span><\/div>\n<p><!-- [et_pb_line_break_holder] --><\/p>\n<div class=\"et_pb_text ambpaddin et_pb_module et_pb_bg_layout_light et_pb_text_align_left font-avenir-black mida12 grisfosc linkllegeixmes et_pb_text_6\"><a href=\"https:\/\/www.in-situ.cat\/es\/tour\/memorial-de-lexercit-popular-de-pujalt\/\">VISITA<\/a><\/div>\n<p><!-- [et_pb_line_break_holder] --><\/div>\n<p><!-- [et_pb_line_break_holder] --><\/p>\n<div class=\"et_pb_column et_pb_column_1_4 targeta targetablanca columna-amb-linea-sota taronjafosc elstours\" onclick=\"location.href='https:\/\/www.in-situ.cat\/es\/tour\/visita-virtual-agramunt\/';\" style=\"cursor: pointer;\"><!-- [et_pb_line_break_holder] --><\/p>\n<div class=\"headerprojtarget\"><!-- [et_pb_line_break_holder] --><\/p>\n<div class=\"et_pb_text ambpaddin et_pb_module et_pb_bg_layout_light et_pb_text_align_left font-avenir-black mida12 grisfosc nomapartat majuscules et_pb_text_3\">TOURS 360<\/div>\n<p><!-- [et_pb_line_break_holder] --><\/p>\n<div class=\"et_pb_text ambpaddin et_pb_module et_pb_bg_layout_light et_pb_text_align_left font-avenir-reg mida12 grisfosc subcatgproj et_pb_text_5\"><span class=\"elfield majuscules\">VISITA VIRTUAL<\/span><\/div>\n<p><!-- [et_pb_line_break_holder] --><\/p>\n<div class=\"et_pb_text ambpaddin et_pb_module et_pb_bg_layout_light et_pb_text_align_left font-avenir-black mida14 taronjasuperffosc nomprojecte majuscules et_pb_text_4\"><a href=\"https:\/\/www.in-situ.cat\/es\/tour\/visita-virtual-agramunt\/\">PATRIMONIO AGRAMUNT 360\u00ba<\/a><\/div>\n<\/div>\n<p><!-- [et_pb_line_break_holder] --><\/p>\n<div class=\"imatgepetitaproj\"><a href=\"https:\/\/www.in-situ.cat\/es\/tour\/visita-virtual-agramunt\/\"><img src=\"https:\/\/www.in-situ.cat\/media\/parc_de_riella-6970-scaled.jpg\" alt=\"PATRIMONIO AGRAMUNT 360\u00ba\"><\/a><\/div>\n<p><!-- [et_pb_line_break_holder] --><\/p>\n<div class=\"et_pb_text ambpaddin et_pb_module et_pb_bg_layout_light et_pb_text_align_left font-avenir-reg mida12 grisfosc descrip-breu-servei et_pb_text_5\"><span class=\"elfield\">Visita Virtual 360\u00ba para conocer in situ el patrimonio m\u00e1s relevante del municipio de Agramunt.<\/span><\/div>\n<p><!-- [et_pb_line_break_holder] --><\/p>\n<div class=\"et_pb_text ambpaddin et_pb_module et_pb_bg_layout_light et_pb_text_align_left font-avenir-black mida12 grisfosc linkllegeixmes et_pb_text_6\"><a href=\"https:\/\/www.in-situ.cat\/es\/tour\/visita-virtual-agramunt\/\">VISITA<\/a><\/div>\n<p><!-- [et_pb_line_break_holder] --><\/div>\n<p><!-- [et_pb_line_break_holder] --><\/p>\n<div class=\"et_pb_column et_pb_column_1_4 targeta targetablanca columna-amb-linea-sota taronjafosc elstours\" onclick=\"location.href='https:\/\/www.in-situ.cat\/es\/tour\/rutes-paisatges-ponent\/';\" style=\"cursor: pointer;\"><!-- [et_pb_line_break_holder] --><\/p>\n<div class=\"headerprojtarget\"><!-- [et_pb_line_break_holder] --><\/p>\n<div class=\"et_pb_text ambpaddin et_pb_module et_pb_bg_layout_light et_pb_text_align_left font-avenir-black mida12 grisfosc nomapartat majuscules et_pb_text_3\">TOURS 360<\/div>\n<p><!-- [et_pb_line_break_holder] --><\/p>\n<div class=\"et_pb_text ambpaddin et_pb_module et_pb_bg_layout_light et_pb_text_align_left font-avenir-reg mida12 grisfosc subcatgproj et_pb_text_5\"><span class=\"elfield majuscules\">VISITA VIRTUAL<\/span><\/div>\n<p><!-- [et_pb_line_break_holder] --><\/p>\n<div class=\"et_pb_text ambpaddin et_pb_module et_pb_bg_layout_light et_pb_text_align_left font-avenir-black mida14 taronjasuperffosc nomprojecte majuscules et_pb_text_4\"><a href=\"https:\/\/www.in-situ.cat\/es\/tour\/rutes-paisatges-ponent\/\">PAISATGES DE PONENT 360\u00ba<\/a><\/div>\n<\/div>\n<p><!-- [et_pb_line_break_holder] --><\/p>\n<div class=\"imatgepetitaproj\"><a href=\"https:\/\/www.in-situ.cat\/es\/tour\/rutes-paisatges-ponent\/\"><img src=\"https:\/\/www.in-situ.cat\/media\/paisatges-ponent-2-scaled.jpg\" alt=\"PAISATGES DE PONENT 360\u00ba\"><\/a><\/div>\n<p><!-- [et_pb_line_break_holder] --><\/p>\n<div class=\"et_pb_text ambpaddin et_pb_module et_pb_bg_layout_light et_pb_text_align_left font-avenir-reg mida12 grisfosc descrip-breu-servei et_pb_text_5\"><span class=\"elfield\">Les presentamos una visita virtual en 360\u00ba que hemos desarrollado de las Rutas Paisatges de Ponent. Un proyecto de la Diputaci\u00f3n de Lleida donde mostramos in situ el patrimonio m\u00e1s relevante de estas rutas: castillos, construcciones de piedra seca, yacimientos arqueol\u00f3gicos, ermitas, paisajes, etc.<\/span><\/div>\n<p><!-- [et_pb_line_break_holder] --><\/p>\n<div class=\"et_pb_text ambpaddin et_pb_module et_pb_bg_layout_light et_pb_text_align_left font-avenir-black mida12 grisfosc linkllegeixmes et_pb_text_6\"><a href=\"https:\/\/www.in-situ.cat\/es\/tour\/rutes-paisatges-ponent\/\">VISITA<\/a><\/div>\n<p><!-- [et_pb_line_break_holder] --><\/div>\n<p><!-- [et_pb_line_break_holder] --><\/p>\n<div class=\"et_pb_column et_pb_column_1_4 targeta targetablanca columna-amb-linea-sota taronjafosc elstours\" onclick=\"location.href='https:\/\/www.in-situ.cat\/es\/tour\/museu-de-gerri-de-la-sal\/';\" style=\"cursor: pointer;\"><!-- [et_pb_line_break_holder] --><\/p>\n<div class=\"headerprojtarget\"><!-- [et_pb_line_break_holder] --><\/p>\n<div class=\"et_pb_text ambpaddin et_pb_module et_pb_bg_layout_light et_pb_text_align_left font-avenir-black mida12 grisfosc nomapartat majuscules et_pb_text_3\">TOURS 360<\/div>\n<p><!-- [et_pb_line_break_holder] --><\/p>\n<div class=\"et_pb_text ambpaddin et_pb_module et_pb_bg_layout_light et_pb_text_align_left font-avenir-reg mida12 grisfosc subcatgproj et_pb_text_5\"><span class=\"elfield majuscules\">VISITA VIRTUAL<\/span><\/div>\n<p><!-- [et_pb_line_break_holder] --><\/p>\n<div class=\"et_pb_text ambpaddin et_pb_module et_pb_bg_layout_light et_pb_text_align_left font-avenir-black mida14 taronjasuperffosc nomprojecte majuscules et_pb_text_4\"><a href=\"https:\/\/www.in-situ.cat\/es\/tour\/museu-de-gerri-de-la-sal\/\">MUSEU DE GERRI DE LA SAL<\/a><\/div>\n<\/div>\n<p><!-- [et_pb_line_break_holder] --><\/p>\n<div class=\"imatgepetitaproj\"><a href=\"https:\/\/www.in-situ.cat\/es\/tour\/museu-de-gerri-de-la-sal\/\"><img src=\"https:\/\/www.in-situ.cat\/media\/web-1-scaled.jpg\" alt=\"MUSEU DE GERRI DE LA SAL\"><\/a><\/div>\n<p><!-- [et_pb_line_break_holder] --><\/p>\n<div class=\"et_pb_text ambpaddin et_pb_module et_pb_bg_layout_light et_pb_text_align_left font-avenir-reg mida12 grisfosc descrip-breu-servei et_pb_text_5\"><span class=\"elfield\">Visita Virtual 360\u00ba al Museu de Gerri de la Sal. <\/span><\/div>\n<p><!-- [et_pb_line_break_holder] --><\/p>\n<div class=\"et_pb_text ambpaddin et_pb_module et_pb_bg_layout_light et_pb_text_align_left font-avenir-black mida12 grisfosc linkllegeixmes et_pb_text_6\"><a href=\"https:\/\/www.in-situ.cat\/es\/tour\/museu-de-gerri-de-la-sal\/\">VISITA<\/a><\/div>\n<p><!-- [et_pb_line_break_holder] --><\/div>\n<p><!-- [et_pb_line_break_holder] --><\/p>\n<div class=\"et_pb_column et_pb_column_1_4 targeta targetablanca columna-amb-linea-sota taronjafosc elstours\" onclick=\"location.href='https:\/\/www.in-situ.cat\/es\/tour\/visita-virtual-centre-interpretacio-del-montsec\/';\" style=\"cursor: pointer;\"><!-- [et_pb_line_break_holder] --><\/p>\n<div class=\"headerprojtarget\"><!-- [et_pb_line_break_holder] --><\/p>\n<div class=\"et_pb_text ambpaddin et_pb_module et_pb_bg_layout_light et_pb_text_align_left font-avenir-black mida12 grisfosc nomapartat majuscules et_pb_text_3\">TOURS 360<\/div>\n<p><!-- [et_pb_line_break_holder] --><\/p>\n<div class=\"et_pb_text ambpaddin et_pb_module et_pb_bg_layout_light et_pb_text_align_left font-avenir-reg mida12 grisfosc subcatgproj et_pb_text_5\"><span class=\"elfield majuscules\">VISITA VIRTUAL<\/span><\/div>\n<p><!-- [et_pb_line_break_holder] --><\/p>\n<div class=\"et_pb_text ambpaddin et_pb_module et_pb_bg_layout_light et_pb_text_align_left font-avenir-black mida14 taronjasuperffosc nomprojecte majuscules et_pb_text_4\"><a href=\"https:\/\/www.in-situ.cat\/es\/tour\/visita-virtual-centre-interpretacio-del-montsec\/\">CENTRE D'INTERPRETACI\u00d3 DEL MONTSEC<\/a><\/div>\n<\/div>\n<p><!-- [et_pb_line_break_holder] --><\/p>\n<div class=\"imatgepetitaproj\"><a href=\"https:\/\/www.in-situ.cat\/es\/tour\/visita-virtual-centre-interpretacio-del-montsec\/\"><img src=\"https:\/\/www.in-situ.cat\/media\/montsec-scaled.jpg\" alt=\"CENTRE D'INTERPRETACI\u00d3 DEL MONTSEC\"><\/a><\/div>\n<p><!-- [et_pb_line_break_holder] --><\/p>\n<div class=\"et_pb_text ambpaddin et_pb_module et_pb_bg_layout_light et_pb_text_align_left font-avenir-reg mida12 grisfosc descrip-breu-servei et_pb_text_5\"><span class=\"elfield\">Visita Virtual 360\u00b0 por este peque\u00f1o Centro de Interpretaci\u00f3n dedicado a la gran variedad de f\u00f3siles del Montsec de Mei\u00e0<\/span><\/div>\n<p><!-- [et_pb_line_break_holder] --><\/p>\n<div class=\"et_pb_text ambpaddin et_pb_module et_pb_bg_layout_light et_pb_text_align_left font-avenir-black mida12 grisfosc linkllegeixmes et_pb_text_6\"><a href=\"https:\/\/www.in-situ.cat\/es\/tour\/visita-virtual-centre-interpretacio-del-montsec\/\">VISITA<\/a><\/div>\n<p><!-- [et_pb_line_break_holder] --><\/div>\n<p><!-- [et_pb_line_break_holder] --><\/p>\n<div class=\"et_pb_column et_pb_column_1_4 targeta targetablanca columna-amb-linea-sota taronjafosc elstours\" onclick=\"location.href='https:\/\/www.in-situ.cat\/es\/tour\/visita-virtual-espacios-memoria-de-lleida\/';\" style=\"cursor: pointer;\"><!-- [et_pb_line_break_holder] --><\/p>\n<div class=\"headerprojtarget\"><!-- [et_pb_line_break_holder] --><\/p>\n<div class=\"et_pb_text ambpaddin et_pb_module et_pb_bg_layout_light et_pb_text_align_left font-avenir-black mida12 grisfosc nomapartat majuscules et_pb_text_3\">TOURS 360<\/div>\n<p><!-- [et_pb_line_break_holder] --><\/p>\n<div class=\"et_pb_text ambpaddin et_pb_module et_pb_bg_layout_light et_pb_text_align_left font-avenir-reg mida12 grisfosc subcatgproj et_pb_text_5\"><span class=\"elfield majuscules\">VISITA VIRTUAL<\/span><\/div>\n<p><!-- [et_pb_line_break_holder] --><\/p>\n<div class=\"et_pb_text ambpaddin et_pb_module et_pb_bg_layout_light et_pb_text_align_left font-avenir-black mida14 taronjasuperffosc nomprojecte majuscules et_pb_text_4\"><a href=\"https:\/\/www.in-situ.cat\/es\/tour\/visita-virtual-espacios-memoria-de-lleida\/\">ESPACIOS DE MEMORIA DE LLEIDA<\/a><\/div>\n<\/div>\n<p><!-- [et_pb_line_break_holder] --><\/p>\n<div class=\"imatgepetitaproj\"><a href=\"https:\/\/www.in-situ.cat\/es\/tour\/visita-virtual-espacios-memoria-de-lleida\/\"><img src=\"https:\/\/www.in-situ.cat\/media\/insta-3-scaled.jpg\" alt=\"ESPACIOS DE MEMORIA DE LLEIDA\"><\/a><\/div>\n<p><!-- [et_pb_line_break_holder] --><\/p>\n<div class=\"et_pb_text ambpaddin et_pb_module et_pb_bg_layout_light et_pb_text_align_left font-avenir-reg mida12 grisfosc descrip-breu-servei et_pb_text_5\"><span class=\"elfield\">VISITAS VIRTUALES 360\u00b0 en diferentes ESPACIOS DE MEMORIA de las comarcas de Ponent.<\/span><\/div>\n<p><!-- [et_pb_line_break_holder] --><\/p>\n<div class=\"et_pb_text ambpaddin et_pb_module et_pb_bg_layout_light et_pb_text_align_left font-avenir-black mida12 grisfosc linkllegeixmes et_pb_text_6\"><a href=\"https:\/\/www.in-situ.cat\/es\/tour\/visita-virtual-espacios-memoria-de-lleida\/\">VISITA<\/a><\/div>\n<p><!-- [et_pb_line_break_holder] --><\/div>\n<p><!-- [et_pb_line_break_holder] --><\/p>\n<div class=\"et_pb_column et_pb_column_1_4 targeta targetablanca columna-amb-linea-sota taronjafosc elstours\" onclick=\"location.href='https:\/\/www.in-situ.cat\/es\/tour\/patrimonio-de-los-secans-de-lleida\/';\" style=\"cursor: pointer;\"><!-- [et_pb_line_break_holder] --><\/p>\n<div class=\"headerprojtarget\"><!-- [et_pb_line_break_holder] --><\/p>\n<div class=\"et_pb_text ambpaddin et_pb_module et_pb_bg_layout_light et_pb_text_align_left font-avenir-black mida12 grisfosc nomapartat majuscules et_pb_text_3\">TOURS 360<\/div>\n<p><!-- [et_pb_line_break_holder] --><\/p>\n<div class=\"et_pb_text ambpaddin et_pb_module et_pb_bg_layout_light et_pb_text_align_left font-avenir-reg mida12 grisfosc subcatgproj et_pb_text_5\"><span class=\"elfield majuscules\">VISITA VIRTUAL<\/span><\/div>\n<p><!-- [et_pb_line_break_holder] --><\/p>\n<div class=\"et_pb_text ambpaddin et_pb_module et_pb_bg_layout_light et_pb_text_align_left font-avenir-black mida14 taronjasuperffosc nomprojecte majuscules et_pb_text_4\"><a href=\"https:\/\/www.in-situ.cat\/es\/tour\/patrimonio-de-los-secans-de-lleida\/\">PATRIMONIO DE LOS SECANS DE LLEIDA<\/a><\/div>\n<\/div>\n<p><!-- [et_pb_line_break_holder] --><\/p>\n<div class=\"imatgepetitaproj\"><a href=\"https:\/\/www.in-situ.cat\/es\/tour\/patrimonio-de-los-secans-de-lleida\/\"><img src=\"https:\/\/www.in-situ.cat\/media\/secans-web-2-scaled.jpg\" alt=\"PATRIMONIO DE LOS SECANS DE LLEIDA\"><\/a><\/div>\n<p><!-- [et_pb_line_break_holder] --><\/p>\n<div class=\"et_pb_text ambpaddin et_pb_module et_pb_bg_layout_light et_pb_text_align_left font-avenir-reg mida12 grisfosc descrip-breu-servei et_pb_text_5\"><span class=\"elfield\">En esta visita virtual podr\u00e1 conocer el patrimonio construido a lo largo de los siglos dentro de los actuales espacios naturales protegidos de los Secans de Lleida. Desde yacimientos arqueol\u00f3gicos, construcciones de piedra seca, almazaras, presas medievales, etc.<\/span><\/div>\n<p><!-- [et_pb_line_break_holder] --><\/p>\n<div class=\"et_pb_text ambpaddin et_pb_module et_pb_bg_layout_light et_pb_text_align_left font-avenir-black mida12 grisfosc linkllegeixmes et_pb_text_6\"><a href=\"https:\/\/www.in-situ.cat\/es\/tour\/patrimonio-de-los-secans-de-lleida\/\">VISITA<\/a><\/div>\n<p><!-- [et_pb_line_break_holder] --><\/div>\n<p><!-- [et_pb_line_break_holder] --><\/p>\n<div class=\"et_pb_column et_pb_column_1_4 targeta targetablanca columna-amb-linea-sota taronjafosc elstours\" onclick=\"location.href='https:\/\/www.in-situ.cat\/es\/tour\/rutas-ponent-actiu\/';\" style=\"cursor: pointer;\"><!-- [et_pb_line_break_holder] --><\/p>\n<div class=\"headerprojtarget\"><!-- [et_pb_line_break_holder] --><\/p>\n<div class=\"et_pb_text ambpaddin et_pb_module et_pb_bg_layout_light et_pb_text_align_left font-avenir-black mida12 grisfosc nomapartat majuscules et_pb_text_3\">TOURS 360<\/div>\n<p><!-- [et_pb_line_break_holder] --><\/p>\n<div class=\"et_pb_text ambpaddin et_pb_module et_pb_bg_layout_light et_pb_text_align_left font-avenir-reg mida12 grisfosc subcatgproj et_pb_text_5\"><span class=\"elfield majuscules\">VISITA VIRTUAL<\/span><\/div>\n<p><!-- [et_pb_line_break_holder] --><\/p>\n<div class=\"et_pb_text ambpaddin et_pb_module et_pb_bg_layout_light et_pb_text_align_left font-avenir-black mida14 taronjasuperffosc nomprojecte majuscules et_pb_text_4\"><a href=\"https:\/\/www.in-situ.cat\/es\/tour\/rutas-ponent-actiu\/\">RUTAS PONENT ACTIU<\/a><\/div>\n<\/div>\n<p><!-- [et_pb_line_break_holder] --><\/p>\n<div class=\"imatgepetitaproj\"><a href=\"https:\/\/www.in-situ.cat\/es\/tour\/rutas-ponent-actiu\/\"><img src=\"https:\/\/www.in-situ.cat\/media\/ponent-actiu-web-2-scaled.jpg\" alt=\"RUTAS PONENT ACTIU\"><\/a><\/div>\n<p><!-- [et_pb_line_break_holder] --><\/p>\n<div class=\"et_pb_text ambpaddin et_pb_module et_pb_bg_layout_light et_pb_text_align_left font-avenir-reg mida12 grisfosc descrip-breu-servei et_pb_text_5\"><span class=\"elfield\">Os presentamos una visita virtual 360\u00ba que hemos desarrollado de las Rutas del Ponent Actiu. Un proyecto de la Diputaci\u00f3n de Lleida donde mostramos insitu el Patrimonio m\u00e1s relevante de estas rutas: Castillos, Piedra seca, Yacimientos, Ermitas, Paisajes, etc.<\/span><\/div>\n<p><!-- [et_pb_line_break_holder] --><\/p>\n<div class=\"et_pb_text ambpaddin et_pb_module et_pb_bg_layout_light et_pb_text_align_left font-avenir-black mida12 grisfosc linkllegeixmes et_pb_text_6\"><a href=\"https:\/\/www.in-situ.cat\/es\/tour\/rutas-ponent-actiu\/\">VISITA<\/a><\/div>\n<p><!-- [et_pb_line_break_holder] --><\/div>\n<p><!-- [et_pb_line_break_holder] --><\/p>\n<div class=\"et_pb_column et_pb_column_1_4 targeta targetablanca columna-amb-linea-sota taronjafosc elstours\" onclick=\"location.href='https:\/\/www.in-situ.cat\/es\/tour\/romanico-valle-aran\/';\" style=\"cursor: pointer;\"><!-- [et_pb_line_break_holder] --><\/p>\n<div class=\"headerprojtarget\"><!-- [et_pb_line_break_holder] --><\/p>\n<div class=\"et_pb_text ambpaddin et_pb_module et_pb_bg_layout_light et_pb_text_align_left font-avenir-black mida12 grisfosc nomapartat majuscules et_pb_text_3\">TOURS 360<\/div>\n<p><!-- [et_pb_line_break_holder] --><\/p>\n<div class=\"et_pb_text ambpaddin et_pb_module et_pb_bg_layout_light et_pb_text_align_left font-avenir-reg mida12 grisfosc subcatgproj et_pb_text_5\"><span class=\"elfield majuscules\">VISITA VIRTUAL<\/span><\/div>\n<p><!-- [et_pb_line_break_holder] --><\/p>\n<div class=\"et_pb_text ambpaddin et_pb_module et_pb_bg_layout_light et_pb_text_align_left font-avenir-black mida14 taronjasuperffosc nomprojecte majuscules et_pb_text_4\"><a href=\"https:\/\/www.in-situ.cat\/es\/tour\/romanico-valle-aran\/\">ROM\u00c1NICO VAL D'ARAN<\/a><\/div>\n<\/div>\n<p><!-- [et_pb_line_break_holder] --><\/p>\n<div class=\"imatgepetitaproj\"><a href=\"https:\/\/www.in-situ.cat\/es\/tour\/romanico-valle-aran\/\"><img src=\"https:\/\/www.in-situ.cat\/media\/VAL-ARAN-1-scaled-1-1-1.jpg\" alt=\"ROM\u00c1NICO VAL D'ARAN\"><\/a><\/div>\n<p><!-- [et_pb_line_break_holder] --><\/p>\n<div class=\"et_pb_text ambpaddin et_pb_module et_pb_bg_layout_light et_pb_text_align_left font-avenir-reg mida12 grisfosc descrip-breu-servei et_pb_text_5\"><span class=\"elfield\">El Valle de Ar\u00e1n presenta un importante patrimonio vinculado a sus iglesias rom\u00e1nicas. A trav\u00e9s de esta visita virtual podr\u00e9is conocer la importancia art\u00edstica y arquitect\u00f3nica de las iglesias que se muestran. Se trata de una primera fase, que se ir\u00e1 ampliando con contenido interpretativo, y nuevos elementos patrimoniales.<\/span><\/div>\n<p><!-- [et_pb_line_break_holder] --><\/p>\n<div class=\"et_pb_text ambpaddin et_pb_module et_pb_bg_layout_light et_pb_text_align_left font-avenir-black mida12 grisfosc linkllegeixmes et_pb_text_6\"><a href=\"https:\/\/www.in-situ.cat\/es\/tour\/romanico-valle-aran\/\">VISITA<\/a><\/div>\n<p><!-- [et_pb_line_break_holder] --><\/div>\n<p><!-- [et_pb_line_break_holder] --><\/p>\n<div class=\"et_pb_column et_pb_column_1_4 targeta targetablanca columna-amb-linea-sota taronjafosc elstours\" onclick=\"location.href='https:\/\/www.in-situ.cat\/es\/tour\/montoliu-de-lleida-patrimoni\/';\" style=\"cursor: pointer;\"><!-- [et_pb_line_break_holder] --><\/p>\n<div class=\"headerprojtarget\"><!-- [et_pb_line_break_holder] --><\/p>\n<div class=\"et_pb_text ambpaddin et_pb_module et_pb_bg_layout_light et_pb_text_align_left font-avenir-black mida12 grisfosc nomapartat majuscules et_pb_text_3\">TOURS 360<\/div>\n<p><!-- [et_pb_line_break_holder] --><\/p>\n<div class=\"et_pb_text ambpaddin et_pb_module et_pb_bg_layout_light et_pb_text_align_left font-avenir-reg mida12 grisfosc subcatgproj et_pb_text_5\"><span class=\"elfield majuscules\">VISITA VIRTUAL<\/span><\/div>\n<p><!-- [et_pb_line_break_holder] --><\/p>\n<div class=\"et_pb_text ambpaddin et_pb_module et_pb_bg_layout_light et_pb_text_align_left font-avenir-black mida14 taronjasuperffosc nomprojecte majuscules et_pb_text_4\"><a href=\"https:\/\/www.in-situ.cat\/es\/tour\/montoliu-de-lleida-patrimoni\/\">MONTOLIU DE LLEIDA 360<\/a><\/div>\n<\/div>\n<p><!-- [et_pb_line_break_holder] --><\/p>\n<div class=\"imatgepetitaproj\"><a href=\"https:\/\/www.in-situ.cat\/es\/tour\/montoliu-de-lleida-patrimoni\/\"><img src=\"https:\/\/www.in-situ.cat\/media\/10-2.jpg\" alt=\"MONTOLIU DE LLEIDA 360\"><\/a><\/div>\n<p><!-- [et_pb_line_break_holder] --><\/p>\n<div class=\"et_pb_text ambpaddin et_pb_module et_pb_bg_layout_light et_pb_text_align_left font-avenir-reg mida12 grisfosc descrip-breu-servei et_pb_text_5\"><span class=\"elfield\">Visita Virtual 360\u00b0 donde podr\u00e1 conocer los principales elementos del patrimonio cultural y natural del municipio de Montoliu de Lleida (el Segri\u00e0).<\/span><\/div>\n<p><!-- [et_pb_line_break_holder] --><\/p>\n<div class=\"et_pb_text ambpaddin et_pb_module et_pb_bg_layout_light et_pb_text_align_left font-avenir-black mida12 grisfosc linkllegeixmes et_pb_text_6\"><a href=\"https:\/\/www.in-situ.cat\/es\/tour\/montoliu-de-lleida-patrimoni\/\">VISITA<\/a><\/div>\n<p><!-- [et_pb_line_break_holder] --><\/div>\n<p><!-- [et_pb_line_break_holder] --><\/p>\n<div class=\"et_pb_column et_pb_column_1_4 targeta targetablanca columna-amb-linea-sota taronjafosc elstours\" onclick=\"location.href='https:\/\/www.in-situ.cat\/es\/tour\/patrimoni-almenar\/';\" style=\"cursor: pointer;\"><!-- [et_pb_line_break_holder] --><\/p>\n<div class=\"headerprojtarget\"><!-- [et_pb_line_break_holder] --><\/p>\n<div class=\"et_pb_text ambpaddin et_pb_module et_pb_bg_layout_light et_pb_text_align_left font-avenir-black mida12 grisfosc nomapartat majuscules et_pb_text_3\">TOURS 360<\/div>\n<p><!-- [et_pb_line_break_holder] --><\/p>\n<div class=\"et_pb_text ambpaddin et_pb_module et_pb_bg_layout_light et_pb_text_align_left font-avenir-reg mida12 grisfosc subcatgproj et_pb_text_5\"><span class=\"elfield majuscules\">VISITA VIRTUAL<\/span><\/div>\n<p><!-- [et_pb_line_break_holder] --><\/p>\n<div class=\"et_pb_text ambpaddin et_pb_module et_pb_bg_layout_light et_pb_text_align_left font-avenir-black mida14 taronjasuperffosc nomprojecte majuscules et_pb_text_4\"><a href=\"https:\/\/www.in-situ.cat\/es\/tour\/patrimoni-almenar\/\">PATRIMONIO ALMENAR<\/a><\/div>\n<\/div>\n<p><!-- [et_pb_line_break_holder] --><\/p>\n<div class=\"imatgepetitaproj\"><a href=\"https:\/\/www.in-situ.cat\/es\/tour\/patrimoni-almenar\/\"><img src=\"https:\/\/www.in-situ.cat\/media\/alm2.png\" alt=\"PATRIMONIO ALMENAR\"><\/a><\/div>\n<p><!-- [et_pb_line_break_holder] --><\/p>\n<div class=\"et_pb_text ambpaddin et_pb_module et_pb_bg_layout_light et_pb_text_align_left font-avenir-reg mida12 grisfosc descrip-breu-servei et_pb_text_5\"><span class=\"elfield\">Peque\u00f1a muestra de una visita virtual al patrimonio del n\u00facleo de Almenar, donde podr\u00e9is ver algunos de los espacios de la Iglesia de Santa Mar\u00eda, el Mirador de la Carnicer\u00eda, los Lavaderos Viejos, y otros puntos del casco antiguo.<\/span><\/div>\n<p><!-- [et_pb_line_break_holder] --><\/p>\n<div class=\"et_pb_text ambpaddin et_pb_module et_pb_bg_layout_light et_pb_text_align_left font-avenir-black mida12 grisfosc linkllegeixmes et_pb_text_6\"><a href=\"https:\/\/www.in-situ.cat\/es\/tour\/patrimoni-almenar\/\">VISITA<\/a><\/div>\n<p><!-- [et_pb_line_break_holder] --><\/div>\n<p><!-- [et_pb_line_break_holder] --><\/p>\n<div class=\"et_pb_column et_pb_column_1_4 targeta targetablanca columna-amb-linea-sota taronjafosc elstours\" onclick=\"location.href='https:\/\/www.in-situ.cat\/es\/tour\/museu-de-les-pandemies\/';\" style=\"cursor: pointer;\"><!-- [et_pb_line_break_holder] --><\/p>\n<div class=\"headerprojtarget\"><!-- [et_pb_line_break_holder] --><\/p>\n<div class=\"et_pb_text ambpaddin et_pb_module et_pb_bg_layout_light et_pb_text_align_left font-avenir-black mida12 grisfosc nomapartat majuscules et_pb_text_3\">TOURS 360<\/div>\n<p><!-- [et_pb_line_break_holder] --><\/p>\n<div class=\"et_pb_text ambpaddin et_pb_module et_pb_bg_layout_light et_pb_text_align_left font-avenir-reg mida12 grisfosc subcatgproj et_pb_text_5\"><span class=\"elfield majuscules\">VISITA VIRTUAL<\/span><\/div>\n<p><!-- [et_pb_line_break_holder] --><\/p>\n<div class=\"et_pb_text ambpaddin et_pb_module et_pb_bg_layout_light et_pb_text_align_left font-avenir-black mida14 taronjasuperffosc nomprojecte majuscules et_pb_text_4\"><a href=\"https:\/\/www.in-situ.cat\/es\/tour\/museu-de-les-pandemies\/\">MUSEO DE LAS PANDEMIAS<\/a><\/div>\n<\/div>\n<p><!-- [et_pb_line_break_holder] --><\/p>\n<div class=\"imatgepetitaproj\"><a href=\"https:\/\/www.in-situ.cat\/es\/tour\/museu-de-les-pandemies\/\"><img src=\"https:\/\/www.in-situ.cat\/media\/Portada-colleccio-permanent.jpg\" alt=\"MUSEO DE LAS PANDEMIAS\"><\/a><\/div>\n<p><!-- [et_pb_line_break_holder] --><\/p>\n<div class=\"et_pb_text ambpaddin et_pb_module et_pb_bg_layout_light et_pb_text_align_left font-avenir-reg mida12 grisfosc descrip-breu-servei et_pb_text_5\"><span class=\"elfield\">Visita virtual 360\u00ba en el museo virtual para explicar las pandemias a trav\u00e9s de la ciencia y el arte.<\/span><\/div>\n<p><!-- [et_pb_line_break_holder] --><\/p>\n<div class=\"et_pb_text ambpaddin et_pb_module et_pb_bg_layout_light et_pb_text_align_left font-avenir-black mida12 grisfosc linkllegeixmes et_pb_text_6\"><a href=\"https:\/\/www.in-situ.cat\/es\/tour\/museu-de-les-pandemies\/\">VISITA<\/a><\/div>\n<p><!-- [et_pb_line_break_holder] --><\/div>\n<p><!-- [et_pb_line_break_holder] --><\/p>\n<div class=\"et_pb_column et_pb_column_1_4 targeta targetablanca columna-amb-linea-sota taronjafosc elstours\" onclick=\"location.href='https:\/\/www.in-situ.cat\/es\/tour\/ruta-de-las-canteras\/';\" style=\"cursor: pointer;\"><!-- [et_pb_line_break_holder] --><\/p>\n<div class=\"headerprojtarget\"><!-- [et_pb_line_break_holder] --><\/p>\n<div class=\"et_pb_text ambpaddin et_pb_module et_pb_bg_layout_light et_pb_text_align_left font-avenir-black mida12 grisfosc nomapartat majuscules et_pb_text_3\">TOURS 360<\/div>\n<p><!-- [et_pb_line_break_holder] --><\/p>\n<div class=\"et_pb_text ambpaddin et_pb_module et_pb_bg_layout_light et_pb_text_align_left font-avenir-reg mida12 grisfosc subcatgproj et_pb_text_5\"><span class=\"elfield majuscules\">VISITA VIRTUAL<\/span><\/div>\n<p><!-- [et_pb_line_break_holder] --><\/p>\n<div class=\"et_pb_text ambpaddin et_pb_module et_pb_bg_layout_light et_pb_text_align_left font-avenir-black mida14 taronjasuperffosc nomprojecte majuscules et_pb_text_4\"><a href=\"https:\/\/www.in-situ.cat\/es\/tour\/ruta-de-las-canteras\/\">RUTA DE LAS CANTERAS<\/a><\/div>\n<\/div>\n<p><!-- [et_pb_line_break_holder] --><\/p>\n<div class=\"imatgepetitaproj\"><a href=\"https:\/\/www.in-situ.cat\/es\/tour\/ruta-de-las-canteras\/\"><img src=\"https:\/\/www.in-situ.cat\/media\/PREIXANA-2-scaled.jpg\" alt=\"RUTA DE LAS CANTERAS\"><\/a><\/div>\n<p><!-- [et_pb_line_break_holder] --><\/p>\n<div class=\"et_pb_text ambpaddin et_pb_module et_pb_bg_layout_light et_pb_text_align_left font-avenir-reg mida12 grisfosc descrip-breu-servei et_pb_text_5\"><span class=\"elfield\">Esta visita virtual os permite conocer los elementos patrimoniales de la Ruta de las Canteras, en el municipio de Preixana ( el Urgell). Podr\u00e9is observar el paisaje del Espacio Natural Protegido de los Secanos de Belianes - Preixana, y conocer con detalle las construcciones de piedra seca.<\/span><\/div>\n<p><!-- [et_pb_line_break_holder] --><\/p>\n<div class=\"et_pb_text ambpaddin et_pb_module et_pb_bg_layout_light et_pb_text_align_left font-avenir-black mida12 grisfosc linkllegeixmes et_pb_text_6\"><a href=\"https:\/\/www.in-situ.cat\/es\/tour\/ruta-de-las-canteras\/\">VISITA<\/a><\/div>\n<p><!-- [et_pb_line_break_holder] --><\/div>\n<p><!-- [et_pb_line_break_holder] --><\/p>\n<div class=\"et_pb_column et_pb_column_1_4 targeta targetablanca columna-amb-linea-sota taronjafosc elstours\" onclick=\"location.href='https:\/\/www.in-situ.cat\/es\/tour\/visita-virtual-ceei-lleida\/';\" style=\"cursor: pointer;\"><!-- [et_pb_line_break_holder] --><\/p>\n<div class=\"headerprojtarget\"><!-- [et_pb_line_break_holder] --><\/p>\n<div class=\"et_pb_text ambpaddin et_pb_module et_pb_bg_layout_light et_pb_text_align_left font-avenir-black mida12 grisfosc nomapartat majuscules et_pb_text_3\">TOURS 360<\/div>\n<p><!-- [et_pb_line_break_holder] --><\/p>\n<div class=\"et_pb_text ambpaddin et_pb_module et_pb_bg_layout_light et_pb_text_align_left font-avenir-reg mida12 grisfosc subcatgproj et_pb_text_5\"><span class=\"elfield majuscules\">VISITA VIRTUAL<\/span><\/div>\n<p><!-- [et_pb_line_break_holder] --><\/p>\n<div class=\"et_pb_text ambpaddin et_pb_module et_pb_bg_layout_light et_pb_text_align_left font-avenir-black mida14 taronjasuperffosc nomprojecte majuscules et_pb_text_4\"><a href=\"https:\/\/www.in-situ.cat\/es\/tour\/visita-virtual-ceei-lleida\/\">CEEI LLEIDA<\/a><\/div>\n<\/div>\n<p><!-- [et_pb_line_break_holder] --><\/p>\n<div class=\"imatgepetitaproj\"><a href=\"https:\/\/www.in-situ.cat\/es\/tour\/visita-virtual-ceei-lleida\/\"><img src=\"https:\/\/www.in-situ.cat\/media\/ceee-scaled.jpg\" alt=\"CEEI LLEIDA\"><\/a><\/div>\n<p><!-- [et_pb_line_break_holder] --><\/p>\n<div class=\"et_pb_text ambpaddin et_pb_module et_pb_bg_layout_light et_pb_text_align_left font-avenir-reg mida12 grisfosc descrip-breu-servei et_pb_text_5\"><span class=\"elfield\">Visitia Virtual 360\u00ba al Centre Europeu d'Empreses i Innovaci\u00f3 de Lleida<\/span><\/div>\n<p><!-- [et_pb_line_break_holder] --><\/p>\n<div class=\"et_pb_text ambpaddin et_pb_module et_pb_bg_layout_light et_pb_text_align_left font-avenir-black mida12 grisfosc linkllegeixmes et_pb_text_6\"><a href=\"https:\/\/www.in-situ.cat\/es\/tour\/visita-virtual-ceei-lleida\/\">VISITA<\/a><\/div>\n<p><!-- [et_pb_line_break_holder] --><\/div>\n<p><!-- [et_pb_line_break_holder] --><\/p>\n<div class=\"et_pb_column et_pb_column_1_4 targeta targetablanca columna-amb-linea-sota taronjafosc elstours\" onclick=\"location.href='https:\/\/www.in-situ.cat\/es\/tour\/dinosaurios-fumanya\/';\" style=\"cursor: pointer;\"><!-- [et_pb_line_break_holder] --><\/p>\n<div class=\"headerprojtarget\"><!-- [et_pb_line_break_holder] --><\/p>\n<div class=\"et_pb_text ambpaddin et_pb_module et_pb_bg_layout_light et_pb_text_align_left font-avenir-black mida12 grisfosc nomapartat majuscules et_pb_text_3\">TOURS 360<\/div>\n<p><!-- [et_pb_line_break_holder] --><\/p>\n<div class=\"et_pb_text ambpaddin et_pb_module et_pb_bg_layout_light et_pb_text_align_left font-avenir-reg mida12 grisfosc subcatgproj et_pb_text_5\"><span class=\"elfield majuscules\">VISITA VIRTUAL<\/span><\/div>\n<p><!-- [et_pb_line_break_holder] --><\/p>\n<div class=\"et_pb_text ambpaddin et_pb_module et_pb_bg_layout_light et_pb_text_align_left font-avenir-black mida14 taronjasuperffosc nomprojecte majuscules et_pb_text_4\"><a href=\"https:\/\/www.in-situ.cat\/es\/tour\/dinosaurios-fumanya\/\">DINOSAURIOS FUMANYA<\/a><\/div>\n<\/div>\n<p><!-- [et_pb_line_break_holder] --><\/p>\n<div class=\"imatgepetitaproj\"><a href=\"https:\/\/www.in-situ.cat\/es\/tour\/dinosaurios-fumanya\/\"><img src=\"https:\/\/www.in-situ.cat\/media\/DJI_0080-1.jpg\" alt=\"DINOSAURIOS FUMANYA\"><\/a><\/div>\n<p><!-- [et_pb_line_break_holder] --><\/p>\n<div class=\"et_pb_text ambpaddin et_pb_module et_pb_bg_layout_light et_pb_text_align_left font-avenir-reg mida12 grisfosc descrip-breu-servei et_pb_text_5\"><span class=\"elfield\">Recorrido (360\u00b0) por el Yacimiento Paleontol\u00f3gico de Fumanya (el Bergued\u00e0)<\/span><\/div>\n<p><!-- [et_pb_line_break_holder] --><\/p>\n<div class=\"et_pb_text ambpaddin et_pb_module et_pb_bg_layout_light et_pb_text_align_left font-avenir-black mida12 grisfosc linkllegeixmes et_pb_text_6\"><a href=\"https:\/\/www.in-situ.cat\/es\/tour\/dinosaurios-fumanya\/\">VISITA<\/a><\/div>\n<p><!-- [et_pb_line_break_holder] --><\/div>\n<p><!-- [et_pb_line_break_holder] --><\/p>\n<div class=\"et_pb_column et_pb_column_1_4 targeta targetablanca columna-amb-linea-sota taronjafosc elstours\" onclick=\"location.href='https:\/\/www.in-situ.cat\/es\/tour\/patrimoni-ager\/';\" style=\"cursor: pointer;\"><!-- [et_pb_line_break_holder] --><\/p>\n<div class=\"headerprojtarget\"><!-- [et_pb_line_break_holder] --><\/p>\n<div class=\"et_pb_text ambpaddin et_pb_module et_pb_bg_layout_light et_pb_text_align_left font-avenir-black mida12 grisfosc nomapartat majuscules et_pb_text_3\">TOURS 360<\/div>\n<p><!-- [et_pb_line_break_holder] --><\/p>\n<div class=\"et_pb_text ambpaddin et_pb_module et_pb_bg_layout_light et_pb_text_align_left font-avenir-reg mida12 grisfosc subcatgproj et_pb_text_5\"><span class=\"elfield majuscules\">VISITA VIRTUAL<\/span><\/div>\n<p><!-- [et_pb_line_break_holder] --><\/p>\n<div class=\"et_pb_text ambpaddin et_pb_module et_pb_bg_layout_light et_pb_text_align_left font-avenir-black mida14 taronjasuperffosc nomprojecte majuscules et_pb_text_4\"><a href=\"https:\/\/www.in-situ.cat\/es\/tour\/patrimoni-ager\/\">PATRIMONIO \u00c0GER<\/a><\/div>\n<\/div>\n<p><!-- [et_pb_line_break_holder] --><\/p>\n<div class=\"imatgepetitaproj\"><a href=\"https:\/\/www.in-situ.cat\/es\/tour\/patrimoni-ager\/\"><img src=\"https:\/\/www.in-situ.cat\/media\/TORREBESSES-2.jpg\" alt=\"PATRIMONIO \u00c0GER\"><\/a><\/div>\n<p><!-- [et_pb_line_break_holder] --><\/p>\n<div class=\"et_pb_text ambpaddin et_pb_module et_pb_bg_layout_light et_pb_text_align_left font-avenir-reg mida12 grisfosc descrip-breu-servei et_pb_text_5\"><span class=\"elfield\">Peque\u00f1a muestra de una visita virtual al patrimonio del municipio de \u00c0ger, donde podr\u00e9is ver algunos de los espacios de la Colegiata de San Pedro, los Portales, las Murallas, o el Conjunto Patrimonial de Cas.<\/span><\/div>\n<p><!-- [et_pb_line_break_holder] --><\/p>\n<div class=\"et_pb_text ambpaddin et_pb_module et_pb_bg_layout_light et_pb_text_align_left font-avenir-black mida12 grisfosc linkllegeixmes et_pb_text_6\"><a href=\"https:\/\/www.in-situ.cat\/es\/tour\/patrimoni-ager\/\">VISITA<\/a><\/div>\n<p><!-- [et_pb_line_break_holder] --><\/div>\n<p><!-- [et_pb_line_break_holder] --><\/p>\n<div class=\"et_pb_column et_pb_column_1_4 targeta targetablanca columna-amb-linea-sota taronjafosc elstours\" onclick=\"location.href='https:\/\/www.in-situ.cat\/es\/tour\/museo-torre-balldovina\/';\" style=\"cursor: pointer;\"><!-- [et_pb_line_break_holder] --><\/p>\n<div class=\"headerprojtarget\"><!-- [et_pb_line_break_holder] --><\/p>\n<div class=\"et_pb_text ambpaddin et_pb_module et_pb_bg_layout_light et_pb_text_align_left font-avenir-black mida12 grisfosc nomapartat majuscules et_pb_text_3\">TOURS 360<\/div>\n<p><!-- [et_pb_line_break_holder] --><\/p>\n<div class=\"et_pb_text ambpaddin et_pb_module et_pb_bg_layout_light et_pb_text_align_left font-avenir-reg mida12 grisfosc subcatgproj et_pb_text_5\"><span class=\"elfield majuscules\">VISITA VIRTUAL<\/span><\/div>\n<p><!-- [et_pb_line_break_holder] --><\/p>\n<div class=\"et_pb_text ambpaddin et_pb_module et_pb_bg_layout_light et_pb_text_align_left font-avenir-black mida14 taronjasuperffosc nomprojecte majuscules et_pb_text_4\"><a href=\"https:\/\/www.in-situ.cat\/es\/tour\/museo-torre-balldovina\/\">MUSEO TORRE BALLDOVINA<\/a><\/div>\n<\/div>\n<p><!-- [et_pb_line_break_holder] --><\/p>\n<div class=\"imatgepetitaproj\"><a href=\"https:\/\/www.in-situ.cat\/es\/tour\/museo-torre-balldovina\/\"><img src=\"https:\/\/www.in-situ.cat\/media\/SAN-3.jpg\" alt=\"MUSEO TORRE BALLDOVINA\"><\/a><\/div>\n<p><!-- [et_pb_line_break_holder] --><\/p>\n<div class=\"et_pb_text ambpaddin et_pb_module et_pb_bg_layout_light et_pb_text_align_left font-avenir-reg mida12 grisfosc descrip-breu-servei et_pb_text_5\"><span class=\"elfield\">La visita, tiene un dise\u00f1o  para poder visualizar tambi\u00e9n en los navegadores de m\u00f3viles y tabletas, permite captar cada rinc\u00f3n del Museo, elegir el idioma (catal\u00e1n o castellano) y crear cada visitante su propio recorrido, el cual se lleva a cabo a trav\u00e9s de los iconos que se encuentran en las salas -y que permiten desplazarse por \u00e9stas- o bien trav\u00e9s de un men\u00fa desplegable.<\/span><\/div>\n<p><!-- [et_pb_line_break_holder] --><\/p>\n<div class=\"et_pb_text ambpaddin et_pb_module et_pb_bg_layout_light et_pb_text_align_left font-avenir-black mida12 grisfosc linkllegeixmes et_pb_text_6\"><a href=\"https:\/\/www.in-situ.cat\/es\/tour\/museo-torre-balldovina\/\">VISITA<\/a><\/div>\n<p><!-- [et_pb_line_break_holder] --><\/div>\n<p><!-- [et_pb_line_break_holder] --><\/p>\n<div class=\"et_pb_column et_pb_column_1_4 targeta targetablanca columna-amb-linea-sota taronjafosc elstours\" onclick=\"location.href='https:\/\/www.in-situ.cat\/es\/tour\/museo-de-maricel\/';\" style=\"cursor: pointer;\"><!-- [et_pb_line_break_holder] --><\/p>\n<div class=\"headerprojtarget\"><!-- [et_pb_line_break_holder] --><\/p>\n<div class=\"et_pb_text ambpaddin et_pb_module et_pb_bg_layout_light et_pb_text_align_left font-avenir-black mida12 grisfosc nomapartat majuscules et_pb_text_3\">TOURS 360<\/div>\n<p><!-- [et_pb_line_break_holder] --><\/p>\n<div class=\"et_pb_text ambpaddin et_pb_module et_pb_bg_layout_light et_pb_text_align_left font-avenir-reg mida12 grisfosc subcatgproj et_pb_text_5\"><span class=\"elfield majuscules\">VISITA VIRTUAL<\/span><\/div>\n<p><!-- [et_pb_line_break_holder] --><\/p>\n<div class=\"et_pb_text ambpaddin et_pb_module et_pb_bg_layout_light et_pb_text_align_left font-avenir-black mida14 taronjasuperffosc nomprojecte majuscules et_pb_text_4\"><a href=\"https:\/\/www.in-situ.cat\/es\/tour\/museo-de-maricel\/\">MUSEO DE MARICEL<\/a><\/div>\n<\/div>\n<p><!-- [et_pb_line_break_holder] --><\/p>\n<div class=\"imatgepetitaproj\"><a href=\"https:\/\/www.in-situ.cat\/es\/tour\/museo-de-maricel\/\"><img src=\"https:\/\/www.in-situ.cat\/media\/Sin-t\u00edtulo.jpg\" alt=\"MUSEO DE MARICEL\"><\/a><\/div>\n<p><!-- [et_pb_line_break_holder] --><\/p>\n<div class=\"et_pb_text ambpaddin et_pb_module et_pb_bg_layout_light et_pb_text_align_left font-avenir-reg mida12 grisfosc descrip-breu-servei et_pb_text_5\"><span class=\"elfield\">Mediante fotograf\u00edas de 360 \u00b0 que permiten captar cada rinc\u00f3n del museo, se ha creado un recorrido virtual donde se incorporan recursos de audio, im\u00e1genes, texto, y v\u00eddeos, para dar informaci\u00f3n de las salas, y de las obras m\u00e1s destacadas del museo.<\/span><\/div>\n<p><!-- [et_pb_line_break_holder] --><\/p>\n<div class=\"et_pb_text ambpaddin et_pb_module et_pb_bg_layout_light et_pb_text_align_left font-avenir-black mida12 grisfosc linkllegeixmes et_pb_text_6\"><a href=\"https:\/\/www.in-situ.cat\/es\/tour\/museo-de-maricel\/\">VISITA<\/a><\/div>\n<p><!-- [et_pb_line_break_holder] --><\/div>\n<p><!-- [et_pb_line_break_holder] --><\/p>\n<div class=\"et_pb_column et_pb_column_1_4 targeta targetablanca columna-amb-linea-sota taronjafosc elstours\" onclick=\"location.href='https:\/\/www.in-situ.cat\/es\/tour\/museo-archivo-tomas-balvey\/';\" style=\"cursor: pointer;\"><!-- [et_pb_line_break_holder] --><\/p>\n<div class=\"headerprojtarget\"><!-- [et_pb_line_break_holder] --><\/p>\n<div class=\"et_pb_text ambpaddin et_pb_module et_pb_bg_layout_light et_pb_text_align_left font-avenir-black mida12 grisfosc nomapartat majuscules et_pb_text_3\">TOURS 360<\/div>\n<p><!-- [et_pb_line_break_holder] --><\/p>\n<div class=\"et_pb_text ambpaddin et_pb_module et_pb_bg_layout_light et_pb_text_align_left font-avenir-reg mida12 grisfosc subcatgproj et_pb_text_5\"><span class=\"elfield majuscules\">VISITA VIRTUAL<\/span><\/div>\n<p><!-- [et_pb_line_break_holder] --><\/p>\n<div class=\"et_pb_text ambpaddin et_pb_module et_pb_bg_layout_light et_pb_text_align_left font-avenir-black mida14 taronjasuperffosc nomprojecte majuscules et_pb_text_4\"><a href=\"https:\/\/www.in-situ.cat\/es\/tour\/museo-archivo-tomas-balvey\/\">MUSEO ARCHIVO TOM\u00c0S BALVEY<\/a><\/div>\n<\/div>\n<p><!-- [et_pb_line_break_holder] --><\/p>\n<div class=\"imatgepetitaproj\"><a href=\"https:\/\/www.in-situ.cat\/es\/tour\/museo-archivo-tomas-balvey\/\"><img src=\"https:\/\/www.in-situ.cat\/media\/carde-5-2-1-1-1.jpg\" alt=\"MUSEO ARCHIVO TOM\u00c0S BALVEY\"><\/a><\/div>\n<p><!-- [et_pb_line_break_holder] --><\/p>\n<div class=\"et_pb_text ambpaddin et_pb_module et_pb_bg_layout_light et_pb_text_align_left font-avenir-reg mida12 grisfosc descrip-breu-servei et_pb_text_5\"><span class=\"elfield\">El Museo Archivo Tom\u00e1s Balvey de Cardedeu re\u00fane una de las coleccions m\u00e1s singulares del pa\u00eds, donde destaca la Farmacia Balvey, formada por el mobiliario original de 1780 y por m\u00e1s de 200 botes de cer\u00e1mica de 1827.<\/span><\/div>\n<p><!-- [et_pb_line_break_holder] --><\/p>\n<div class=\"et_pb_text ambpaddin et_pb_module et_pb_bg_layout_light et_pb_text_align_left font-avenir-black mida12 grisfosc linkllegeixmes et_pb_text_6\"><a href=\"https:\/\/www.in-situ.cat\/es\/tour\/museo-archivo-tomas-balvey\/\">VISITA<\/a><\/div>\n<p><!-- [et_pb_line_break_holder] --><\/div>\n<p><!-- [et_pb_line_break_holder] --><\/p>\n<div class=\"et_pb_column et_pb_column_1_4 targeta targetablanca columna-amb-linea-sota taronjafosc elstours\" onclick=\"location.href='https:\/\/www.in-situ.cat\/es\/tour\/museu-de-les-mines-de-cercs\/';\" style=\"cursor: pointer;\"><!-- [et_pb_line_break_holder] --><\/p>\n<div class=\"headerprojtarget\"><!-- [et_pb_line_break_holder] --><\/p>\n<div class=\"et_pb_text ambpaddin et_pb_module et_pb_bg_layout_light et_pb_text_align_left font-avenir-black mida12 grisfosc nomapartat majuscules et_pb_text_3\">TOURS 360<\/div>\n<p><!-- [et_pb_line_break_holder] --><\/p>\n<div class=\"et_pb_text ambpaddin et_pb_module et_pb_bg_layout_light et_pb_text_align_left font-avenir-reg mida12 grisfosc subcatgproj et_pb_text_5\"><span class=\"elfield majuscules\">VISITA VIRTUAL<\/span><\/div>\n<p><!-- [et_pb_line_break_holder] --><\/p>\n<div class=\"et_pb_text ambpaddin et_pb_module et_pb_bg_layout_light et_pb_text_align_left font-avenir-black mida14 taronjasuperffosc nomprojecte majuscules et_pb_text_4\"><a href=\"https:\/\/www.in-situ.cat\/es\/tour\/museu-de-les-mines-de-cercs\/\">MUSEO DE LAS MINAS DE CERCS<\/a><\/div>\n<\/div>\n<p><!-- [et_pb_line_break_holder] --><\/p>\n<div class=\"imatgepetitaproj\"><a href=\"https:\/\/www.in-situ.cat\/es\/tour\/museu-de-les-mines-de-cercs\/\"><img src=\"https:\/\/www.in-situ.cat\/media\/cercs-5.jpg\" alt=\"MUSEO DE LAS MINAS DE CERCS\"><\/a><\/div>\n<p><!-- [et_pb_line_break_holder] --><\/p>\n<div class=\"et_pb_text ambpaddin et_pb_module et_pb_bg_layout_light et_pb_text_align_left font-avenir-reg mida12 grisfosc descrip-breu-servei et_pb_text_5\"><span class=\"elfield\">El Museo de las Minas de Cercs permite al visitante conocer c\u00f3mo funcionaba una colonia minera dedicada al carb\u00f3n.<\/span><\/div>\n<p><!-- [et_pb_line_break_holder] --><\/p>\n<div class=\"et_pb_text ambpaddin et_pb_module et_pb_bg_layout_light et_pb_text_align_left font-avenir-black mida12 grisfosc linkllegeixmes et_pb_text_6\"><a href=\"https:\/\/www.in-situ.cat\/es\/tour\/museu-de-les-mines-de-cercs\/\">VISITA<\/a><\/div>\n<p><!-- [et_pb_line_break_holder] --><\/div>\n<p><!-- [et_pb_line_break_holder] --><\/p>\n<div class=\"et_pb_column et_pb_column_1_4 targeta targetablanca columna-amb-linea-sota taronjafosc elstours\" onclick=\"location.href='https:\/\/www.in-situ.cat\/es\/tour\/museo-del-cau-ferrat\/';\" style=\"cursor: pointer;\"><!-- [et_pb_line_break_holder] --><\/p>\n<div class=\"headerprojtarget\"><!-- [et_pb_line_break_holder] --><\/p>\n<div class=\"et_pb_text ambpaddin et_pb_module et_pb_bg_layout_light et_pb_text_align_left font-avenir-black mida12 grisfosc nomapartat majuscules et_pb_text_3\">TOURS 360<\/div>\n<p><!-- [et_pb_line_break_holder] --><\/p>\n<div class=\"et_pb_text ambpaddin et_pb_module et_pb_bg_layout_light et_pb_text_align_left font-avenir-reg mida12 grisfosc subcatgproj et_pb_text_5\"><span class=\"elfield majuscules\">VISITA VIRTUAL<\/span><\/div>\n<p><!-- [et_pb_line_break_holder] --><\/p>\n<div class=\"et_pb_text ambpaddin et_pb_module et_pb_bg_layout_light et_pb_text_align_left font-avenir-black mida14 taronjasuperffosc nomprojecte majuscules et_pb_text_4\"><a href=\"https:\/\/www.in-situ.cat\/es\/tour\/museo-del-cau-ferrat\/\">Museo del Cau Ferrat<\/a><\/div>\n<\/div>\n<p><!-- [et_pb_line_break_holder] --><\/p>\n<div class=\"imatgepetitaproj\"><a href=\"https:\/\/www.in-situ.cat\/es\/tour\/museo-del-cau-ferrat\/\"><img src=\"https:\/\/www.in-situ.cat\/media\/cau-ferrat-tours360.jpg\" alt=\"Museo del Cau Ferrat\"><\/a><\/div>\n<p><!-- [et_pb_line_break_holder] --><\/p>\n<div class=\"et_pb_text ambpaddin et_pb_module et_pb_bg_layout_light et_pb_text_align_left font-avenir-reg mida12 grisfosc descrip-breu-servei et_pb_text_5\"><span class=\"elfield\">El Museo del Cau Ferrat de Sitges, es uno de los m\u00e1s importantes del pa\u00eds. A trav\u00e9s de esta visita virtual podr\u00e9is recorrer todas sus salas.<\/span><\/div>\n<p><!-- [et_pb_line_break_holder] --><\/p>\n<div class=\"et_pb_text ambpaddin et_pb_module et_pb_bg_layout_light et_pb_text_align_left font-avenir-black mida12 grisfosc linkllegeixmes et_pb_text_6\"><a href=\"https:\/\/www.in-situ.cat\/es\/tour\/museo-del-cau-ferrat\/\">VISITA<\/a><\/div>\n<p><!-- [et_pb_line_break_holder] --><\/div>\n<p>[\/et_pb_code][\/et_pb_column][\/et_pb_row][\/et_pb_section]<\/p>\n","protected":false},"excerpt":{"rendered":"<p>[et_pb_section fb_built=\u00bb1&#8243; admin_label=\u00bbsubmenu-tancat\u00bb module_class=\u00bbseciosubmenuweb tancada\u00bb _builder_version=\u00bb3.22&#8243; background_color=\u00bb#eeeded\u00bb custom_padding=\u00bb0px||0px|\u00bb custom_padding_tablet=\u00bb0px||0px|\u00bb transparent_background=\u00bboff\u00bb padding_mobile=\u00bbon\u00bb make_fullwidth=\u00bboff\u00bb use_custom_width=\u00bboff\u00bb width_unit=\u00bbon\u00bb locked=\u00bboff\u00bb collapsed=\u00bboff\u00bb][et_pb_row use_custom_gutter=\u00bbon\u00bb padding_mobile=\u00bbon\u00bb column_padding_mobile=\u00bbon\u00bb admin_label=\u00bbrow\u00bb [&hellip;]<\/p>\n","protected":false},"author":1,"featured_media":0,"parent":0,"menu_order":0,"comment_status":"closed","ping_status":"closed","template":"","meta":{"_et_pb_use_builder":"on","_et_pb_old_content":"","_et_gb_content_width":""},"acf":[],"yoast_head":"<!-- This site is optimized with the Yoast SEO plugin v19.13 - https:\/\/yoast.com\/wordpress\/plugins\/seo\/ -->\n<title>TOURS 360 - INSITU - PATRIMONIO Y TURISMO<\/title>\n<meta name=\"robots\" content=\"index, follow, max-snippet:-1, max-image-preview:large, max-video-preview:-1\" \/>\n<link rel=\"canonical\" href=\"https:\/\/www.in-situ.cat\/es\/tours-360\/\" \/>\n<meta property=\"og:locale\" content=\"es_ES\" \/>\n<meta property=\"og:type\" content=\"article\" \/>\n<meta property=\"og:title\" content=\"TOURS 360 - INSITU - PATRIMONIO Y TURISMO\" \/>\n<meta property=\"og:description\" content=\"[et_pb_section fb_built=\u00bb1&#8243; admin_label=\u00bbsubmenu-tancat\u00bb module_class=\u00bbseciosubmenuweb tancada\u00bb _builder_version=\u00bb3.22&#8243; background_color=\u00bb#eeeded\u00bb custom_padding=\u00bb0px||0px|\u00bb custom_padding_tablet=\u00bb0px||0px|\u00bb transparent_background=\u00bboff\u00bb padding_mobile=\u00bbon\u00bb make_fullwidth=\u00bboff\u00bb use_custom_width=\u00bboff\u00bb width_unit=\u00bbon\u00bb locked=\u00bboff\u00bb collapsed=\u00bboff\u00bb][et_pb_row use_custom_gutter=\u00bbon\u00bb padding_mobile=\u00bbon\u00bb column_padding_mobile=\u00bbon\u00bb admin_label=\u00bbrow\u00bb [&hellip;]\" \/>\n<meta property=\"og:url\" content=\"https:\/\/www.in-situ.cat\/es\/tours-360\/\" \/>\n<meta property=\"og:site_name\" content=\"INSITU\" \/>\n<meta property=\"article:publisher\" content=\"https:\/\/www.facebook.com\/INSITU.Cultura.Patrimoni.Turisme\/\" \/>\n<meta property=\"article:modified_time\" content=\"2021-05-13T10:22:00+00:00\" \/>\n<meta property=\"og:image\" content=\"http:\/\/[acf%20field='imatge_petita_targeta']\" \/>\n<meta name=\"twitter:card\" content=\"summary_large_image\" \/>\n<meta name=\"twitter:site\" content=\"@insitupatrimoni\" \/>\n<meta name=\"twitter:label1\" content=\"Tiempo de lectura\" \/>\n\t<meta name=\"twitter:data1\" content=\"-1365 minutos\" \/>\n<script type=\"application\/ld+json\" class=\"yoast-schema-graph\">{\"@context\":\"https:\/\/schema.org\",\"@graph\":[{\"@type\":\"WebPage\",\"@id\":\"https:\/\/www.in-situ.cat\/es\/tours-360\/\",\"url\":\"https:\/\/www.in-situ.cat\/es\/tours-360\/\",\"name\":\"TOURS 360 - INSITU - PATRIMONIO Y TURISMO\",\"isPartOf\":{\"@id\":\"https:\/\/www.in-situ.cat\/#website\"},\"datePublished\":\"2021-05-01T06:43:05+00:00\",\"dateModified\":\"2021-05-13T10:22:00+00:00\",\"breadcrumb\":{\"@id\":\"https:\/\/www.in-situ.cat\/es\/tours-360\/#breadcrumb\"},\"inLanguage\":\"es\",\"potentialAction\":[{\"@type\":\"ReadAction\",\"target\":[\"https:\/\/www.in-situ.cat\/es\/tours-360\/\"]}]},{\"@type\":\"BreadcrumbList\",\"@id\":\"https:\/\/www.in-situ.cat\/es\/tours-360\/#breadcrumb\",\"itemListElement\":[{\"@type\":\"ListItem\",\"position\":1,\"name\":\"Inici\",\"item\":\"https:\/\/www.in-situ.cat\/es\/\"},{\"@type\":\"ListItem\",\"position\":2,\"name\":\"TOURS 360\"}]},{\"@type\":\"WebSite\",\"@id\":\"https:\/\/www.in-situ.cat\/#website\",\"url\":\"https:\/\/www.in-situ.cat\/\",\"name\":\"INSITU\",\"description\":\"PATRIMONIO Y TURISMO\",\"potentialAction\":[{\"@type\":\"SearchAction\",\"target\":{\"@type\":\"EntryPoint\",\"urlTemplate\":\"https:\/\/www.in-situ.cat\/?s={search_term_string}\"},\"query-input\":\"required name=search_term_string\"}],\"inLanguage\":\"es\"}]}<\/script>\n<!-- \/ Yoast SEO plugin. -->","yoast_head_json":{"title":"TOURS 360 - INSITU - PATRIMONIO Y TURISMO","robots":{"index":"index","follow":"follow","max-snippet":"max-snippet:-1","max-image-preview":"max-image-preview:large","max-video-preview":"max-video-preview:-1"},"canonical":"https:\/\/www.in-situ.cat\/es\/tours-360\/","og_locale":"es_ES","og_type":"article","og_title":"TOURS 360 - INSITU - PATRIMONIO Y TURISMO","og_description":"[et_pb_section fb_built=\u00bb1&#8243; admin_label=\u00bbsubmenu-tancat\u00bb module_class=\u00bbseciosubmenuweb tancada\u00bb _builder_version=\u00bb3.22&#8243; background_color=\u00bb#eeeded\u00bb custom_padding=\u00bb0px||0px|\u00bb custom_padding_tablet=\u00bb0px||0px|\u00bb transparent_background=\u00bboff\u00bb padding_mobile=\u00bbon\u00bb make_fullwidth=\u00bboff\u00bb use_custom_width=\u00bboff\u00bb width_unit=\u00bbon\u00bb locked=\u00bboff\u00bb collapsed=\u00bboff\u00bb][et_pb_row use_custom_gutter=\u00bbon\u00bb padding_mobile=\u00bbon\u00bb column_padding_mobile=\u00bbon\u00bb admin_label=\u00bbrow\u00bb [&hellip;]","og_url":"https:\/\/www.in-situ.cat\/es\/tours-360\/","og_site_name":"INSITU","article_publisher":"https:\/\/www.facebook.com\/INSITU.Cultura.Patrimoni.Turisme\/","article_modified_time":"2021-05-13T10:22:00+00:00","og_image":[{"url":"[acf field='imatge_petita_targeta']"}],"twitter_card":"summary_large_image","twitter_site":"@insitupatrimoni","twitter_misc":{"Tiempo de lectura":"-1365 minutos"},"schema":{"@context":"https:\/\/schema.org","@graph":[{"@type":"WebPage","@id":"https:\/\/www.in-situ.cat\/es\/tours-360\/","url":"https:\/\/www.in-situ.cat\/es\/tours-360\/","name":"TOURS 360 - INSITU - PATRIMONIO Y TURISMO","isPartOf":{"@id":"https:\/\/www.in-situ.cat\/#website"},"datePublished":"2021-05-01T06:43:05+00:00","dateModified":"2021-05-13T10:22:00+00:00","breadcrumb":{"@id":"https:\/\/www.in-situ.cat\/es\/tours-360\/#breadcrumb"},"inLanguage":"es","potentialAction":[{"@type":"ReadAction","target":["https:\/\/www.in-situ.cat\/es\/tours-360\/"]}]},{"@type":"BreadcrumbList","@id":"https:\/\/www.in-situ.cat\/es\/tours-360\/#breadcrumb","itemListElement":[{"@type":"ListItem","position":1,"name":"Inici","item":"https:\/\/www.in-situ.cat\/es\/"},{"@type":"ListItem","position":2,"name":"TOURS 360"}]},{"@type":"WebSite","@id":"https:\/\/www.in-situ.cat\/#website","url":"https:\/\/www.in-situ.cat\/","name":"INSITU","description":"PATRIMONIO Y TURISMO","potentialAction":[{"@type":"SearchAction","target":{"@type":"EntryPoint","urlTemplate":"https:\/\/www.in-situ.cat\/?s={search_term_string}"},"query-input":"required name=search_term_string"}],"inLanguage":"es"}]}},"publishpress_future_action":{"enabled":false,"date":"2026-05-09 05:13:16","action":"draft","terms":[],"taxonomy":""},"_links":{"self":[{"href":"https:\/\/www.in-situ.cat\/es\/wp-json\/wp\/v2\/pages\/9438"}],"collection":[{"href":"https:\/\/www.in-situ.cat\/es\/wp-json\/wp\/v2\/pages"}],"about":[{"href":"https:\/\/www.in-situ.cat\/es\/wp-json\/wp\/v2\/types\/page"}],"author":[{"embeddable":true,"href":"https:\/\/www.in-situ.cat\/es\/wp-json\/wp\/v2\/users\/1"}],"replies":[{"embeddable":true,"href":"https:\/\/www.in-situ.cat\/es\/wp-json\/wp\/v2\/comments?post=9438"}],"version-history":[{"count":1,"href":"https:\/\/www.in-situ.cat\/es\/wp-json\/wp\/v2\/pages\/9438\/revisions"}],"predecessor-version":[{"id":9470,"href":"https:\/\/www.in-situ.cat\/es\/wp-json\/wp\/v2\/pages\/9438\/revisions\/9470"}],"wp:attachment":[{"href":"https:\/\/www.in-situ.cat\/es\/wp-json\/wp\/v2\/media?parent=9438"}],"curies":[{"name":"wp","href":"https:\/\/api.w.org\/{rel}","templated":true}]}}